{"id":116,"date":"2022-11-15T16:31:13","date_gmt":"2022-11-15T16:31:13","guid":{"rendered":"http:\/\/www.uhu.es\/catedra-aguasdehuelva\/?page_id=116"},"modified":"2023-01-25T12:00:47","modified_gmt":"2023-01-25T12:00:47","slug":"organizacion","status":"publish","type":"page","link":"https:\/\/www.uhu.es\/catedra-aguasdehuelva\/?page_id=116","title":{"rendered":"Organizaci\u00f3n"},"content":{"rendered":"<p>[et_pb_section fb_built=\u00bb1&#8243; inner_shadow=\u00bbon\u00bb fullwidth=\u00bbon\u00bb _builder_version=\u00bb4.17.3&#8243; _module_preset=\u00bbdefault\u00bb background_enable_color=\u00bboff\u00bb global_colors_info=\u00bb{}\u00bb][et_pb_fullwidth_header title=\u00bbOrganizaci\u00f3n de la C\u00e1tedra\u00bb _builder_version=\u00bb4.17.3&#8243; _module_preset=\u00bbdefault\u00bb title_font_size=\u00bb40px\u00bb custom_padding=\u00bb30px||30px|||\u00bb animation_style=\u00bbfade\u00bb global_colors_info=\u00bb{}\u00bb button_one_text_size__hover_enabled=\u00bboff\u00bb button_two_text_size__hover_enabled=\u00bboff\u00bb button_one_text_color__hover_enabled=\u00bboff\u00bb button_two_text_color__hover_enabled=\u00bboff\u00bb button_one_border_width__hover_enabled=\u00bboff\u00bb button_two_border_width__hover_enabled=\u00bboff\u00bb button_one_border_color__hover_enabled=\u00bboff\u00bb button_two_border_color__hover_enabled=\u00bboff\u00bb button_one_border_radius__hover_enabled=\u00bboff\u00bb button_two_border_radius__hover_enabled=\u00bboff\u00bb button_one_letter_spacing__hover_enabled=\u00bboff\u00bb button_two_letter_spacing__hover_enabled=\u00bboff\u00bb button_one_bg_color__hover_enabled=\u00bboff\u00bb button_two_bg_color__hover_enabled=\u00bboff\u00bb][\/et_pb_fullwidth_header][\/et_pb_section][et_pb_section fb_built=\u00bb1&#8243; _builder_version=\u00bb4.16&#8243; _module_preset=\u00bbdefault\u00bb background_color=\u00bb#f7f7f7&#8243; custom_padding=\u00bb29px|||||\u00bb global_colors_info=\u00bb{}\u00bb][et_pb_row _builder_version=\u00bb4.17.3&#8243; _module_preset=\u00bbdefault\u00bb global_colors_info=\u00bb{}\u00bb][et_pb_column type=\u00bb4_4&#8243; _builder_version=\u00bb4.17.3&#8243; _module_preset=\u00bbdefault\u00bb global_colors_info=\u00bb{}\u00bb][et_pb_text _builder_version=\u00bb4.17.3&#8243; _module_preset=\u00bbdefault\u00bb background_enable_mask_style=\u00bbon\u00bb background_mask_style=\u00bbtriangles\u00bb background_mask_color=\u00bbrgba(255,255,255,0.48)\u00bb custom_margin=\u00bb0px|0px|0px|0px|true|true\u00bb custom_padding=\u00bb30px|30px|30px|30px|true|true\u00bb animation_style=\u00bbfade\u00bb hover_enabled=\u00bb0&#8243; global_colors_info=\u00bb{}\u00bb sticky_enabled=\u00bb0&#8243;]<\/p>\n<p><span style=\"font-weight: 400;\">El principal \u00f3rgano de direcci\u00f3n es el Consejo de C\u00e1tedra, que debe velar por el cumplimiento de los fines y objetivos de la C\u00e1tedra, impulsar y aprobar los programas de actuaci\u00f3n, aprobar la memoria anual de actividades, proponer al Director\/a de la C\u00e1tedra, etc.<\/span><\/p>\n<p><span style=\"font-weight: 400;\">La composici\u00f3n del Consejo de C\u00e1tedra es paritaria, con dos miembros nombrados por la Empresa Municipal de Aguas de Huelva y dos miembros nombrados por la Universidad de Huelva, excluido de este c\u00f3mputo el\/la Director\/a de la C\u00e1tedra, que pertenece al mismo con voz, pero sin voto. En la actualidad el Consejo de la C\u00e1tedra est\u00e1 constituido por:<\/span><\/p>\n<p><span style=\"font-weight: 400;\"><\/span><\/p>\n<ul>\n<li><span lang=\"es-ES\"><strong>D\u00f1a. Isabel M\u00aa Rodr\u00edguez Garc\u00eda<\/strong><i>, Vicerrectora de Innovaci\u00f3n y Empleabilidad, por delegaci\u00f3n de M\u00aa Antonia Pe\u00f1a Guerrero, Rectora de la Universidad de Huelva<br \/><\/i><\/span><\/li>\n<li><span lang=\"es-ES\"><strong>D. Francisco Jos\u00e9 Barba Ramos<\/strong><i>, Director de Empleo, Emprendimiento y C\u00e1tedras Externas de la Universidad de Huelva<br \/><\/i><\/span><\/li>\n<li><span lang=\"es-ES\"><strong>D. Pedro Pe\u00f1a Chac\u00f3n<\/strong><i>, Director Gerente de la Empresa Municipal de Aguas de Huelva<br \/><\/i><\/span><\/li>\n<li><span lang=\"es-ES\"><strong>D\u00f1a. Natividad Moya S\u00e1nchez,<\/strong><i><span>\u00a0<\/span>Directora de Sostenibilidad, Acci\u00f3n Social e Innovaci\u00f3n de la empresa municipal de Aguas de Huelva<br \/><\/i><\/span><\/li>\n<li><span lang=\"es-ES\"><strong>D\u00f1a. Rosa Giles Carnero<\/strong><i>, Directora de la C\u00e1tedra<\/i><\/span><\/li>\n<\/ul>\n<p>[\/et_pb_text][\/et_pb_column][\/et_pb_row][\/et_pb_section]<\/p>\n","protected":false},"excerpt":{"rendered":"<p>El principal \u00f3rgano de direcci\u00f3n es el Consejo de C\u00e1tedra, que debe velar por el cumplimiento de los fines y objetivos de la C\u00e1tedra, impulsar y aprobar los programas de actuaci\u00f3n, aprobar la memoria anual de actividades, proponer al Director\/a de la C\u00e1tedra, etc. La composici\u00f3n del Consejo de C\u00e1tedra es paritaria, con dos miembros [&hellip;]<\/p>\n","protected":false},"author":1,"featured_media":0,"parent":0,"menu_order":0,"comment_status":"closed","ping_status":"closed","template":"","meta":{"_et_pb_use_builder":"on","_et_pb_old_content":"","_et_gb_content_width":""},"_links":{"self":[{"href":"https:\/\/www.uhu.es\/catedra-aguasdehuelva\/index.php?rest_route=\/wp\/v2\/pages\/116"}],"collection":[{"href":"https:\/\/www.uhu.es\/catedra-aguasdehuelva\/index.php?rest_route=\/wp\/v2\/pages"}],"about":[{"href":"https:\/\/www.uhu.es\/catedra-aguasdehuelva\/index.php?rest_route=\/wp\/v2\/types\/page"}],"author":[{"embeddable":true,"href":"https:\/\/www.uhu.es\/catedra-aguasdehuelva\/index.php?rest_route=\/wp\/v2\/users\/1"}],"replies":[{"embeddable":true,"href":"https:\/\/www.uhu.es\/catedra-aguasdehuelva\/index.php?rest_route=%2Fwp%2Fv2%2Fcomments&post=116"}],"version-history":[{"count":6,"href":"https:\/\/www.uhu.es\/catedra-aguasdehuelva\/index.php?rest_route=\/wp\/v2\/pages\/116\/revisions"}],"predecessor-version":[{"id":227,"href":"https:\/\/www.uhu.es\/catedra-aguasdehuelva\/index.php?rest_route=\/wp\/v2\/pages\/116\/revisions\/227"}],"wp:attachment":[{"href":"https:\/\/www.uhu.es\/catedra-aguasdehuelva\/index.php?rest_route=%2Fwp%2Fv2%2Fmedia&parent=116"}],"curies":[{"name":"wp","href":"https:\/\/api.w.org\/{rel}","templated":true}]}}