{"id":139,"date":"2022-09-22T23:24:34","date_gmt":"2022-09-22T23:24:34","guid":{"rendered":"http:\/\/www.uhu.es\/catedra-fertinagro\/?page_id=139"},"modified":"2025-10-02T11:13:55","modified_gmt":"2025-10-02T11:13:55","slug":"prensa","status":"publish","type":"page","link":"https:\/\/www.uhu.es\/catedra-fertinagro\/?page_id=139","title":{"rendered":"Prensa"},"content":{"rendered":"<p>[et_pb_section fb_built=\u00bb1&#8243; fullwidth=\u00bbon\u00bb _builder_version=\u00bb4.17.3&#8243; _module_preset=\u00bbdefault\u00bb background_color=\u00bb#a80a2e\u00bb global_colors_info=\u00bb{}\u00bb][et_pb_fullwidth_header title=\u00bbPrensa\u00bb content_max_width=\u00bbnone\u00bb _builder_version=\u00bb4.17.3&#8243; _module_preset=\u00bbdefault\u00bb title_font=\u00bb|700|||||||\u00bb title_font_size=\u00bb40px\u00bb background_color=\u00bbrgba(255, 255, 255, 0)\u00bb min_height=\u00bb140px\u00bb custom_padding=\u00bb38px||14px|||\u00bb animation_style=\u00bbfade\u00bb global_colors_info=\u00bb{}\u00bb button_one_text_size__hover_enabled=\u00bboff\u00bb button_two_text_size__hover_enabled=\u00bboff\u00bb button_one_text_color__hover_enabled=\u00bboff\u00bb button_two_text_color__hover_enabled=\u00bboff\u00bb button_one_border_width__hover_enabled=\u00bboff\u00bb button_two_border_width__hover_enabled=\u00bboff\u00bb button_one_border_color__hover_enabled=\u00bboff\u00bb button_two_border_color__hover_enabled=\u00bboff\u00bb button_one_border_radius__hover_enabled=\u00bboff\u00bb button_two_border_radius__hover_enabled=\u00bboff\u00bb button_one_letter_spacing__hover_enabled=\u00bboff\u00bb button_two_letter_spacing__hover_enabled=\u00bboff\u00bb button_one_bg_color__hover_enabled=\u00bboff\u00bb button_two_bg_color__hover_enabled=\u00bboff\u00bb][\/et_pb_fullwidth_header][\/et_pb_section][et_pb_section fb_built=\u00bb1&#8243; _builder_version=\u00bb4.16&#8243; _module_preset=\u00bbdefault\u00bb background_color=\u00bb#f7f7f7&#8243; background_color_gradient_direction=\u00bb330deg\u00bb global_colors_info=\u00bb{}\u00bb][et_pb_row _builder_version=\u00bb4.17.3&#8243; _module_preset=\u00bbdefault\u00bb global_colors_info=\u00bb{}\u00bb][et_pb_column type=\u00bb4_4&#8243; _builder_version=\u00bb4.17.3&#8243; _module_preset=\u00bbdefault\u00bb global_colors_info=\u00bb{}\u00bb][et_pb_blurb title=\u00bbFertinagro Biotech y la UPM presentan la C\u00e1tedra \u201cSuelos y Sistemas Agroalimentarios\u201d\u00bb url=\u00bbhttps:\/\/www.uhu.es\/noticias\/la-catedra-fertinagro-biotech-de-la-uhu-celebra-una-jornada-centrada-en-la-sostenibilidad\u00bb image=\u00bbhttps:\/\/www.uhu.es\/catedra-fertinagro\/wp-content\/uploads\/b2ap3_large_Catedra-Suelos-y-Sistemas-Agroalimentarios-salon-bienvenida.jpg\u00bb _builder_version=\u00bb4.17.3&#8243; _module_preset=\u00bbdefault\u00bb hover_enabled=\u00bb0&#8243; global_colors_info=\u00bb{}\u00bb title_text=\u00bbb2ap3_large_Catedra-Suelos-y-Sistemas-Agroalimentarios-salon-bienvenida\u00bb sticky_enabled=\u00bb0&#8243;]<\/p>\n<div class=\"ebd-block   \" data-type=\"text\">\n<div class=\"ebd-block   has-nested\" data-type=\"columns\">\n<div class=\"row\" data-responsive=\"400,300,200,100\">\n<div class=\"col-12 col-md-6\" data-size=\"6\">\n<div class=\"ebd-nest\" data-type=\"block\" data-col-wrapper=\"\">\n<div class=\"ebd-block  is-nested  \" data-type=\"text\">\n<p>La<span>\u00a0<\/span><a href=\"https:\/\/www.upm.es\/\">Universidad Polit\u00e9cnica de Madrid (UPM)<\/a><span>\u00a0<\/span>acogi\u00f3 la jornada de presentaci\u00f3n de la nueva C\u00e1tedra<span>\u00a0<\/span><b data-redactor-tag=\"b\">\u00abSuelos y Sistemas Agroalimentarios\u00bb,<\/b><span>\u00a0<\/span>impulsada por Fertinagro Biotech, en un acto que reuni\u00f3 a representantes del \u00e1mbito acad\u00e9mico, cient\u00edfico, empresarial y de la administraci\u00f3n p\u00fablica. El encuentro marc\u00f3 el inicio de una<span>\u00a0<\/span><b data-redactor-tag=\"b\">alianza estrat\u00e9gica concebida para reforzar la investigaci\u00f3n, la formaci\u00f3n y la transferencia de conocimiento en torno a la sostenibilidad del sector agroalimentario.<\/b><\/p>\n<p>La inauguraci\u00f3n llegaba en un contexto especialmente significativo para Fertinagro Biotech ya que la empresa acaba de recibir el<span>\u00a0<\/span><b data-redactor-tag=\"b\">Premio Nacional de Innovaci\u00f3n 2025 en la modalidad Gran Empresa Innovadora<\/b>, el mayor reconocimiento que concede Espa\u00f1a en materia de I+D+i. El galard\u00f3n, otorgado por el<span>\u00a0<\/span><a href=\"https:\/\/www.ciencia.gob.es\/\">Ministerio de Ciencia, Innovaci\u00f3n y Universidades<\/a>, distingue a la compa\u00f1\u00eda como motor de transformaci\u00f3n de la industria agroalimentaria y como referente internacional en innovaci\u00f3n. Este hito, tal y como se puso de manifiesto durante la jornada, refuerza el valor y la pertinencia de la C\u00e1tedra, concebida como un espacio de encuentro entre la ciencia, la empresa y la sociedad.<\/p>\n<p><strong><span data-verified=\"redactor\"><b>Una c\u00e1tedra con vocaci\u00f3n transformadora<\/b><\/span><\/strong><\/p>\n<\/div>\n<\/div>\n<\/div>\n<\/div>\n<\/div>\n<div class=\"ebd-block   \" data-type=\"text\">\n<p>Esta C\u00e1tedra nace con una triple misi\u00f3n que define su car\u00e1cter estrat\u00e9gico,<span>\u00a0<\/span><b data-redactor-tag=\"b\">divulgar el valor de la bioeconom\u00eda y del sector agroalimentario<\/b>, resaltando su papel clave en la sostenibilidad y el desarrollo socioecon\u00f3mico;<span>\u00a0<\/span><b data-redactor-tag=\"b\">abrir el di\u00e1logo con la sociedad y otros actores con el fin de crear espacios de colaboraci\u00f3n y transferencia e impulsar la I+D transversal<\/b>, integrando disciplinas y enfoques distintos para dar lugar a soluciones innovadoras, competitivas y sostenibles.<\/p>\n<p>Durante el acto, se subray\u00f3 que esta iniciativa se convierte en un referente dentro de la estrategia de Fertinagro Biotech, para quien las c\u00e1tedras universitarias son instrumentos esenciales para transformar conocimiento cient\u00edfico en aplicaciones pr\u00e1cticas con impacto directo en agricultores, consumidores y en el conjunto de la sociedad.<\/p>\n<p>&nbsp;<\/p>\n<\/div>\n<div class=\"ebd-block   has-nested\" data-type=\"columns\">\n<div class=\"row\" data-responsive=\"400,300,200,100\">\n<div class=\"col-12 col-md-6\" data-size=\"6\">\n<div class=\"ebd-nest\" data-type=\"block\" data-col-wrapper=\"\">\n<div class=\"ebd-block  is-nested  \" data-type=\"image\">\n<div class=\"eb-image style-clear\">\n<div class=\"eb-image-figure is-responsive\"><strong><span data-verified=\"redactor\"><b>Un programa que mira al futuro<\/b><\/span><\/strong><\/div>\n<div class=\"eb-image-figure is-responsive\">La jornada de presentaci\u00f3n estuvo estructurada en\u00a0<b data-redactor-tag=\"b\">tres bloques tem\u00e1ticos<\/b>\u00a0que reflejaron los ejes principales de la C\u00e1tedra, el primero, relativo a\u00a0<b data-redactor-tag=\"b\">la salud del suelo y la sostenibilidad<\/b>, expertos en ciencias agrarias y medioambientales abordaron la importancia de preservar los suelos vivos como base de la seguridad alimentaria y de la resiliencia de los sistemas agr\u00edcolas. Jos\u00e9 Manuel Palacios, director de la\u00a0<a href=\"https:\/\/www.etsiaab.upm.es\/\">Escuela Agron\u00f3mica de la UPM<\/a>, subray\u00f3 la importancia de contar con esta C\u00e1tedra que aborda la salud de los suelos como un pilar fundamental para la formaci\u00f3n de futuros profesionales.<\/div>\n<\/div>\n<\/div>\n<\/div>\n<\/div>\n<div class=\"col-12 col-md-6\" data-size=\"6\">\n<div class=\"ebd-nest\" data-type=\"block\" data-col-wrapper=\"\">\n<div class=\"ebd-block  is-nested  \" data-type=\"text\">\n<p>El segundo bloque, que abord\u00f3<span>\u00a0<\/span><b data-redactor-tag=\"b\">la innovaci\u00f3n y las tecnolog\u00edas emergentes<\/b>, se presentaron avances en fertilizaci\u00f3n eficiente, fijaci\u00f3n biol\u00f3gica de nitr\u00f3geno y valorizaci\u00f3n de residuos, ejemplos concretos de la bioeconom\u00eda circular aplicada al campo. El secretario General de Pol\u00edticas Agrarias del<span>\u00a0<\/span><a href=\"https:\/\/www.mapa.gob.es\/es\/\">Ministerio de Agricultura<\/a>, Joaqu\u00edn Rodr\u00edguez destac\u00f3 el plan de medici\u00f3n de captura de CO\u2082 que impulsa el Ministerio, como una herramienta esencial para vincular las pol\u00edticas p\u00fablicas con la acci\u00f3n cient\u00edfica y empresarial.<\/p>\n<\/div>\n<\/div>\n<\/div>\n<\/div>\n<\/div>\n<div class=\"ebd-block   \" data-type=\"text\">\n<p>Por su parte, Joao Valente, investigador del<span>\u00a0<\/span><a href=\"https:\/\/www.car.upm-csic.es\/?\">Centro de Autom\u00e1tica y Rob\u00f3tica del CSIC<\/a>, subray\u00f3 que las tecnolog\u00edas basadas en inteligencia artificial aplicadas a la agricultura est\u00e1n siendo dise\u00f1adas pensando en los propios agricultores, quienes deben poder utilizarlas de manera sencilla y eficaz en su trabajo diario, y destac\u00f3 la importancia de esta c\u00e1tedra como herramienta para la comunicaci\u00f3n eficaz de estos avances y nuevas tecnolog\u00edas.<\/p>\n<p>Un<span>\u00a0<\/span><b data-redactor-tag=\"b\">coloquio sobre los retos y oportunidades a los que puede dar respuesta esta c\u00e1tedra cerraba el programa<\/b>. En \u00e9l se identificaron los principales desaf\u00edos del sector agroalimentario en materia de regulaci\u00f3n, sostenibilidad y digitalizaci\u00f3n, as\u00ed como las oportunidades de colaboraci\u00f3n p\u00fablico-privada. As\u00ed, Isabel Bardaj\u00ed doctora del<span>\u00a0<\/span><a href=\"https:\/\/ceigram.upm.es\/\">CEIGRAM<\/a>, aport\u00f3 la perspectiva normativa y explic\u00f3 c\u00f3mo la nueva legislaci\u00f3n europea enfoca la protecci\u00f3n de los suelos y apost\u00f3 por el establecimiento de marcos comunes para su conservaci\u00f3n.<\/p>\n<p>Uno de los mensajes m\u00e1s escuchados durante la jornada fue que<span>\u00a0<\/span><b data-redactor-tag=\"b\">la C\u00e1tedra no se limita a ser un espacio acad\u00e9mico, sino que se proyecta como un ecosistema de innovaci\u00f3n real<\/b>. La meta es que investigadores, estudiantes y profesionales trabajen de forma conjunta para generar conocimiento \u00fatil y trasladarlo al terreno, contribuyendo a la modernizaci\u00f3n del campo espa\u00f1ol y a su sostenibilidad a largo plazo.<\/p>\n<p>La clausura de la jornada estuvo marcada por un mensaje claro,<span>\u00a0<\/span><b data-redactor-tag=\"b\">los suelos vivos son la base de alimentos seguros, de econom\u00edas rurales resilientes y de un futuro sostenible<span>\u00a0<\/span><\/b>para todos. En esta l\u00ednea, Luis Rey, director de la C\u00e1tedra, anunci\u00f3 que una de las primeras l\u00edneas de acci\u00f3n ser\u00e1 el impulso de microproyectos, concebidos como espacios de experimentaci\u00f3n y aprendizaje que permitir\u00e1n a estudiantes e investigadores desarrollar soluciones concretas a problemas reales del sector.<\/p>\n<\/div>\n<div class=\"ebd-block   has-nested\" data-type=\"columns\">\n<div class=\"row\" data-responsive=\"400,300,200,100\">\n<div class=\"col-12 col-md-8\" data-size=\"8\">\n<div class=\"ebd-nest\" data-type=\"block\" data-col-wrapper=\"\">\n<div class=\"ebd-block  is-nested  \" data-type=\"text\">Adem\u00e1s, la presentaci\u00f3n cont\u00f3 con la asistencia de los directores de todas las C\u00e1tedras impulsadas por Fertinagro en distintas universidades:\u00a0<a href=\"https:\/\/www.upv.es\/entidades\/etsiamn\/catedras-aula-empresa\/\">Universidad Polit\u00e9cnica de Valencia<\/a>,\u00a0<a href=\"https:\/\/www.upm.es\/observatorio\/vi\/index.jsp?pageac=proyectos\/ficha_proyecto.jsp&amp;idp=19906&amp;tipo=Catedras\">Universidad Polit\u00e9cnica de Madrid<\/a>,\u00a0<a href=\"https:\/\/www.linkedin.com\/company\/catedra-internacional-enia-inteligencia-artificial-agricultura\/posts\/?feedView=all\">C\u00e1tedra Internacional en C\u00f3rdoba<\/a>,\u00a0<a href=\"https:\/\/www.uhu.es\/catedra-fertinagro\/\">Universidad de Huelva<\/a>\u00a0y la\u00a0<a href=\"https:\/\/catedras.unizar.es\/catedra\/catedra-tervalis-de-bioeconomia-y-sociedad\">C\u00e1tedra T\u00e9rvalis de la Universidad de Zaragoza<\/a>.<\/div>\n<\/div>\n<\/div>\n<\/div>\n<\/div>\n<\/div>\n<div class=\"ebd-block   \" data-type=\"text\">\n<p>&nbsp;<\/p>\n<\/div>\n<p>[\/et_pb_blurb][et_pb_divider _builder_version=\u00bb4.17.3&#8243; _module_preset=\u00bbdefault\u00bb global_colors_info=\u00bb{}\u00bb custom_margin=\u00bb||1px|||\u00bb][\/et_pb_divider][et_pb_blurb title=\u00bbFertinagro Biotech, Premio Nacional de Innovaci\u00f3n 2025&#8243; url=\u00bbhttps:\/\/www.uhu.es\/noticias\/la-catedra-fertinagro-biotech-de-la-uhu-celebra-una-jornada-centrada-en-la-sostenibilidad\u00bb image=\u00bbhttps:\/\/www.uhu.es\/catedra-fertinagro\/wp-content\/uploads\/b2ap3_large_Logo-PNID.jpg\u00bb _builder_version=\u00bb4.17.3&#8243; _module_preset=\u00bbdefault\u00bb hover_enabled=\u00bb0&#8243; global_colors_info=\u00bb{}\u00bb title_text=\u00bbb2ap3_large_Logo-PNID\u00bb sticky_enabled=\u00bb0&#8243;]<\/p>\n<div class=\"ebd-block   \" data-type=\"text\">\n<p>El Ministerio de Ciencia, Innovaci\u00f3n y Universidades ha otorgado a Fertinagro Biotech el Premio Nacional de Innovaci\u00f3n 2025 en la categor\u00eda de Gran Empresa Innovadora, un galard\u00f3n que refrenda nuestro liderazgo en la transformaci\u00f3n del sector agroalimentario a trav\u00e9s de la I+D+i y la sostenibilidad.<\/p>\n<p>Este premio no es solo un reconocimiento a nuestras 260 patentes en 29 pa\u00edses o a nuestras colaboraciones con m\u00e1s de 120 universidades y centros de investigaci\u00f3n. Es, sobre todo, un espaldarazo a un modelo que lleva a\u00f1os demostrando que la agricultura del futuro ya es una realidad en la que se aplicamos:<\/p>\n<ul>\n<li>Tecnolog\u00edas disruptivas, desde bioestimulantes que mejoran la eficiencia de los cultivos, hasta sistemas pioneros en fijaci\u00f3n de nitr\u00f3geno atmosf\u00e9rico que reducen la dependencia de fertilizantes tradicionales.<\/li>\n<li>Sostenibilidad certificada ya que Fertinagro es la primera empresa espa\u00f1ola en obtener la certificaci\u00f3n EPD Process (2022), que mide y reduce nuestro impacto ambiental en toda la cadena de valor.<\/li>\n<li>La Econom\u00eda circular est\u00e1 en el ADN de la compa\u00f1\u00eda lo que nos lleva a encontrar y proporcionar al sector soluciones para valorizar subproductos ganaderos y agr\u00edcolas, convirti\u00e9ndolos en recursos.<\/li>\n<\/ul>\n<\/div>\n<div class=\"ebd-block   \" data-type=\"heading\">\n<h3><strong><span data-verified=\"redactor\"><b>Este premio es de todo el sector agroalimentario<\/b><\/span><\/strong><\/h3>\n<\/div>\n<div class=\"ebd-block   \" data-type=\"text\">\n<p>El presidente de la compa\u00f1\u00eda Generoso Mart\u00edn Blesa ha destacado al conocer la concesi\u00f3n de este Premio Nacional que<span>\u00a0<\/span><i data-redactor-tag=\"i\">\u00abeste reconocimiento no es solo nuestro, sino de todos los agricultores, investigadores y empresas que trabajan cada d\u00eda para desterrar el mito de que el agro es un sector anticuado. La innovaci\u00f3n en agricultura no es una opci\u00f3n, sino una necesidad para alimentar a una poblaci\u00f3n creciente en un planeta con recursos limitados. En Fertinagro Biotech, seguiremos impulsando soluciones innovadoras que combinen productividad y respeto al medio ambiente, porque el futuro de la agricultura debe ser sostenible o no ser\u00e1\u00bb<\/i><span>\u00a0<\/span>ha a\u00f1adido Mart\u00edn Blesa.<\/p>\n<p>Este premio refuerza nuestra misi\u00f3n, ser el aliado tecnol\u00f3gico del agricultor, anticip\u00e1ndonos a desaf\u00edos como la transici\u00f3n ecol\u00f3gica impulsada por la UE; la escasez de materias primas y la volatilidad de los mercados, as\u00ed como la demanda creciente de una producci\u00f3n m\u00e1s eficiente y limpia por parte de la sociedad.<\/p>\n<p>En Fertinagro Biotech, seguiremos trabajando para que la innovaci\u00f3n no sea un lujo, sino una herramienta al alcance de todos los profesionales del campo. Descubre m\u00e1s\u00a0sobre nuestros proyectos, inversiones y alianzas en I+D+i:\u00a0<b data-redactor-tag=\"b\"><a href=\"https:\/\/www.fertinagro.es\/images\/corporativo\/comprometidos-con-la-sostenibilidad\/pdf\/Memoria-descriptiva-de-los-meritos-de-la-entidad-Fertinagro-Biotech-2025.pdf\" title=\"\" target=\"_blank\" rel=\"noopener noreferrer\"><u data-redactor-tag=\"u\">Descargar la Memoria descriptiva de los m\u00e9ritos de Fertinagro Biotech 2025<\/u><\/a><\/b><\/p>\n<\/div>\n<p>[\/et_pb_blurb][et_pb_divider _builder_version=\u00bb4.17.3&#8243; _module_preset=\u00bbdefault\u00bb global_colors_info=\u00bb{}\u00bb custom_margin=\u00bb||1px|||\u00bb][\/et_pb_divider][\/et_pb_column][\/et_pb_row][et_pb_row _builder_version=\u00bb4.17.3&#8243; _module_preset=\u00bbdefault\u00bb global_colors_info=\u00bb{}\u00bb][et_pb_column type=\u00bb4_4&#8243; _builder_version=\u00bb4.17.3&#8243; _module_preset=\u00bbdefault\u00bb global_colors_info=\u00bb{}\u00bb][et_pb_blurb title=\u00bbLa C\u00e1tedra Fertinagro Biotech de la UHU celebra una jornada centrada en la sostenibilidad en la agricultura\u00bb url=\u00bbhttps:\/\/www.uhu.es\/noticias\/la-catedra-fertinagro-biotech-de-la-uhu-celebra-una-jornada-centrada-en-la-sostenibilidad\u00bb image=\u00bbhttps:\/\/www.uhu.es\/catedra-fertinagro\/wp-content\/uploads\/OG_Fertinagro-1.jpg\u00bb _builder_version=\u00bb4.17.3&#8243; _module_preset=\u00bbdefault\u00bb global_colors_info=\u00bb{}\u00bb]<\/p>\n<p><strong>La Universidad de Huelva ha celebrado la jornada titulada\u00a0\u2018Mejora en la eficiencia en el uso del agua y los nurientes en la fertirrigaci\u00f3n\u2019, organizada a trav\u00e9s de su C\u00e1tedra Fertinagro-Biotech. La jornada, que se desarroll\u00f3 en el sal\u00f3n de grados de la Facultad de Ciencias Experimentales, cont\u00f3 con la participaci\u00f3n de estudiantes y profesores de la UHU, as\u00ed como ingenieros agr\u00edcolas y t\u00e9cnicos de Fertinagro-Biotech.\u00a0<\/strong><\/p>\n<p><strong>Durante la jornada se abordaron temas como el uso sostenible de los recursos en el cultivo del ar\u00e1ndano, la innovaci\u00f3n y sostenibilidad en la fertirrigaci\u00f3n de c\u00edtricos o nuevas tecnolog\u00edas para el ahorro del agua y mejora de la productividad, entre otras.<\/strong><\/p>\n<p>[\/et_pb_blurb][\/et_pb_column][\/et_pb_row][et_pb_row _builder_version=\u00bb4.17.3&#8243; _module_preset=\u00bbdefault\u00bb custom_padding=\u00bb38px|||||\u00bb global_colors_info=\u00bb{}\u00bb][et_pb_column type=\u00bb4_4&#8243; _builder_version=\u00bb4.17.3&#8243; _module_preset=\u00bbdefault\u00bb global_colors_info=\u00bb{}\u00bb][et_pb_divider _builder_version=\u00bb4.17.3&#8243; _module_preset=\u00bbdefault\u00bb global_colors_info=\u00bb{}\u00bb][\/et_pb_divider][et_pb_blurb title=\u00bbTrabajos sobre nanotecnolog\u00eda alimentaria en la UHU obtienen los premios TFG y TFM de la C\u00e1tedra Fertinagro-Biotech\u00bb url=\u00bbhttps:\/\/www.uhu.es\/comunicacion\/noticias\/trabajos-sobre-nanotecnologia-alimentaria-en-la-uhu-obtienen-los-premios-tfg-y-tfm-de-la\u00bb image=\u00bbhttps:\/\/www.uhu.es\/catedra-fertinagro\/wp-content\/uploads\/photo_2023-04-05_10-11-17.jpg\u00bb _builder_version=\u00bb4.17.3&#8243; _module_preset=\u00bbdefault\u00bb global_colors_info=\u00bb{}\u00bb]<\/p>\n<p><strong><span>El jurado ha valorado los mejores trabajos presentados en el curso 2021-22\u00a0 relacionados con la innovaci\u00f3n, la sostenibilidad y la econom\u00eda circular en el \u00e1mbito agroalimentario<\/span><\/strong><span>.<\/span><\/p>\n<p>[\/et_pb_blurb][et_pb_divider _builder_version=\u00bb4.17.3&#8243; _module_preset=\u00bbdefault\u00bb global_colors_info=\u00bb{}\u00bb][\/et_pb_divider][\/et_pb_column][\/et_pb_row][et_pb_row _builder_version=\u00bb4.17.3&#8243; _module_preset=\u00bbdefault\u00bb global_colors_info=\u00bb{}\u00bb][et_pb_column type=\u00bb4_4&#8243; _builder_version=\u00bb4.17.3&#8243; _module_preset=\u00bbdefault\u00bb global_colors_info=\u00bb{}\u00bb][et_pb_blurb title=\u00bbLa UHU avanza en sus investigaciones sobre alimentaci\u00f3n sostenible por medio de la C\u00e1tedra Fertinagro-BIOTECH\u00bb url=\u00bbhttp:\/\/uhu.es\/comunicacion\/noticias\/la-uhu-avanza-en-sus-investigaciones-sobre-alimentacion-sostenible-por-medio-de-la-catedra\u00bb image=\u00bbhttps:\/\/www.uhu.es\/catedra-fertinagro\/wp-content\/uploads\/pren1.jpg\u00bb _builder_version=\u00bb4.17.3&#8243; _module_preset=\u00bbdefault\u00bb global_colors_info=\u00bb{}\u00bb]<\/p>\n<p><strong><span lang=\"ES-TRAD\" xml:lang=\"ES-TRAD\"><span>La c\u00e1tedra entrega sus primeros premios a los mejores TFG y TFM, que han ahondado en aspectos como el valor nutricional de las algas extrem\u00f3lifas, el tratamiento de enfermedades de especies acu\u00edcolas y la mejora de los procesos industriales para la consecuci\u00f3n de agua<\/span><\/span><\/strong><\/p>\n<p>[\/et_pb_blurb][et_pb_text _builder_version=\u00bb4.17.3&#8243; _module_preset=\u00bbdefault\u00bb custom_padding=\u00bb0px|||||\u00bb link_option_url=\u00bbhttps:\/\/www.diariodehuelva.es\/2022\/02\/23\/uhu-alimentacion-sostenible\/\u00bb global_colors_info=\u00bb{}\u00bb]<\/p>\n<p><a href=\"https:\/\/www.huelvahoy.com\/la-uhu-avanza-en-sus-investigaciones-sobre-alimentacion-sostenible\/\">https:\/\/huelvabuenasnoticias.com\/2022\/02\/23\/la-catedra-fertinagro-biotech-avanza-en-las-investigaciones-sobre-alimentacion-sostenible\/<\/a><\/p>\n<p><a href=\"https:\/\/www.huelvahoy.com\/la-uhu-avanza-en-sus-investigaciones-sobre-alimentacion-sostenible\/\">https:\/\/www.diariodehuelva.es\/2022\/02\/23\/uhu-alimentacion-sostenible\/<\/a><\/p>\n<p><a href=\"https:\/\/www.huelvahoy.com\/la-uhu-avanza-en-sus-investigaciones-sobre-alimentacion-sostenible\/\">https:\/\/www.huelvahoy.com\/la-uhu-avanza-en-sus-investigaciones-sobre-alimentacion-sostenible\/<\/a><\/p>\n<p>[\/et_pb_text][\/et_pb_column][\/et_pb_row][et_pb_row _builder_version=\u00bb4.17.3&#8243; _module_preset=\u00bbdefault\u00bb custom_padding=\u00bb38px|||||\u00bb global_colors_info=\u00bb{}\u00bb][et_pb_column type=\u00bb4_4&#8243; _builder_version=\u00bb4.17.3&#8243; _module_preset=\u00bbdefault\u00bb global_colors_info=\u00bb{}\u00bb][et_pb_divider _builder_version=\u00bb4.17.3&#8243; _module_preset=\u00bbdefault\u00bb global_colors_info=\u00bb{}\u00bb][\/et_pb_divider][\/et_pb_column][\/et_pb_row][et_pb_row _builder_version=\u00bb4.17.3&#8243; _module_preset=\u00bbdefault\u00bb global_colors_info=\u00bb{}\u00bb][et_pb_column type=\u00bb4_4&#8243; _builder_version=\u00bb4.17.3&#8243; _module_preset=\u00bbdefault\u00bb global_colors_info=\u00bb{}\u00bb][et_pb_blurb title=\u00bbLa UHU potencia su investigaci\u00f3n alimentaria con los mejores trabajos de la C\u00e1tedra Fertinagro-Biotech\u00bb url=\u00bbhttps:\/\/www.huelvainformacion.es\/huelva\/UHU-investigacion-alimentaria-Catedra-Fertinagro-Biotech_0_1659434916.html\u00bb image=\u00bbhttps:\/\/www.uhu.es\/catedra-fertinagro\/wp-content\/uploads\/pren2.jpg\u00bb _builder_version=\u00bb4.17.3&#8243; _module_preset=\u00bbdefault\u00bb global_colors_info=\u00bb{}\u00bb]<\/p>\n<p><span>La\u00a0<\/span><a href=\"https:\/\/www.huelvainformacion.es\/tag\/universidad_de_huelva\/\" rel=\"dofollow\" class=\"mce\">Universidad de Huelva<\/a><span>\u00a0ha celebrado este mi\u00e9rcoles el acto de entrega de los<\/span><strong class=\"mce\"><span>\u00a0<\/span>I Premios a Trabajos de Fin de Grado (TFG) y Trabajos de Fin de M\u00e1ster (TFM) de la C\u00e1tedra Fertinagro-Biotech de Alimentaci\u00f3n y Sostenibilidad<\/strong><span>, con los que se quieren potenciar la investigaci\u00f3n y la transferencia del conocimiento hacia una mayor sostenibilidad del sector agroalimentario y que repercuta en una alimentaci\u00f3n m\u00e1s saludable.<\/span><\/p>\n<p>[\/et_pb_blurb][\/et_pb_column][\/et_pb_row][\/et_pb_section]<\/p>\n","protected":false},"excerpt":{"rendered":"<p>La\u00a0Universidad Polit\u00e9cnica de Madrid (UPM)\u00a0acogi\u00f3 la jornada de presentaci\u00f3n de la nueva C\u00e1tedra\u00a0\u00abSuelos y Sistemas Agroalimentarios\u00bb,\u00a0impulsada por Fertinagro Biotech, en un acto que reuni\u00f3 a representantes del \u00e1mbito acad\u00e9mico, cient\u00edfico, empresarial y de la administraci\u00f3n p\u00fablica. El encuentro marc\u00f3 el inicio de una\u00a0alianza estrat\u00e9gica concebida para reforzar la investigaci\u00f3n, la formaci\u00f3n y la transferencia de [&hellip;]<\/p>\n","protected":false},"author":1,"featured_media":0,"parent":0,"menu_order":0,"comment_status":"closed","ping_status":"closed","template":"","meta":{"_et_pb_use_builder":"on","_et_pb_old_content":"","_et_gb_content_width":""},"_links":{"self":[{"href":"https:\/\/www.uhu.es\/catedra-fertinagro\/index.php?rest_route=\/wp\/v2\/pages\/139"}],"collection":[{"href":"https:\/\/www.uhu.es\/catedra-fertinagro\/index.php?rest_route=\/wp\/v2\/pages"}],"about":[{"href":"https:\/\/www.uhu.es\/catedra-fertinagro\/index.php?rest_route=\/wp\/v2\/types\/page"}],"author":[{"embeddable":true,"href":"https:\/\/www.uhu.es\/catedra-fertinagro\/index.php?rest_route=\/wp\/v2\/users\/1"}],"replies":[{"embeddable":true,"href":"https:\/\/www.uhu.es\/catedra-fertinagro\/index.php?rest_route=%2Fwp%2Fv2%2Fcomments&post=139"}],"version-history":[{"count":6,"href":"https:\/\/www.uhu.es\/catedra-fertinagro\/index.php?rest_route=\/wp\/v2\/pages\/139\/revisions"}],"predecessor-version":[{"id":421,"href":"https:\/\/www.uhu.es\/catedra-fertinagro\/index.php?rest_route=\/wp\/v2\/pages\/139\/revisions\/421"}],"wp:attachment":[{"href":"https:\/\/www.uhu.es\/catedra-fertinagro\/index.php?rest_route=%2Fwp%2Fv2%2Fmedia&parent=139"}],"curies":[{"name":"wp","href":"https:\/\/api.w.org\/{rel}","templated":true}]}}