{"id":363,"date":"2024-07-17T12:06:35","date_gmt":"2024-07-17T12:06:35","guid":{"rendered":"https:\/\/www.uhu.es\/catedra-fertinagro\/?page_id=363"},"modified":"2024-07-17T12:06:35","modified_gmt":"2024-07-17T12:06:35","slug":"ii-convocatoria-2021-22","status":"publish","type":"page","link":"https:\/\/www.uhu.es\/catedra-fertinagro\/?page_id=363","title":{"rendered":"II Convocatoria 2021\/22"},"content":{"rendered":"<p>[et_pb_section fb_built=\u00bb1&#8243; fullwidth=\u00bbon\u00bb _builder_version=\u00bb4.17.3&#8243; _module_preset=\u00bbdefault\u00bb background_color=\u00bb#a80a2e\u00bb global_colors_info=\u00bb{}\u00bb][et_pb_fullwidth_header title=\u00bbII Convocatoria 2021\/22&#8243; content_max_width=\u00bbnone\u00bb _builder_version=\u00bb4.17.3&#8243; _module_preset=\u00bbdefault\u00bb title_font=\u00bb|700|||||||\u00bb title_font_size=\u00bb40px\u00bb background_color=\u00bbrgba(255, 255, 255, 0)\u00bb min_height=\u00bb140px\u00bb custom_padding=\u00bb38px||14px|||\u00bb animation_style=\u00bbfade\u00bb global_colors_info=\u00bb{}\u00bb button_one_text_size__hover_enabled=\u00bboff\u00bb button_two_text_size__hover_enabled=\u00bboff\u00bb button_one_text_color__hover_enabled=\u00bboff\u00bb button_two_text_color__hover_enabled=\u00bboff\u00bb button_one_border_width__hover_enabled=\u00bboff\u00bb button_two_border_width__hover_enabled=\u00bboff\u00bb button_one_border_color__hover_enabled=\u00bboff\u00bb button_two_border_color__hover_enabled=\u00bboff\u00bb button_one_border_radius__hover_enabled=\u00bboff\u00bb button_two_border_radius__hover_enabled=\u00bboff\u00bb button_one_letter_spacing__hover_enabled=\u00bboff\u00bb button_two_letter_spacing__hover_enabled=\u00bboff\u00bb button_one_bg_color__hover_enabled=\u00bboff\u00bb button_two_bg_color__hover_enabled=\u00bboff\u00bb][\/et_pb_fullwidth_header][\/et_pb_section][et_pb_section fb_built=\u00bb1&#8243; _builder_version=\u00bb4.16&#8243; _module_preset=\u00bbdefault\u00bb background_color=\u00bb#f7f7f7&#8243; background_color_gradient_direction=\u00bb330deg\u00bb global_colors_info=\u00bb{}\u00bb][et_pb_row _builder_version=\u00bb4.16&#8243; _module_preset=\u00bbdefault\u00bb background_size=\u00bbinitial\u00bb background_position=\u00bbtop_left\u00bb background_repeat=\u00bbrepeat\u00bb custom_margin=\u00bb-110px|auto||auto||\u00bb custom_padding=\u00bb0px|||||\u00bb global_colors_info=\u00bb{}\u00bb][et_pb_column type=\u00bb4_4&#8243; _builder_version=\u00bb4.16&#8243; _module_preset=\u00bbdefault\u00bb custom_padding=\u00bb10%|||\u00bb global_colors_info=\u00bb{}\u00bb custom_padding__hover=\u00bb|||\u00bb][et_pb_text _builder_version=\u00bb4.17.3&#8243; _module_preset=\u00bbdefault\u00bb global_colors_info=\u00bb{}\u00bb]<\/p>\n<h4 style=\"text-align: justify;\"><strong>II CONVOCATORIA DE PREMIOS A TRABAJOS DE FIN DE GRADO Y FIN DE M\u00c1STER PARA EL CURSO ACAD\u00c9MICO 2021\/22 DE LA C\u00c1TEDRA FERTINAGRO-BIOTECH DE HUELVA<\/strong><\/h4>\n<p>[\/et_pb_text][et_pb_text _builder_version=\u00bb4.17.3&#8243; _module_preset=\u00bbdefault\u00bb custom_padding=\u00bb28px|||||\u00bb global_colors_info=\u00bb{}\u00bb]<\/p>\n<p><span>Reunido el Jurado a las 12:30 del martes 13 de diciembre de 2022, tras valorar los distintos criterios para la selecci\u00f3n de los trabajos premiados seg\u00fan establecen las bases de la convocatoria, se acuerda conceder los siguientes premios:<\/span><\/p>\n<p>[\/et_pb_text][\/et_pb_column][\/et_pb_row][et_pb_row column_structure=\u00bb1_2,1_2&#8243; _builder_version=\u00bb4.17.3&#8243; _module_preset=\u00bbdefault\u00bb global_colors_info=\u00bb{}\u00bb][et_pb_column type=\u00bb1_2&#8243; _builder_version=\u00bb4.17.3&#8243; _module_preset=\u00bbdefault\u00bb global_colors_info=\u00bb{}\u00bb][et_pb_text _builder_version=\u00bb4.17.3&#8243; _module_preset=\u00bbdefault\u00bb custom_margin=\u00bb0px||||false|false\u00bb custom_padding=\u00bb10px|10px|10px|10px|false|false\u00bb animation_style=\u00bbfade\u00bb box_shadow_style=\u00bbpreset2&#8243; inline_fonts=\u00bbABeeZee\u00bb global_colors_info=\u00bb{}\u00bb]<\/p>\n<h5><strong>Trabajos Fin de Grado:<\/strong><\/h5>\n<p style=\"font-weight: 400;\"><a href=\"https:\/\/video.uhu.es\/media\/1%C2%BA+Primer+premioA+al+trabajo+presentado+por+D%C3%B1a.+Ana+G%C3%B3mez+M%C3%A9ndez\/1_zm5bi9p2\"><strong>1\u00ba Primer premio<\/strong>: al trabajo presentado por D\u00f1a. Ana G\u00f3mez M\u00e9ndez \u201cOptimizaci\u00f3n de los procesos de encapsulaci\u00f3n y liberaci\u00f3n de flavonoides en nanotubos de carbono\u201d cuyos tutores fueron: Manuel L\u00f3pez L\u00f3pez y Eva Bernal L\u00f3pez.<\/a><\/p>\n<p><a href=\"https:\/\/video.uhu.es\/media\/2%C2%BA%20Segundo%20premio%3A%20al%20trabajo%20presentado%20por%20D.%20Jes%C3%BAs%20Gonz%C3%A1lez%20Rivero\/1_2z23oxcz\"><strong>2\u00ba Segundo premio<\/strong>: al trabajo presentado por D. Jes\u00fas Gonz\u00e1lez Rivero \u201cEstudio de la actividad antimicrobiana de los nanotubos de carbono y su papel como nanotransportadores aplicado al sector de la acuicultura\u201d dirigido por Manuel L\u00f3pez L\u00f3pez.<\/a><\/p>\n<p><strong><\/strong><\/p>\n<p><strong><\/strong><\/p>\n<p><strong><\/strong><\/p>\n<p>[\/et_pb_text][\/et_pb_column][et_pb_column type=\u00bb1_2&#8243; _builder_version=\u00bb4.17.3&#8243; _module_preset=\u00bbdefault\u00bb global_colors_info=\u00bb{}\u00bb][et_pb_text _builder_version=\u00bb4.17.3&#8243; _module_preset=\u00bbdefault\u00bb custom_padding=\u00bb10px|10px|10px|10px|false|false\u00bb animation_style=\u00bbfade\u00bb box_shadow_style=\u00bbpreset2&#8243; global_colors_info=\u00bb{}\u00bb]<\/p>\n<h5><strong>Trabajos Fin de M\u00e1ster:<\/strong><strong><\/strong><\/h5>\n<p><strong><\/strong><\/p>\n<p><a href=\"https:\/\/video.uhu.es\/media\/1%C2%BA+Primer+premioA+al+trabajo+presentado+por+D.+Manuel+Antonio+Mart%C3%ADn+Alfonso\/1_gj4oo9m0\"><span style=\"font-family: inherit;\">1\u00ba Primer premio: al trabajo presentado por D. Manuel Antonio Mart\u00edn Alfonso \u201cDesarrollo de bio-grasas lubricantes formuladas con nanoestructuras h\u00edbridas de acetato de celulosa\/nanoarcilla y aceite de ricino\u201d cuyos tutores fueron: Jos\u00e9 Enrique Mart\u00edn Alfonso y Concepci\u00f3n Valencia Barrag\u00e1n.<\/span><\/a><\/p>\n<p><strong><\/strong><\/p>\n<p><strong><\/strong><\/p>\n<p>[\/et_pb_text][\/et_pb_column][\/et_pb_row][et_pb_row _builder_version=\u00bb4.17.3&#8243; _module_preset=\u00bbdefault\u00bb global_colors_info=\u00bb{}\u00bb][et_pb_column type=\u00bb4_4&#8243; _builder_version=\u00bb4.17.3&#8243; _module_preset=\u00bbdefault\u00bb global_colors_info=\u00bb{}\u00bb][et_pb_text _builder_version=\u00bb4.17.3&#8243; _module_preset=\u00bbdefault\u00bb custom_padding=\u00bb9px|||||\u00bb global_colors_info=\u00bb{}\u00bb]<\/p>\n<p><a href=\"https:\/\/www.uhu.es\/catedra-fertinagro\/wp-content\/uploads\/RESOLUCION-PROVISIONAL-CONVOCATORIA-TFG_TFM-2022-CATEDRA-FERTINAGRO-BIOT....pdf\" target=\"_blank\" rel=\"noopener\">\u2013 Resoluci\u00f3n provisional<\/a><\/p>\n<p>\u2013<span>\u00a0<\/span><a href=\"https:\/\/www.uhu.es\/catedra-fertinagro\/wp-content\/uploads\/RESOLUCION-DEFINITIVA-CONVOCATORIA-TFG_TFM-2022-CATEDRA-FERTINAGRO-BIOT.....pdf\" target=\"_blank\" rel=\"noopener\">Resoluci\u00f3n definitiva<\/a><\/p>\n<p>[\/et_pb_text][et_pb_code _builder_version=\u00bb4.17.3&#8243; _module_preset=\u00bbdefault\u00bb text_orientation=\u00bbcenter\u00bb global_colors_info=\u00bb{}\u00bb]<iframe loading=\"lazy\" src=\"https:\/\/cdnapisec.kaltura.com\/p\/2228791\/sp\/222879100\/embedIframeJs\/uiconf_id\/38099561\/partner_id\/2228791?iframeembed=true&#038;playerId=kplayer&#038;entry_id=1_sl8l0cxe&#038;flashvars[streamerType]=auto\" width=\"560\" height=\"395\" allowfullscreen webkitallowfullscreen mozAllowFullScreen allow=\"autoplay *; fullscreen *; encrypted-media *\" frameborder=\"0\"><\/iframe>[\/et_pb_code][\/et_pb_column][\/et_pb_row][\/et_pb_section]<\/p>\n","protected":false},"excerpt":{"rendered":"<p>II CONVOCATORIA DE PREMIOS A TRABAJOS DE FIN DE GRADO Y FIN DE M\u00c1STER PARA EL CURSO ACAD\u00c9MICO 2021\/22 DE LA C\u00c1TEDRA FERTINAGRO-BIOTECH DE HUELVAReunido el Jurado a las 12:30 del martes 13 de diciembre de 2022, tras valorar los distintos criterios para la selecci\u00f3n de los trabajos premiados seg\u00fan establecen las bases de la [&hellip;]<\/p>\n","protected":false},"author":1,"featured_media":0,"parent":0,"menu_order":0,"comment_status":"closed","ping_status":"closed","template":"","meta":{"_et_pb_use_builder":"on","_et_pb_old_content":"","_et_gb_content_width":""},"_links":{"self":[{"href":"https:\/\/www.uhu.es\/catedra-fertinagro\/index.php?rest_route=\/wp\/v2\/pages\/363"}],"collection":[{"href":"https:\/\/www.uhu.es\/catedra-fertinagro\/index.php?rest_route=\/wp\/v2\/pages"}],"about":[{"href":"https:\/\/www.uhu.es\/catedra-fertinagro\/index.php?rest_route=\/wp\/v2\/types\/page"}],"author":[{"embeddable":true,"href":"https:\/\/www.uhu.es\/catedra-fertinagro\/index.php?rest_route=\/wp\/v2\/users\/1"}],"replies":[{"embeddable":true,"href":"https:\/\/www.uhu.es\/catedra-fertinagro\/index.php?rest_route=%2Fwp%2Fv2%2Fcomments&post=363"}],"version-history":[{"count":3,"href":"https:\/\/www.uhu.es\/catedra-fertinagro\/index.php?rest_route=\/wp\/v2\/pages\/363\/revisions"}],"predecessor-version":[{"id":377,"href":"https:\/\/www.uhu.es\/catedra-fertinagro\/index.php?rest_route=\/wp\/v2\/pages\/363\/revisions\/377"}],"wp:attachment":[{"href":"https:\/\/www.uhu.es\/catedra-fertinagro\/index.php?rest_route=%2Fwp%2Fv2%2Fmedia&parent=363"}],"curies":[{"name":"wp","href":"https:\/\/api.w.org\/{rel}","templated":true}]}}