{"id":403,"date":"2025-06-12T07:20:05","date_gmt":"2025-06-12T07:20:05","guid":{"rendered":"https:\/\/www.uhu.es\/catedra-fertinagro\/?page_id=403"},"modified":"2025-11-17T12:08:49","modified_gmt":"2025-11-17T12:08:49","slug":"iv-convocatoria-2023-24","status":"publish","type":"page","link":"https:\/\/www.uhu.es\/catedra-fertinagro\/?page_id=403","title":{"rendered":"IV Convocatoria 2023\/24"},"content":{"rendered":"<p>[et_pb_section fb_built=\u00bb1&#8243; fullwidth=\u00bbon\u00bb _builder_version=\u00bb4.17.3&#8243; _module_preset=\u00bbdefault\u00bb background_color=\u00bb#a80a2e\u00bb global_colors_info=\u00bb{}\u00bb][et_pb_fullwidth_header title=\u00bbIV Convocatoria 2023\/24&#8243; content_max_width=\u00bbnone\u00bb _builder_version=\u00bb4.17.3&#8243; _module_preset=\u00bbdefault\u00bb title_font=\u00bb|700|||||||\u00bb title_font_size=\u00bb40px\u00bb background_color=\u00bbrgba(255, 255, 255, 0)\u00bb min_height=\u00bb140px\u00bb custom_padding=\u00bb38px||14px|||\u00bb animation_style=\u00bbfade\u00bb global_colors_info=\u00bb{}\u00bb button_one_text_size__hover_enabled=\u00bboff\u00bb button_two_text_size__hover_enabled=\u00bboff\u00bb button_one_text_color__hover_enabled=\u00bboff\u00bb button_two_text_color__hover_enabled=\u00bboff\u00bb button_one_border_width__hover_enabled=\u00bboff\u00bb button_two_border_width__hover_enabled=\u00bboff\u00bb button_one_border_color__hover_enabled=\u00bboff\u00bb button_two_border_color__hover_enabled=\u00bboff\u00bb button_one_border_radius__hover_enabled=\u00bboff\u00bb button_two_border_radius__hover_enabled=\u00bboff\u00bb button_one_letter_spacing__hover_enabled=\u00bboff\u00bb button_two_letter_spacing__hover_enabled=\u00bboff\u00bb button_one_bg_color__hover_enabled=\u00bboff\u00bb button_two_bg_color__hover_enabled=\u00bboff\u00bb][\/et_pb_fullwidth_header][\/et_pb_section][et_pb_section fb_built=\u00bb1&#8243; _builder_version=\u00bb4.16&#8243; _module_preset=\u00bbdefault\u00bb background_color=\u00bb#f7f7f7&#8243; background_color_gradient_direction=\u00bb330deg\u00bb global_colors_info=\u00bb{}\u00bb][et_pb_row _builder_version=\u00bb4.16&#8243; _module_preset=\u00bbdefault\u00bb background_size=\u00bbinitial\u00bb background_position=\u00bbtop_left\u00bb background_repeat=\u00bbrepeat\u00bb custom_margin=\u00bb-110px|auto||auto||\u00bb custom_padding=\u00bb0px|||||\u00bb global_colors_info=\u00bb{}\u00bb][et_pb_column type=\u00bb4_4&#8243; _builder_version=\u00bb4.16&#8243; _module_preset=\u00bbdefault\u00bb custom_padding=\u00bb10%|||\u00bb global_colors_info=\u00bb{}\u00bb custom_padding__hover=\u00bb|||\u00bb][et_pb_text _builder_version=\u00bb4.17.3&#8243; _module_preset=\u00bbdefault\u00bb global_colors_info=\u00bb{}\u00bb]<\/p>\n<h4 style=\"text-align: justify;\"><strong>IV CONVOCATORIA DE PREMIOS A TRABAJOS DE FIN DE GRADO Y FIN DE M\u00c1STER PARA EL CURSO ACAD\u00c9MICO 2023\/24 DE LA C\u00c1TEDRA FERTINAGRO-BIOTECH DE HUELVA<\/strong><\/h4>\n<p>[\/et_pb_text][\/et_pb_column][\/et_pb_row][et_pb_row _builder_version=\u00bb4.17.3&#8243; _module_preset=\u00bbdefault\u00bb global_colors_info=\u00bb{}\u00bb][et_pb_column type=\u00bb4_4&#8243; _builder_version=\u00bb4.17.3&#8243; _module_preset=\u00bbdefault\u00bb global_colors_info=\u00bb{}\u00bb][et_pb_text _builder_version=\u00bb4.17.3&#8243; _module_preset=\u00bbdefault\u00bb global_colors_info=\u00bb{}\u00bb]<\/p>\n<p>Resoluci\u00f3n del Vicerrectorado de Innovaci\u00f3n y Empleabilidad de la Universidad de Huelva de fecha 21 de febrero de 2025, por la que se aprueban las Bases Reguladoras y la Convocatoria de Premios a Trabajos de Fin de Grado y Fin de M\u00e1ster de la C\u00e1tedra Fertinagro-Biotech de Alimentaci\u00f3n y Sostenibilidad de la Universidad de Huelva (Convocatoria 2024).<\/p>\n<p>El plazo de presentaci\u00f3n de solicitudes estar\u00e1 abierto hasta quince d\u00edas\u00a0despu\u00e9s de la publicaci\u00f3n de la convocatoria en el Bolet\u00edn oficial de la Junta\u00a0de Andaluc\u00eda (hasta el 27 de mayo).<\/p>\n<p>La documentaci\u00f3n relacionada ir\u00e1 dirigida a C\u00c1TEDRAS EXTERNAS (C\u00e1tedra Fertinagro-Biotech) y se presentar\u00e1 a trav\u00e9s de los registros presenciales o telem\u00e1tico de la Universidad de Huelva\u00a0o en cualquiera de los lugares previstos\u00a0en el art. 16.4 de la Ley 39\/2015, de 1 de octubre, de Procedimiento\u00a0Administrativo Com\u00fan de las Administraciones P\u00fablicas.<\/p>\n<p>&nbsp;<\/p>\n<div class=\"paragraph paragraph--type--related-document paragraph--view-mode--default\">\n<div class=\"field field--name-field-document field__item\"><a href=\"http:\/\/www.uhu.es\/catedras-externas\/sites\/catedras-externas\/files\/2025-05\/CONVOCATORIA%20DE%20PREMIOS%20TFG-TFM_2024%20FERTINAGRO.report.pdf\" target=\"_blank\" class=\"uhu-linked-doc-with-txt\" rel=\"noopener\">Convocatoria<\/a><\/div>\n<\/div>\n<div class=\"paragraph paragraph--type--related-document paragraph--view-mode--default\">\n<div class=\"field field--name-field-document field__item\"><a href=\"http:\/\/www.uhu.es\/catedras-externas\/sites\/catedras-externas\/files\/2025-05\/BOJA25-084-00001-6223-01_00319823.pdf\" target=\"_blank\" class=\"uhu-linked-doc-with-txt\" rel=\"noopener\">BOJA<\/a><\/div>\n<\/div>\n<div class=\"paragraph paragraph--type--related-document paragraph--view-mode--default\">\n<div class=\"field field--name-field-document field__item\"><a href=\"http:\/\/www.uhu.es\/catedras-externas\/sites\/catedras-externas\/files\/2025-05\/ANEXOS.pdf\" target=\"_blank\" class=\"uhu-linked-doc-with-txt\" rel=\"noopener\">Anexos<\/a><\/div>\n<div class=\"field field--name-field-document field__item\"><a href=\"https:\/\/www.uhu.es\/catedra-fertinagro\/wp-content\/uploads\/FB_Resolucion_definitiva_2024.pdf\">Resoluci\u00f3n<\/a>\u00a0<\/div>\n<\/div>\n<p>[\/et_pb_text][\/et_pb_column][\/et_pb_row][et_pb_row column_structure=\u00bb1_2,1_2&#8243; _builder_version=\u00bb4.17.3&#8243; _module_preset=\u00bbdefault\u00bb global_colors_info=\u00bb{}\u00bb][et_pb_column type=\u00bb1_2&#8243; _builder_version=\u00bb4.17.3&#8243; _module_preset=\u00bbdefault\u00bb global_colors_info=\u00bb{}\u00bb][et_pb_text _builder_version=\u00bb4.17.3&#8243; _module_preset=\u00bbdefault\u00bb custom_margin=\u00bb0px||||false|false\u00bb custom_padding=\u00bb10px|10px|10px|10px|false|false\u00bb animation_style=\u00bbfade\u00bb box_shadow_style=\u00bbpreset2&#8243; inline_fonts=\u00bbABeeZee\u00bb global_colors_info=\u00bb{}\u00bb]<\/p>\n<h5><strong>Trabajos Fin de Grado:<\/strong><\/h5>\n<p style=\"font-weight: 400;\"><a href=\"https:\/\/video.uhu.es\/media\/Entrega+de+premios+fertinagro+biotech.mp4\/1_dyb9mn6b\"><strong>1\u00ba Primer premio<\/strong>: <span>al trabajo fin de grado presentado por D\u00f1a. Mar\u00eda Feria P\u00e9rez y que tiene por t\u00edtulo: Formulaci\u00f3n y optimizaci\u00f3n del procesado de encapsulaci\u00f3n del p\u00e9ptido antimicrobiano L-CAE en nanopart\u00edculas polim\u00e9ricas de PLGA, dirigido por D. Manuel L\u00f3pez L\u00f3pez y D\u00f1a. Inmaculada Mart\u00ednez Garc\u00eda.<\/span><\/a><\/p>\n<div><\/div>\n<p><strong><\/strong><\/p>\n<p><strong><\/strong><\/p>\n<p><strong><\/strong><\/p>\n<p>[\/et_pb_text][\/et_pb_column][et_pb_column type=\u00bb1_2&#8243; _builder_version=\u00bb4.17.3&#8243; _module_preset=\u00bbdefault\u00bb global_colors_info=\u00bb{}\u00bb][\/et_pb_column][\/et_pb_row][et_pb_row _builder_version=\u00bb4.17.3&#8243; _module_preset=\u00bbdefault\u00bb global_colors_info=\u00bb{}\u00bb][et_pb_column type=\u00bb4_4&#8243; _builder_version=\u00bb4.17.3&#8243; _module_preset=\u00bbdefault\u00bb global_colors_info=\u00bb{}\u00bb][et_pb_code _builder_version=\u00bb4.17.3&#8243; _module_preset=\u00bbdefault\u00bb text_orientation=\u00bbcenter\u00bb hover_enabled=\u00bb0&#8243; global_colors_info=\u00bb{}\u00bb animation_style=\u00bbfade\u00bb sticky_enabled=\u00bb0&#8243;]<iframe loading=\"lazy\" src=\"https:\/\/cdnapisec.kaltura.com\/\/p\/2228791\/embedPlaykitJs\/uiconf_id\/56794012?iframeembed=true&#038;entry_id=1_c67swvd4\" width=\"560\" height=\"395\" allowfullscreen webkitallowfullscreen mozAllowFullScreen allow=\"autoplay *; fullscreen *; encrypted-media *\" frameborder=\"0\"><\/iframe><!-- [et_pb_line_break_holder] -->[\/et_pb_code][\/et_pb_column][\/et_pb_row][\/et_pb_section]<\/p>\n","protected":false},"excerpt":{"rendered":"<p>IV CONVOCATORIA DE PREMIOS A TRABAJOS DE FIN DE GRADO Y FIN DE M\u00c1STER PARA EL CURSO ACAD\u00c9MICO 2023\/24 DE LA C\u00c1TEDRA FERTINAGRO-BIOTECH DE HUELVAResoluci\u00f3n del Vicerrectorado de Innovaci\u00f3n y Empleabilidad de la Universidad de Huelva de fecha 21 de febrero de 2025, por la que se aprueban las Bases Reguladoras y la Convocatoria de [&hellip;]<\/p>\n","protected":false},"author":1,"featured_media":0,"parent":0,"menu_order":0,"comment_status":"closed","ping_status":"closed","template":"","meta":{"_et_pb_use_builder":"on","_et_pb_old_content":"","_et_gb_content_width":""},"_links":{"self":[{"href":"https:\/\/www.uhu.es\/catedra-fertinagro\/index.php?rest_route=\/wp\/v2\/pages\/403"}],"collection":[{"href":"https:\/\/www.uhu.es\/catedra-fertinagro\/index.php?rest_route=\/wp\/v2\/pages"}],"about":[{"href":"https:\/\/www.uhu.es\/catedra-fertinagro\/index.php?rest_route=\/wp\/v2\/types\/page"}],"author":[{"embeddable":true,"href":"https:\/\/www.uhu.es\/catedra-fertinagro\/index.php?rest_route=\/wp\/v2\/users\/1"}],"replies":[{"embeddable":true,"href":"https:\/\/www.uhu.es\/catedra-fertinagro\/index.php?rest_route=%2Fwp%2Fv2%2Fcomments&post=403"}],"version-history":[{"count":8,"href":"https:\/\/www.uhu.es\/catedra-fertinagro\/index.php?rest_route=\/wp\/v2\/pages\/403\/revisions"}],"predecessor-version":[{"id":431,"href":"https:\/\/www.uhu.es\/catedra-fertinagro\/index.php?rest_route=\/wp\/v2\/pages\/403\/revisions\/431"}],"wp:attachment":[{"href":"https:\/\/www.uhu.es\/catedra-fertinagro\/index.php?rest_route=%2Fwp%2Fv2%2Fmedia&parent=403"}],"curies":[{"name":"wp","href":"https:\/\/api.w.org\/{rel}","templated":true}]}}