{"id":314,"date":"2022-03-01T17:29:28","date_gmt":"2022-03-01T17:29:28","guid":{"rendered":"http:\/\/www.uhu.es\/catedra-provincia\/?page_id=314"},"modified":"2024-11-11T18:36:54","modified_gmt":"2024-11-11T18:36:54","slug":"314-2","status":"publish","type":"page","link":"https:\/\/www.uhu.es\/catedra-provincia\/?page_id=314","title":{"rendered":"Comisi\u00f3n de seguimiento"},"content":{"rendered":"<p>[et_pb_section fb_built=\u00bb1&#8243; admin_label=\u00bbCourses Hero\u00bb _builder_version=\u00bb4.16&#8243; background_color=\u00bb#006aa6&#8243; background_color_gradient_start=\u00bb#0c71c3&#8243; background_color_gradient_end=\u00bb#709dc1&#8243; background_enable_image=\u00bboff\u00bb background_blend=\u00bboverlay\u00bb min_height=\u00bb39.6px\u00bb custom_padding=\u00bb1px|0px|0px|0px|false|\u00bb animation_style=\u00bbslide\u00bb animation_direction=\u00bbtop\u00bb animation_intensity_slide=\u00bb2%\u00bb locked=\u00bboff\u00bb global_colors_info=\u00bb{}\u00bb][et_pb_row _builder_version=\u00bb4.16&#8243; background_size=\u00bbinitial\u00bb background_position=\u00bbtop_left\u00bb background_repeat=\u00bbrepeat\u00bb custom_margin=\u00bb|||\u00bb custom_padding=\u00bb20px||||false|false\u00bb custom_width_px=\u00bb1280px\u00bb global_colors_info=\u00bb{}\u00bb][et_pb_column type=\u00bb4_4&#8243; _builder_version=\u00bb4.16&#8243; _module_preset=\u00bbdefault\u00bb global_colors_info=\u00bb{}\u00bb][et_pb_text _builder_version=\u00bb4.16&#8243; text_text_color=\u00bb#0c71c3&#8243; header_font=\u00bb|on|||\u00bb header_font_size=\u00bb42px\u00bb header_line_height=\u00bb1.3em\u00bb background_size=\u00bbinitial\u00bb background_position=\u00bbtop_left\u00bb background_repeat=\u00bbrepeat\u00bb text_orientation=\u00bbcenter\u00bb background_layout=\u00bbdark\u00bb max_width=\u00bb937px\u00bb module_alignment=\u00bbcenter\u00bb custom_margin=\u00bb|-208px||-111px||\u00bb custom_padding=\u00bb4px|||0px||\u00bb header_font_size_tablet=\u00bb\u00bb header_font_size_phone=\u00bb\u00bb header_font_size_last_edited=\u00bbon|desktop\u00bb locked=\u00bboff\u00bb global_colors_info=\u00bb{}\u00bb]<\/p>\n<h1 style=\"text-align: left;\">Consejo de C\u00e1tedra<\/h1>\n<p>[\/et_pb_text][\/et_pb_column][\/et_pb_row][\/et_pb_section][et_pb_section fb_built=\u00bb1&#8243; _builder_version=\u00bb4.16&#8243; _module_preset=\u00bbdefault\u00bb custom_padding=\u00bb0px|||||\u00bb global_colors_info=\u00bb{}\u00bb][et_pb_row _builder_version=\u00bb4.16&#8243; _module_preset=\u00bbdefault\u00bb global_colors_info=\u00bb{}\u00bb][et_pb_column type=\u00bb4_4&#8243; _builder_version=\u00bb4.16&#8243; _module_preset=\u00bbdefault\u00bb global_colors_info=\u00bb{}\u00bb][et_pb_text _builder_version=\u00bb4.17.3&#8243; _module_preset=\u00bbdefault\u00bb global_colors_info=\u00bb{}\u00bb]<\/p>\n<p>&nbsp;<\/p>\n<p>El Consejo de C\u00e1tedra est\u00e1 formado por dos representantes de la UHU y dos representantes de la Diputaci\u00f3n Provincial de Huelva.<\/p>\n<p>Sus miembros son:<\/p>\n<table width=\"954\">\n<tbody>\n<tr>\n<td colspan=\"4\" width=\"954\"><strong>Por la Universidad de Huelva <\/strong><\/td>\n<\/tr>\n<tr>\n<td width=\"213\"><strong>Nombre y apellidos<\/strong><\/td>\n<td width=\"211\"><strong>Cargo <\/strong><\/td>\n<td width=\"212\"><strong>Suplente<\/strong><\/td>\n<td width=\"318\"><strong>Correo <\/strong><\/td>\n<\/tr>\n<tr>\n<td width=\"213\">\n<p>&nbsp;<\/p>\n<p>Mar\u00eda Antonia Pe\u00f1a Guerrero<\/p>\n<\/td>\n<td width=\"211\">Rectora<\/td>\n<td width=\"212\">Isabel Rodr\u00edguez (Vicerrectora)<\/td>\n<td width=\"318\">\n<p>rectora@uhu.es<\/p>\n<p>vic.ie@uhu.es<\/p>\n<\/td>\n<\/tr>\n<tr>\n<td width=\"213\">\n<p>&nbsp;<\/p>\n<p>David Toscano Pardo<\/p>\n<\/td>\n<td width=\"211\">Director de Empleo, emprendimiento y c\u00e1tedras externas<\/td>\n<td width=\"212\"><\/td>\n<td width=\"318\">direccion.empleo@uhu.es<\/td>\n<\/tr>\n<tr>\n<td colspan=\"4\" width=\"954\"><strong>Por la Diputaci\u00f3n Provincial de Huelva<\/strong><\/td>\n<\/tr>\n<tr>\n<td width=\"213\"><strong>Nombre y apellidos<\/strong><\/td>\n<td width=\"211\"><strong>Cargo <\/strong><\/td>\n<td width=\"212\"><strong>Suplente<\/strong><\/td>\n<td width=\"318\"><strong>Correo <\/strong><\/td>\n<\/tr>\n<tr>\n<td width=\"213\">\n<p>David Toscano<\/p>\n<p>&nbsp;<\/p>\n<\/td>\n<td width=\"211\">Presidente de la Diputaci\u00f3n Provincial de Huelva<\/td>\n<td width=\"212\">Jos\u00e9 Manuel Zamora (Vicepresidente de la Diputaci\u00f3n de Huelva)<\/td>\n<td width=\"318\">\n<p>lromero@diphuelva.org<\/p>\n<p>vpalmar@diphuelva.org<\/p>\n<\/td>\n<\/tr>\n<tr>\n<td width=\"213\">Pilar Rodr\u00edguez Fern\u00e1ndez<\/td>\n<td width=\"211\"><span>Directora Estrat<\/span><span>\u00e9gica de Territorio Inteligente <\/span><span>\u00e9gico de Territorio Inteligente en la Diputaci\u00f3n de Huelva<\/span><\/td>\n<td width=\"212\"><\/td>\n<td width=\"318\">\n<p>jalfarom@diphuelva.org<\/p>\n<p>mdominguez@diphuelva.org<\/p>\n<p>&nbsp;<\/p>\n<\/td>\n<\/tr>\n<\/tbody>\n<\/table>\n<p>&nbsp;<\/p>\n<p>En el a\u00f1o 2021 se han celebrado dos consejos de c\u00e1tedra, uno el 11 de marzo y otro el 16 de diciembre de 2021.<\/p>\n<p>En el a\u00f1o 2022 se ha celebrado un consejo de c\u00e1tedra el 2 de marzo de 2022.<\/p>\n<p>En el a\u00f1o 2023 se ha celebrado un consejo de c\u00e1tedra el 23 de enero de 2023.<\/p>\n<p>&nbsp;<\/p>\n<p>[\/et_pb_text][\/et_pb_column][\/et_pb_row][\/et_pb_section]<\/p>\n","protected":false},"excerpt":{"rendered":"<p>Consejo de C\u00e1tedra&nbsp; El Consejo de C\u00e1tedra est\u00e1 formado por dos representantes de la UHU y dos representantes de la Diputaci\u00f3n Provincial de Huelva. Sus miembros son: Por la Universidad de Huelva Nombre y apellidos Cargo Suplente Correo &nbsp; Mar\u00eda Antonia Pe\u00f1a Guerrero Rectora Isabel Rodr\u00edguez (Vicerrectora) rectora@uhu.es vic.ie@uhu.es &nbsp; David Toscano Pardo Director de [&hellip;]<\/p>\n","protected":false},"author":1,"featured_media":0,"parent":0,"menu_order":0,"comment_status":"closed","ping_status":"closed","template":"","meta":{"_et_pb_use_builder":"on","_et_pb_old_content":"","_et_gb_content_width":"","footnotes":""},"_links":{"self":[{"href":"https:\/\/www.uhu.es\/catedra-provincia\/index.php?rest_route=\/wp\/v2\/pages\/314"}],"collection":[{"href":"https:\/\/www.uhu.es\/catedra-provincia\/index.php?rest_route=\/wp\/v2\/pages"}],"about":[{"href":"https:\/\/www.uhu.es\/catedra-provincia\/index.php?rest_route=\/wp\/v2\/types\/page"}],"author":[{"embeddable":true,"href":"https:\/\/www.uhu.es\/catedra-provincia\/index.php?rest_route=\/wp\/v2\/users\/1"}],"replies":[{"embeddable":true,"href":"https:\/\/www.uhu.es\/catedra-provincia\/index.php?rest_route=%2Fwp%2Fv2%2Fcomments&post=314"}],"version-history":[{"count":11,"href":"https:\/\/www.uhu.es\/catedra-provincia\/index.php?rest_route=\/wp\/v2\/pages\/314\/revisions"}],"predecessor-version":[{"id":1369,"href":"https:\/\/www.uhu.es\/catedra-provincia\/index.php?rest_route=\/wp\/v2\/pages\/314\/revisions\/1369"}],"wp:attachment":[{"href":"https:\/\/www.uhu.es\/catedra-provincia\/index.php?rest_route=%2Fwp%2Fv2%2Fmedia&parent=314"}],"curies":[{"name":"wp","href":"https:\/\/api.w.org\/{rel}","templated":true}]}}