{"id":578,"date":"2022-03-20T16:45:12","date_gmt":"2022-03-20T16:45:12","guid":{"rendered":"http:\/\/www.uhu.es\/catedra-provincia\/?page_id=578"},"modified":"2024-12-16T11:02:59","modified_gmt":"2024-12-16T11:02:59","slug":"578-2","status":"publish","type":"page","link":"https:\/\/www.uhu.es\/catedra-provincia\/?page_id=578","title":{"rendered":"Formaci\u00f3n 2021"},"content":{"rendered":"<p>[et_pb_section fb_built=\u00bb1&#8243; admin_label=\u00bbCourses Hero\u00bb _builder_version=\u00bb4.16&#8243; background_color=\u00bb#006aa6&#8243; background_color_gradient_start=\u00bb#0c71c3&#8243; background_color_gradient_end=\u00bb#709dc1&#8243; background_enable_image=\u00bboff\u00bb background_blend=\u00bboverlay\u00bb min_height=\u00bb39.6px\u00bb custom_padding=\u00bb1px|0px|0px|0px|false|\u00bb animation_style=\u00bbslide\u00bb animation_direction=\u00bbtop\u00bb animation_intensity_slide=\u00bb2%\u00bb locked=\u00bboff\u00bb global_colors_info=\u00bb{}\u00bb][et_pb_row column_structure=\u00bb1_2,1_2&#8243; _builder_version=\u00bb4.16&#8243; background_size=\u00bbinitial\u00bb background_position=\u00bbtop_left\u00bb background_repeat=\u00bbrepeat\u00bb custom_margin=\u00bb|||\u00bb custom_padding=\u00bb20px||||false|false\u00bb custom_width_px=\u00bb1280px\u00bb global_colors_info=\u00bb{}\u00bb][et_pb_column type=\u00bb1_2&#8243; _builder_version=\u00bb4.16&#8243; _module_preset=\u00bbdefault\u00bb global_colors_info=\u00bb{}\u00bb][et_pb_text _builder_version=\u00bb4.16&#8243; text_text_color=\u00bb#0c71c3&#8243; header_font=\u00bb|on|||\u00bb header_font_size=\u00bb42px\u00bb header_line_height=\u00bb1.3em\u00bb background_size=\u00bbinitial\u00bb background_position=\u00bbtop_left\u00bb background_repeat=\u00bbrepeat\u00bb text_orientation=\u00bbcenter\u00bb background_layout=\u00bbdark\u00bb max_width=\u00bb530px\u00bb module_alignment=\u00bbcenter\u00bb custom_margin=\u00bb|||-111px||\u00bb custom_padding=\u00bb4px|||0px||\u00bb header_font_size_tablet=\u00bb\u00bb header_font_size_phone=\u00bb\u00bb header_font_size_last_edited=\u00bbon|desktop\u00bb locked=\u00bboff\u00bb global_colors_info=\u00bb{}\u00bb]<\/p>\n<h1>Formaci\u00f3n 2021<\/h1>\n<p>[\/et_pb_text][\/et_pb_column][et_pb_column type=\u00bb1_2&#8243; _builder_version=\u00bb4.16&#8243; _module_preset=\u00bbdefault\u00bb custom_padding=\u00bb0px|0px||0px|false|false\u00bb global_colors_info=\u00bb{}\u00bb][\/et_pb_column][\/et_pb_row][\/et_pb_section][et_pb_section fb_built=\u00bb1&#8243; admin_label=\u00bbCourses\u00bb _builder_version=\u00bb4.16&#8243; custom_padding=\u00bb0px|0px|14px|0px||\u00bb global_colors_info=\u00bb{}\u00bb][et_pb_row column_structure=\u00bb1_2,1_2&#8243; _builder_version=\u00bb4.16&#8243; background_size=\u00bbinitial\u00bb background_position=\u00bbtop_left\u00bb background_repeat=\u00bbrepeat\u00bb custom_margin=\u00bb|||\u00bb custom_padding=\u00bb0px|0px|27px|0px\u00bb global_colors_info=\u00bb{}\u00bb][et_pb_column type=\u00bb1_2&#8243; _builder_version=\u00bb4.16&#8243; custom_padding=\u00bb|||\u00bb global_colors_info=\u00bb{}\u00bb custom_padding__hover=\u00bb|||\u00bb][et_pb_blurb title=\u00bbIntroducci\u00f3n a las fuentes de energ\u00edas renovables (B\u00e1sico)\u00bb icon_placement=\u00bbleft\u00bb content_max_width=\u00bb1100px\u00bb _builder_version=\u00bb4.17.3&#8243; header_font=\u00bb|on|||\u00bb header_text_color=\u00bb#2e2545&#8243; header_line_height=\u00bb1.5em\u00bb body_text_color=\u00bb#8585bd\u00bb body_font_size=\u00bb16px\u00bb body_line_height=\u00bb1.9em\u00bb background_color=\u00bb#ffffff\u00bb background_size=\u00bbinitial\u00bb background_position=\u00bbtop_left\u00bb background_repeat=\u00bbrepeat\u00bb min_height=\u00bb265.8px\u00bb custom_margin=\u00bb10%||10%||true|\u00bb custom_padding=\u00bb30px|40px|30px|40px\u00bb animation_style=\u00bbzoom\u00bb animation_direction=\u00bbbottom\u00bb animation_intensity_zoom=\u00bb20%\u00bb animation_starting_opacity=\u00bb100%\u00bb hover_enabled=\u00bb0&#8243; box_shadow_style=\u00bbpreset3&#8243; box_shadow_color=\u00bbrgba(71,74,182,0.12)\u00bb locked=\u00bboff\u00bb global_colors_info=\u00bb{}\u00bb sticky_enabled=\u00bb0&#8243;]<\/p>\n<p style=\"text-align: center;\"><img loading=\"lazy\" decoding=\"async\" src=\"https:\/\/www.uhu.es\/catedra-provincia\/wp-content\/uploads\/Captura-de-pantalla-2022-03-20-a-las-18.12.25-214x300.png\" width=\"214\" height=\"300\" alt=\"\" class=\"wp-image-593 alignnone size-medium\" \/><\/p>\n<p>Coodinador: Dr. Francisco Jos\u00e9 Vivas Fern\u00e1ndez-UHU<\/p>\n<p>Duraci\u00f3n: del 8 al 19 de noviembre de 2021<\/p>\n<p>[\/et_pb_blurb][et_pb_blurb title=\u00bbIntroducci\u00f3n a la agricultura de precisi\u00f3n (B\u00e1sico)\u00bb url=\u00bb#\u00bb use_icon=\u00bbon\u00bb icon_placement=\u00bbleft\u00bb content_max_width=\u00bb1100px\u00bb _builder_version=\u00bb4.17.3&#8243; header_font=\u00bb|on|||\u00bb header_text_color=\u00bb#2e2545&#8243; header_line_height=\u00bb1.5em\u00bb body_text_color=\u00bb#8585bd\u00bb body_font_size=\u00bb16px\u00bb body_line_height=\u00bb1.9em\u00bb background_color=\u00bb#ffffff\u00bb background_size=\u00bbinitial\u00bb background_position=\u00bbtop_left\u00bb background_repeat=\u00bbrepeat\u00bb custom_margin=\u00bb||10%|\u00bb custom_padding=\u00bb30px|40px|30px|40px\u00bb animation_style=\u00bbzoom\u00bb animation_direction=\u00bbbottom\u00bb animation_intensity_zoom=\u00bb20%\u00bb animation_starting_opacity=\u00bb100%\u00bb hover_enabled=\u00bb0&#8243; box_shadow_style=\u00bbpreset3&#8243; box_shadow_color=\u00bbrgba(71,74,182,0.12)\u00bb locked=\u00bboff\u00bb global_colors_info=\u00bb{}\u00bb sticky_enabled=\u00bb0&#8243;]<\/p>\n<p><img loading=\"lazy\" decoding=\"async\" src=\"https:\/\/www.uhu.es\/catedra-provincia\/wp-content\/uploads\/Captura-de-pantalla-2022-03-20-a-las-18.17.01-214x300.png\" width=\"214\" height=\"300\" alt=\"\" class=\"wp-image-596 alignnone size-medium\" style=\"display: block; margin-left: auto; margin-right: auto;\" \/><\/p>\n<p>Coordinador: Dr. Arturo AquinoMart\u00edn (Universidad de Huelva).<\/p>\n<p>Duraci\u00f3n: del 9 al 22 de diciembre de 2021<\/p>\n<p>[\/et_pb_blurb][et_pb_blurb title=\u00bbE-Commerce: crea tu tienda online\u00bb url=\u00bb#\u00bb use_icon=\u00bbon\u00bb icon_placement=\u00bbleft\u00bb content_max_width=\u00bb1100px\u00bb _builder_version=\u00bb4.17.3&#8243; header_font=\u00bb|on|||\u00bb header_text_color=\u00bb#2e2545&#8243; header_line_height=\u00bb1.5em\u00bb body_text_color=\u00bb#8585bd\u00bb body_font_size=\u00bb16px\u00bb body_line_height=\u00bb1.9em\u00bb background_color=\u00bb#ffffff\u00bb background_size=\u00bbinitial\u00bb background_position=\u00bbtop_left\u00bb background_repeat=\u00bbrepeat\u00bb custom_margin=\u00bb||10%|\u00bb custom_padding=\u00bb30px|40px|30px|40px\u00bb animation_style=\u00bbzoom\u00bb animation_direction=\u00bbbottom\u00bb animation_intensity_zoom=\u00bb20%\u00bb animation_starting_opacity=\u00bb100%\u00bb hover_enabled=\u00bb0&#8243; box_shadow_style=\u00bbpreset3&#8243; box_shadow_color=\u00bbrgba(71,74,182,0.12)\u00bb locked=\u00bboff\u00bb global_colors_info=\u00bb{}\u00bb sticky_enabled=\u00bb0&#8243;]<\/p>\n<p style=\"text-align: center;\"><img loading=\"lazy\" decoding=\"async\" src=\"https:\/\/www.uhu.es\/catedra-provincia\/wp-content\/uploads\/Captura-de-pantalla-2022-03-21-a-las-20.09.02-222x300.png\" width=\"222\" height=\"300\" alt=\"\" class=\"wp-image-713 alignnone size-medium\" \/><\/p>\n<p>Coordinador: Dr. Alfonso Infante Moro-UHU.<\/p>\n<p>Duraci\u00f3n: del 22 de noviembre al 22 de diciembre de 2021<\/p>\n<p>[\/et_pb_blurb][\/et_pb_column][et_pb_column type=\u00bb1_2&#8243; _builder_version=\u00bb4.16&#8243; custom_padding=\u00bb|||\u00bb global_colors_info=\u00bb{}\u00bb custom_padding__hover=\u00bb|||\u00bb][et_pb_blurb title=\u00bbInstalaciones de energ\u00edas renovables para uso residencial (Avanzado)\u00bb url=\u00bb#\u00bb use_icon=\u00bbon\u00bb icon_placement=\u00bbleft\u00bb content_max_width=\u00bb1100px\u00bb _builder_version=\u00bb4.17.3&#8243; header_font=\u00bb|on|||\u00bb header_text_color=\u00bb#2e2545&#8243; header_line_height=\u00bb1.5em\u00bb body_text_color=\u00bb#8585bd\u00bb body_font_size=\u00bb16px\u00bb body_line_height=\u00bb1.9em\u00bb background_color=\u00bb#ffffff\u00bb background_size=\u00bbinitial\u00bb background_position=\u00bbtop_left\u00bb background_repeat=\u00bbrepeat\u00bb custom_margin=\u00bb10%||10%||true|\u00bb custom_margin_tablet=\u00bb0px||10%|\u00bb custom_margin_phone=\u00bb\u00bb custom_margin_last_edited=\u00bbon|phone\u00bb custom_padding=\u00bb30px|40px|30px|40px\u00bb animation_style=\u00bbzoom\u00bb animation_direction=\u00bbbottom\u00bb animation_delay=\u00bb100ms\u00bb animation_intensity_zoom=\u00bb20%\u00bb animation_starting_opacity=\u00bb100%\u00bb hover_enabled=\u00bb0&#8243; box_shadow_style=\u00bbpreset3&#8243; box_shadow_color=\u00bbrgba(71,74,182,0.12)\u00bb locked=\u00bboff\u00bb global_colors_info=\u00bb{}\u00bb sticky_enabled=\u00bb0&#8243;]<\/p>\n<p style=\"text-align: left;\"><img loading=\"lazy\" decoding=\"async\" src=\"https:\/\/www.uhu.es\/catedra-provincia\/wp-content\/uploads\/Captura-de-pantalla-2022-03-20-a-las-18.14.40-214x300.png\" width=\"214\" height=\"300\" alt=\"\" class=\"wp-image-594 alignnone size-medium\" style=\"display: block; margin-left: auto; margin-right: auto;\" \/><\/p>\n<p style=\"text-align: left;\">Coordinador: Dr. Francisco Jos\u00e9 Vivas Fern\u00e1ndez-UHU<\/p>\n<p>Duraci\u00f3n: del 22 de noviembre de 2021 al 3 de diciembre de 2021.<\/p>\n<p>[\/et_pb_blurb][et_pb_blurb title=\u00bbEl uso del patrimonio natural como motor de desarrollo sostenible de las zonas rurales de la Provincia de Huelva\u00bb url=\u00bb#\u00bb use_icon=\u00bbon\u00bb icon_placement=\u00bbleft\u00bb content_max_width=\u00bb1100px\u00bb _builder_version=\u00bb4.17.3&#8243; header_font=\u00bb|on|||\u00bb header_text_color=\u00bb#2e2545&#8243; header_line_height=\u00bb1.5em\u00bb body_text_color=\u00bb#8585bd\u00bb body_font_size=\u00bb16px\u00bb body_line_height=\u00bb1.9em\u00bb background_color=\u00bb#ffffff\u00bb background_size=\u00bbinitial\u00bb background_position=\u00bbtop_left\u00bb background_repeat=\u00bbrepeat\u00bb custom_margin=\u00bb||10%|\u00bb custom_padding=\u00bb30px|40px|30px|40px\u00bb animation_style=\u00bbzoom\u00bb animation_direction=\u00bbbottom\u00bb animation_delay=\u00bb100ms\u00bb animation_intensity_zoom=\u00bb20%\u00bb animation_starting_opacity=\u00bb100%\u00bb hover_enabled=\u00bb0&#8243; box_shadow_style=\u00bbpreset3&#8243; box_shadow_color=\u00bbrgba(71,74,182,0.12)\u00bb locked=\u00bboff\u00bb global_colors_info=\u00bb{}\u00bb sticky_enabled=\u00bb0&#8243;]<\/p>\n<p><img loading=\"lazy\" decoding=\"async\" src=\"https:\/\/www.uhu.es\/catedra-provincia\/wp-content\/uploads\/Captura-de-pantalla-2022-03-20-a-las-18.21.36-223x300.png\" width=\"223\" height=\"300\" alt=\"\" class=\"wp-image-598 alignnone size-medium\" style=\"display: block; margin-left: auto; margin-right: auto;\" \/><\/p>\n<p>Coordinadora: Dra. M. \u00c1ngeles de las Heras P\u00e9rez -UHU.<\/p>\n<p>Duraci\u00f3n: del 9 de noviembre al 16 dediciembre de 2021<\/p>\n<p>[\/et_pb_blurb][\/et_pb_column][\/et_pb_row][\/et_pb_section]<\/p>\n","protected":false},"excerpt":{"rendered":"<p>Formaci\u00f3n 2021 Coodinador: Dr. Francisco Jos\u00e9 Vivas Fern\u00e1ndez-UHU Duraci\u00f3n: del 8 al 19 de noviembre de 2021 Coordinador: Dr. Arturo AquinoMart\u00edn (Universidad de Huelva). Duraci\u00f3n: del 9 al 22 de diciembre de 2021 Coordinador: Dr. Alfonso Infante Moro-UHU. Duraci\u00f3n: del 22 de noviembre al 22 de diciembre de 2021 Coordinador: Dr. Francisco Jos\u00e9 Vivas Fern\u00e1ndez-UHU [&hellip;]<\/p>\n","protected":false},"author":1,"featured_media":0,"parent":0,"menu_order":0,"comment_status":"closed","ping_status":"closed","template":"","meta":{"_et_pb_use_builder":"on","_et_pb_old_content":"","_et_gb_content_width":"","footnotes":""},"_links":{"self":[{"href":"https:\/\/www.uhu.es\/catedra-provincia\/index.php?rest_route=\/wp\/v2\/pages\/578"}],"collection":[{"href":"https:\/\/www.uhu.es\/catedra-provincia\/index.php?rest_route=\/wp\/v2\/pages"}],"about":[{"href":"https:\/\/www.uhu.es\/catedra-provincia\/index.php?rest_route=\/wp\/v2\/types\/page"}],"author":[{"embeddable":true,"href":"https:\/\/www.uhu.es\/catedra-provincia\/index.php?rest_route=\/wp\/v2\/users\/1"}],"replies":[{"embeddable":true,"href":"https:\/\/www.uhu.es\/catedra-provincia\/index.php?rest_route=%2Fwp%2Fv2%2Fcomments&post=578"}],"version-history":[{"count":7,"href":"https:\/\/www.uhu.es\/catedra-provincia\/index.php?rest_route=\/wp\/v2\/pages\/578\/revisions"}],"predecessor-version":[{"id":1428,"href":"https:\/\/www.uhu.es\/catedra-provincia\/index.php?rest_route=\/wp\/v2\/pages\/578\/revisions\/1428"}],"wp:attachment":[{"href":"https:\/\/www.uhu.es\/catedra-provincia\/index.php?rest_route=%2Fwp%2Fv2%2Fmedia&parent=578"}],"curies":[{"name":"wp","href":"https:\/\/api.w.org\/{rel}","templated":true}]}}