{"id":608,"date":"2022-03-20T18:03:25","date_gmt":"2022-03-20T18:03:25","guid":{"rendered":"http:\/\/www.uhu.es\/catedra-provincia\/?page_id=608"},"modified":"2022-03-20T19:13:05","modified_gmt":"2022-03-20T19:13:05","slug":"ayudas-2020","status":"publish","type":"page","link":"https:\/\/www.uhu.es\/catedra-provincia\/?page_id=608","title":{"rendered":"Ayudas 2020"},"content":{"rendered":"\n[et_pb_section fb_built=\u00bb1&#8243; admin_label=\u00bbCourses Hero\u00bb _builder_version=\u00bb4.14.7&#8243; background_color=\u00bb#006aa6&#8243; background_color_gradient_start=\u00bb#0c71c3&#8243; background_color_gradient_end=\u00bb#709dc1&#8243; background_enable_image=\u00bboff\u00bb background_blend=\u00bboverlay\u00bb min_height=\u00bb39.6px\u00bb custom_padding=\u00bb1px|0px|0px|0px|false|\u00bb animation_style=\u00bbslide\u00bb animation_direction=\u00bbtop\u00bb animation_intensity_slide=\u00bb2%\u00bb locked=\u00bboff\u00bb global_colors_info=\u00bb{}\u00bb theme_builder_area=\u00bbpost_content\u00bb][et_pb_row column_structure=\u00bb1_2,1_2&#8243; _builder_version=\u00bb4.14.7&#8243; background_size=\u00bbinitial\u00bb background_position=\u00bbtop_left\u00bb background_repeat=\u00bbrepeat\u00bb custom_margin=\u00bb|||\u00bb custom_padding=\u00bb20px||||false|false\u00bb custom_width_px=\u00bb1280px\u00bb global_colors_info=\u00bb{}\u00bb theme_builder_area=\u00bbpost_content\u00bb][et_pb_column type=\u00bb1_2&#8243; _builder_version=\u00bb4.14.7&#8243; _module_preset=\u00bbdefault\u00bb global_colors_info=\u00bb{}\u00bb theme_builder_area=\u00bbpost_content\u00bb][et_pb_text _builder_version=\u00bb4.14.7&#8243; text_text_color=\u00bb#0c71c3&#8243; header_font=\u00bb|on|||\u00bb header_font_size=\u00bb42px\u00bb header_line_height=\u00bb1.3em\u00bb background_size=\u00bbinitial\u00bb background_position=\u00bbtop_left\u00bb background_repeat=\u00bbrepeat\u00bb text_orientation=\u00bbcenter\u00bb background_layout=\u00bbdark\u00bb max_width=\u00bb530px\u00bb module_alignment=\u00bbcenter\u00bb custom_margin=\u00bb|||-111px||\u00bb custom_padding=\u00bb4px|||0px||\u00bb header_font_size_tablet=\u00bb\u00bb header_font_size_phone=\u00bb\u00bb header_font_size_last_edited=\u00bbon|desktop\u00bb locked=\u00bboff\u00bb global_colors_info=\u00bb{}\u00bb theme_builder_area=\u00bbpost_content\u00bb]<h1>Ayudas 2020<\/h1>[\/et_pb_text][\/et_pb_column][et_pb_column type=\u00bb1_2&#8243; _builder_version=\u00bb4.14.7&#8243; _module_preset=\u00bbdefault\u00bb custom_padding=\u00bb0px|0px||0px|false|false\u00bb global_colors_info=\u00bb{}\u00bb theme_builder_area=\u00bbpost_content\u00bb][\/et_pb_column][\/et_pb_row][\/et_pb_section][et_pb_section fb_built=\u00bb1&#8243; theme_builder_area=\u00bbpost_content\u00bb _builder_version=\u00bb4.14.7&#8243; _module_preset=\u00bbdefault\u00bb hover_enabled=\u00bb0&#8243; sticky_enabled=\u00bb0&#8243;][et_pb_row _builder_version=\u00bb4.14.7&#8243; _module_preset=\u00bbdefault\u00bb column_structure=\u00bb1_3,1_3,1_3&#8243; theme_builder_area=\u00bbpost_content\u00bb border_color_all=\u00bbRGBA(255,255,255,0)\u00bb hover_enabled=\u00bb0&#8243; sticky_enabled=\u00bb0&#8243; custom_margin=\u00bb0px||||false|false\u00bb custom_padding=\u00bb0px||0px|0px|false|false\u00bb][et_pb_column _builder_version=\u00bb4.14.7&#8243; _module_preset=\u00bbdefault\u00bb type=\u00bb1_3&#8243; theme_builder_area=\u00bbpost_content\u00bb hover_enabled=\u00bb0&#8243; sticky_enabled=\u00bb0&#8243; background_color=\u00bb#f2f2f2&#8243; custom_padding=\u00bb8px|||8px|false|false\u00bb][et_pb_text _builder_version=\u00bb4.14.7&#8243; _module_preset=\u00bbdefault\u00bb theme_builder_area=\u00bbpost_content\u00bb hover_enabled=\u00bb0&#8243; sticky_enabled=\u00bb0&#8243;]<h3>ACTIVIDAD<\/h3>[\/et_pb_text][\/et_pb_column][et_pb_column _builder_version=\u00bb4.14.7&#8243; _module_preset=\u00bbdefault\u00bb type=\u00bb1_3&#8243; theme_builder_area=\u00bbpost_content\u00bb hover_enabled=\u00bb0&#8243; sticky_enabled=\u00bb0&#8243;][et_pb_text _builder_version=\u00bb4.14.7&#8243; _module_preset=\u00bbdefault\u00bb theme_builder_area=\u00bbpost_content\u00bb hover_enabled=\u00bb0&#8243; sticky_enabled=\u00bb0&#8243; background_color=\u00bb#f2f2f2&#8243; custom_margin=\u00bb0px||||false|false\u00bb custom_padding=\u00bb7px|||8px|false|false\u00bb]<h3>RESPONSABLE<\/h3>[\/et_pb_text][\/et_pb_column][et_pb_column _builder_version=\u00bb4.14.7&#8243; _module_preset=\u00bbdefault\u00bb type=\u00bb1_3&#8243; theme_builder_area=\u00bbpost_content\u00bb][et_pb_text _builder_version=\u00bb4.14.7&#8243; _module_preset=\u00bbdefault\u00bb theme_builder_area=\u00bbpost_content\u00bb hover_enabled=\u00bb0&#8243; sticky_enabled=\u00bb0&#8243; background_color=\u00bb#f2f2f2&#8243; custom_padding=\u00bb8px|||8px|false|false\u00bb]<h3>IMPORTE<\/h3>[\/et_pb_text][\/et_pb_column][\/et_pb_row][et_pb_row _builder_version=\u00bb4.14.7&#8243; _module_preset=\u00bbdefault\u00bb column_structure=\u00bb1_3,1_3,1_3&#8243; theme_builder_area=\u00bbpost_content\u00bb border_color_all=\u00bbRGBA(255,255,255,0)\u00bb hover_enabled=\u00bb0&#8243; sticky_enabled=\u00bb0&#8243; custom_margin=\u00bb0px|auto|15px|auto|false|false\u00bb custom_padding=\u00bb0px||0px|0px|false|false\u00bb][et_pb_column _builder_version=\u00bb4.14.7&#8243; _module_preset=\u00bbdefault\u00bb type=\u00bb1_3&#8243; theme_builder_area=\u00bbpost_content\u00bb hover_enabled=\u00bb0&#8243; sticky_enabled=\u00bb0&#8243; background_color=\u00bbRGBA(255,255,255,0)\u00bb custom_padding=\u00bb8px|||8px|false|false\u00bb][et_pb_text _builder_version=\u00bb4.14.7&#8243; _module_preset=\u00bbdefault\u00bb theme_builder_area=\u00bbpost_content\u00bb hover_enabled=\u00bb0&#8243; sticky_enabled=\u00bb0&#8243; background_color=\u00bbRGBA(255,255,255,0)\u00bb]<p>Erasmus Days<\/p>[\/et_pb_text][\/et_pb_column][et_pb_column _builder_version=\u00bb4.14.7&#8243; _module_preset=\u00bbdefault\u00bb type=\u00bb1_3&#8243; theme_builder_area=\u00bbpost_content\u00bb hover_enabled=\u00bb0&#8243; sticky_enabled=\u00bb0&#8243;][et_pb_text _builder_version=\u00bb4.14.7&#8243; _module_preset=\u00bbdefault\u00bb theme_builder_area=\u00bbpost_content\u00bb hover_enabled=\u00bb0&#8243; sticky_enabled=\u00bb0&#8243; background_color=\u00bbRGBA(255,255,255,0)\u00bb custom_margin=\u00bb0px||||false|false\u00bb custom_padding=\u00bb7px|||8px|false|false\u00bb]<p>Directora de Movilidad y Relaciones Internacionales. Teresa Aceituno.<\/p>[\/et_pb_text][\/et_pb_column][et_pb_column _builder_version=\u00bb4.14.7&#8243; _module_preset=\u00bbdefault\u00bb type=\u00bb1_3&#8243; theme_builder_area=\u00bbpost_content\u00bb][et_pb_text _builder_version=\u00bb4.14.7&#8243; _module_preset=\u00bbdefault\u00bb theme_builder_area=\u00bbpost_content\u00bb hover_enabled=\u00bb0&#8243; sticky_enabled=\u00bb0&#8243; background_color=\u00bbRGBA(255,255,255,0)\u00bb custom_padding=\u00bb8px|||8px|false|false\u00bb]<p>375 \u20ac<\/p>[\/et_pb_text][\/et_pb_column][\/et_pb_row][et_pb_row _builder_version=\u00bb4.14.7&#8243; _module_preset=\u00bbdefault\u00bb theme_builder_area=\u00bbpost_content\u00bb custom_padding=\u00bb3px|||||\u00bb][et_pb_column _builder_version=\u00bb4.14.7&#8243; _module_preset=\u00bbdefault\u00bb type=\u00bb4_4&#8243; theme_builder_area=\u00bbpost_content\u00bb][et_pb_divider _builder_version=\u00bb4.14.7&#8243; _module_preset=\u00bbdefault\u00bb theme_builder_area=\u00bbpost_content\u00bb color=\u00bb#0C71C3&#8243; hover_enabled=\u00bb0&#8243; sticky_enabled=\u00bb0&#8243; custom_margin=\u00bb||-16px|||\u00bb][\/et_pb_divider][\/et_pb_column][\/et_pb_row][et_pb_row _builder_version=\u00bb4.14.7&#8243; _module_preset=\u00bbdefault\u00bb column_structure=\u00bb1_3,1_3,1_3&#8243; theme_builder_area=\u00bbpost_content\u00bb border_color_all=\u00bbRGBA(255,255,255,0)\u00bb hover_enabled=\u00bb0&#8243; sticky_enabled=\u00bb0&#8243; custom_margin=\u00bb-30px|auto||auto|false|false\u00bb custom_padding=\u00bb0px||0px|0px|false|false\u00bb][et_pb_column _builder_version=\u00bb4.14.7&#8243; _module_preset=\u00bbdefault\u00bb type=\u00bb1_3&#8243; theme_builder_area=\u00bbpost_content\u00bb hover_enabled=\u00bb0&#8243; sticky_enabled=\u00bb0&#8243; background_color=\u00bbRGBA(255,255,255,0)\u00bb custom_padding=\u00bb8px|||8px|false|false\u00bb][et_pb_text _builder_version=\u00bb4.14.7&#8243; _module_preset=\u00bbdefault\u00bb theme_builder_area=\u00bbpost_content\u00bb hover_enabled=\u00bb0&#8243; sticky_enabled=\u00bb0&#8243; background_color=\u00bbRGBA(255,255,255,0)\u00bb]<p>Seminario Internacional: \u00abBuilding Refuge Cities. Las Ciudades Refugio en Espa\u00f1a y Derecho Comparado\u00bb<\/p>[\/et_pb_text][\/et_pb_column][et_pb_column _builder_version=\u00bb4.14.7&#8243; _module_preset=\u00bbdefault\u00bb type=\u00bb1_3&#8243; theme_builder_area=\u00bbpost_content\u00bb hover_enabled=\u00bb0&#8243; sticky_enabled=\u00bb0&#8243;][et_pb_text _builder_version=\u00bb4.14.7&#8243; _module_preset=\u00bbdefault\u00bb theme_builder_area=\u00bbpost_content\u00bb hover_enabled=\u00bb0&#8243; sticky_enabled=\u00bb0&#8243; background_color=\u00bbRGBA(255,255,255,0)\u00bb custom_margin=\u00bb0px||||false|false\u00bb custom_padding=\u00bb7px|||8px|false|false\u00bb]<p>Nuria Arenas Hidalgo. Profesora del \u00e1rea de Derecho Internacional P\u00fablico y Relaciones Internacionales.<\/p>[\/et_pb_text][\/et_pb_column][et_pb_column _builder_version=\u00bb4.14.7&#8243; _module_preset=\u00bbdefault\u00bb type=\u00bb1_3&#8243; theme_builder_area=\u00bbpost_content\u00bb][et_pb_text _builder_version=\u00bb4.14.7&#8243; _module_preset=\u00bbdefault\u00bb theme_builder_area=\u00bbpost_content\u00bb hover_enabled=\u00bb0&#8243; sticky_enabled=\u00bb0&#8243; background_color=\u00bbRGBA(255,255,255,0)\u00bb custom_padding=\u00bb8px|||8px|false|false\u00bb]<p>1299 \u20ac<\/p>[\/et_pb_text][\/et_pb_column][\/et_pb_row][et_pb_row _builder_version=\u00bb4.14.7&#8243; _module_preset=\u00bbdefault\u00bb theme_builder_area=\u00bbpost_content\u00bb custom_padding=\u00bb||3px|||\u00bb][et_pb_column _builder_version=\u00bb4.14.7&#8243; _module_preset=\u00bbdefault\u00bb type=\u00bb4_4&#8243; theme_builder_area=\u00bbpost_content\u00bb][et_pb_divider _builder_version=\u00bb4.14.7&#8243; _module_preset=\u00bbdefault\u00bb theme_builder_area=\u00bbpost_content\u00bb color=\u00bb#0C71C3&#8243; hover_enabled=\u00bb0&#8243; sticky_enabled=\u00bb0&#8243; custom_margin=\u00bb-13px||-10px|||\u00bb][\/et_pb_divider][\/et_pb_column][\/et_pb_row][et_pb_row _builder_version=\u00bb4.14.7&#8243; _module_preset=\u00bbdefault\u00bb column_structure=\u00bb1_3,1_3,1_3&#8243; theme_builder_area=\u00bbpost_content\u00bb border_color_all=\u00bbRGBA(255,255,255,0)\u00bb hover_enabled=\u00bb0&#8243; sticky_enabled=\u00bb0&#8243; custom_margin=\u00bb-13px|auto||auto|false|false\u00bb custom_padding=\u00bb0px||0px|0px|false|false\u00bb][et_pb_column _builder_version=\u00bb4.14.7&#8243; _module_preset=\u00bbdefault\u00bb type=\u00bb1_3&#8243; theme_builder_area=\u00bbpost_content\u00bb hover_enabled=\u00bb0&#8243; sticky_enabled=\u00bb0&#8243; background_color=\u00bbRGBA(255,255,255,0)\u00bb custom_padding=\u00bb8px|||8px|false|false\u00bb][et_pb_text _builder_version=\u00bb4.14.7&#8243; _module_preset=\u00bbdefault\u00bb theme_builder_area=\u00bbpost_content\u00bb hover_enabled=\u00bb0&#8243; sticky_enabled=\u00bb0&#8243; background_color=\u00bbRGBA(255,255,255,0)\u00bb]<p>Formaci\u00f3n a docentes de pre-universitarios par conectarlos con la Universidad<\/p>[\/et_pb_text][\/et_pb_column][et_pb_column _builder_version=\u00bb4.14.7&#8243; _module_preset=\u00bbdefault\u00bb type=\u00bb1_3&#8243; theme_builder_area=\u00bbpost_content\u00bb hover_enabled=\u00bb0&#8243; sticky_enabled=\u00bb0&#8243;][et_pb_text _builder_version=\u00bb4.14.7&#8243; _module_preset=\u00bbdefault\u00bb theme_builder_area=\u00bbpost_content\u00bb hover_enabled=\u00bb0&#8243; sticky_enabled=\u00bb0&#8243; background_color=\u00bbRGBA(255,255,255,0)\u00bb custom_margin=\u00bb0px||||false|false\u00bb custom_padding=\u00bb7px|||8px|false|false\u00bb]<p>Antonio Javier Barrag\u00e1n Pi\u00f1a, Departamento de Ingenier\u00eda Electr\u00f3nica, se Sistemas Inform\u00e1ticos y Autom\u00e1tica.<\/p>[\/et_pb_text][\/et_pb_column][et_pb_column _builder_version=\u00bb4.14.7&#8243; _module_preset=\u00bbdefault\u00bb type=\u00bb1_3&#8243; theme_builder_area=\u00bbpost_content\u00bb][et_pb_text _builder_version=\u00bb4.14.7&#8243; _module_preset=\u00bbdefault\u00bb theme_builder_area=\u00bbpost_content\u00bb hover_enabled=\u00bb0&#8243; sticky_enabled=\u00bb0&#8243; background_color=\u00bbRGBA(255,255,255,0)\u00bb custom_padding=\u00bb8px|||8px|false|false\u00bb]<p>1000 \u20ac<\/p>[\/et_pb_text][\/et_pb_column][\/et_pb_row][et_pb_row _builder_version=\u00bb4.14.7&#8243; _module_preset=\u00bbdefault\u00bb theme_builder_area=\u00bbpost_content\u00bb custom_padding=\u00bb||0px|||\u00bb custom_margin=\u00bb|auto|-18px|auto||\u00bb][et_pb_column _builder_version=\u00bb4.14.7&#8243; _module_preset=\u00bbdefault\u00bb type=\u00bb4_4&#8243; theme_builder_area=\u00bbpost_content\u00bb][et_pb_divider _builder_version=\u00bb4.14.7&#8243; _module_preset=\u00bbdefault\u00bb theme_builder_area=\u00bbpost_content\u00bb color=\u00bb#0C71C3&#8243; hover_enabled=\u00bb0&#8243; sticky_enabled=\u00bb0&#8243; custom_margin=\u00bb-18px||-39px|||\u00bb][\/et_pb_divider][\/et_pb_column][\/et_pb_row][et_pb_row _builder_version=\u00bb4.14.7&#8243; _module_preset=\u00bbdefault\u00bb column_structure=\u00bb1_3,1_3,1_3&#8243; theme_builder_area=\u00bbpost_content\u00bb border_color_all=\u00bbRGBA(255,255,255,0)\u00bb hover_enabled=\u00bb0&#8243; sticky_enabled=\u00bb0&#8243; custom_margin=\u00bb0px||||false|false\u00bb custom_padding=\u00bb0px||0px|0px|false|false\u00bb][et_pb_column _builder_version=\u00bb4.14.7&#8243; _module_preset=\u00bbdefault\u00bb type=\u00bb1_3&#8243; theme_builder_area=\u00bbpost_content\u00bb hover_enabled=\u00bb0&#8243; sticky_enabled=\u00bb0&#8243; background_color=\u00bbRGBA(255,255,255,0)\u00bb custom_padding=\u00bb8px|||8px|false|false\u00bb][et_pb_text _builder_version=\u00bb4.14.7&#8243; _module_preset=\u00bbdefault\u00bb theme_builder_area=\u00bbpost_content\u00bb hover_enabled=\u00bb0&#8243; sticky_enabled=\u00bb0&#8243; background_color=\u00bbRGBA(255,255,255,0)\u00bb]<p>Curso de formaci\u00f3n del profesorado \u00abReal English for your class in english\u00bb<\/p>[\/et_pb_text][\/et_pb_column][et_pb_column _builder_version=\u00bb4.14.7&#8243; _module_preset=\u00bbdefault\u00bb type=\u00bb1_3&#8243; theme_builder_area=\u00bbpost_content\u00bb hover_enabled=\u00bb0&#8243; sticky_enabled=\u00bb0&#8243;][et_pb_text _builder_version=\u00bb4.14.7&#8243; _module_preset=\u00bbdefault\u00bb theme_builder_area=\u00bbpost_content\u00bb hover_enabled=\u00bb0&#8243; sticky_enabled=\u00bb0&#8243; background_color=\u00bbRGBA(255,255,255,0)\u00bb custom_margin=\u00bb0px||||false|false\u00bb custom_padding=\u00bb7px|||8px|false|false\u00bb]<p>Roc\u00edo Carrasco Carrasco. Directora de formaci\u00f3n e innovaci\u00f3n.<\/p>[\/et_pb_text][\/et_pb_column][et_pb_column _builder_version=\u00bb4.14.7&#8243; _module_preset=\u00bbdefault\u00bb type=\u00bb1_3&#8243; theme_builder_area=\u00bbpost_content\u00bb][et_pb_text _builder_version=\u00bb4.14.7&#8243; _module_preset=\u00bbdefault\u00bb theme_builder_area=\u00bbpost_content\u00bb hover_enabled=\u00bb0&#8243; sticky_enabled=\u00bb0&#8243; background_color=\u00bbRGBA(255,255,255,0)\u00bb custom_padding=\u00bb8px|||8px|false|false\u00bb]<p>500 \u20ac<\/p>[\/et_pb_text][\/et_pb_column][\/et_pb_row][et_pb_row _builder_version=\u00bb4.14.7&#8243; _module_preset=\u00bbdefault\u00bb theme_builder_area=\u00bbpost_content\u00bb custom_margin=\u00bb|auto|-34px|auto||\u00bb custom_padding=\u00bb31px|||||\u00bb min_height=\u00bb35.8px\u00bb][et_pb_column _builder_version=\u00bb4.14.7&#8243; _module_preset=\u00bbdefault\u00bb type=\u00bb4_4&#8243; theme_builder_area=\u00bbpost_content\u00bb][et_pb_divider _builder_version=\u00bb4.14.7&#8243; _module_preset=\u00bbdefault\u00bb theme_builder_area=\u00bbpost_content\u00bb color=\u00bb#0C71C3&#8243; hover_enabled=\u00bb0&#8243; sticky_enabled=\u00bb0&#8243; custom_margin=\u00bb-19px||-25px|||\u00bb][\/et_pb_divider][\/et_pb_column][\/et_pb_row][et_pb_row _builder_version=\u00bb4.14.7&#8243; _module_preset=\u00bbdefault\u00bb column_structure=\u00bb1_3,1_3,1_3&#8243; theme_builder_area=\u00bbpost_content\u00bb border_color_all=\u00bbRGBA(255,255,255,0)\u00bb hover_enabled=\u00bb0&#8243; sticky_enabled=\u00bb0&#8243; custom_margin=\u00bb0px||||false|false\u00bb custom_padding=\u00bb0px||0px|0px|false|false\u00bb][et_pb_column _builder_version=\u00bb4.14.7&#8243; _module_preset=\u00bbdefault\u00bb type=\u00bb1_3&#8243; theme_builder_area=\u00bbpost_content\u00bb hover_enabled=\u00bb0&#8243; sticky_enabled=\u00bb0&#8243; background_color=\u00bbRGBA(255,255,255,0)\u00bb custom_padding=\u00bb8px|||8px|false|false\u00bb][et_pb_text _builder_version=\u00bb4.14.7&#8243; _module_preset=\u00bbdefault\u00bb theme_builder_area=\u00bbpost_content\u00bb hover_enabled=\u00bb0&#8243; sticky_enabled=\u00bb0&#8243;]<p>Curso de formaci\u00f3n del profesorado \u00abPerspectiva de g\u00e9nero en la comunicaci\u00f3n\u00bb<\/p>[\/et_pb_text][\/et_pb_column][et_pb_column _builder_version=\u00bb4.14.7&#8243; _module_preset=\u00bbdefault\u00bb type=\u00bb1_3&#8243; theme_builder_area=\u00bbpost_content\u00bb hover_enabled=\u00bb0&#8243; sticky_enabled=\u00bb0&#8243;][et_pb_text _builder_version=\u00bb4.14.7&#8243; _module_preset=\u00bbdefault\u00bb theme_builder_area=\u00bbpost_content\u00bb hover_enabled=\u00bb0&#8243; sticky_enabled=\u00bb0&#8243; background_color=\u00bbRGBA(255,255,255,0)\u00bb custom_margin=\u00bb0px||||false|false\u00bb custom_padding=\u00bb7px|||8px|false|false\u00bb]<p>Roc\u00edo Carrasco Carrasco. Directora de formaci\u00f3n e innovaci\u00f3n.<\/p>[\/et_pb_text][\/et_pb_column][et_pb_column _builder_version=\u00bb4.14.7&#8243; _module_preset=\u00bbdefault\u00bb type=\u00bb1_3&#8243; theme_builder_area=\u00bbpost_content\u00bb][et_pb_text _builder_version=\u00bb4.14.7&#8243; _module_preset=\u00bbdefault\u00bb theme_builder_area=\u00bbpost_content\u00bb hover_enabled=\u00bb0&#8243; sticky_enabled=\u00bb0&#8243; background_color=\u00bbRGBA(255,255,255,0)\u00bb custom_padding=\u00bb8px|||8px|false|false\u00bb]<p>700 \u20ac<\/p>[\/et_pb_text][\/et_pb_column][\/et_pb_row][et_pb_row _builder_version=\u00bb4.14.7&#8243; _module_preset=\u00bbdefault\u00bb theme_builder_area=\u00bbpost_content\u00bb][et_pb_column _builder_version=\u00bb4.14.7&#8243; _module_preset=\u00bbdefault\u00bb type=\u00bb4_4&#8243; theme_builder_area=\u00bbpost_content\u00bb][et_pb_divider _builder_version=\u00bb4.14.7&#8243; _module_preset=\u00bbdefault\u00bb theme_builder_area=\u00bbpost_content\u00bb color=\u00bb#0C71C3&#8243; hover_enabled=\u00bb0&#8243; sticky_enabled=\u00bb0&#8243; custom_margin=\u00bb-19px|||||\u00bb][\/et_pb_divider][\/et_pb_column][\/et_pb_row][et_pb_row _builder_version=\u00bb4.14.7&#8243; _module_preset=\u00bbdefault\u00bb column_structure=\u00bb1_3,1_3,1_3&#8243; theme_builder_area=\u00bbpost_content\u00bb border_color_all=\u00bbRGBA(255,255,255,0)\u00bb hover_enabled=\u00bb0&#8243; sticky_enabled=\u00bb0&#8243; custom_margin=\u00bb-33px|auto||auto|false|false\u00bb custom_padding=\u00bb0px||0px|0px|false|false\u00bb][et_pb_column _builder_version=\u00bb4.14.7&#8243; _module_preset=\u00bbdefault\u00bb type=\u00bb1_3&#8243; theme_builder_area=\u00bbpost_content\u00bb hover_enabled=\u00bb0&#8243; sticky_enabled=\u00bb0&#8243; background_color=\u00bbRGBA(255,255,255,0)\u00bb custom_padding=\u00bb8px|||8px|false|false\u00bb][et_pb_text _builder_version=\u00bb4.14.7&#8243; _module_preset=\u00bbdefault\u00bb theme_builder_area=\u00bbpost_content\u00bb hover_enabled=\u00bb0&#8243; sticky_enabled=\u00bb0&#8243; background_color=\u00bbRGBA(255,255,255,0)\u00bb]<p>Celebraci\u00f3n del d\u00eda europeo de las lenguas<\/p>[\/et_pb_text][\/et_pb_column][et_pb_column _builder_version=\u00bb4.14.7&#8243; _module_preset=\u00bbdefault\u00bb type=\u00bb1_3&#8243; theme_builder_area=\u00bbpost_content\u00bb hover_enabled=\u00bb0&#8243; sticky_enabled=\u00bb0&#8243;][et_pb_text _builder_version=\u00bb4.14.7&#8243; _module_preset=\u00bbdefault\u00bb theme_builder_area=\u00bbpost_content\u00bb hover_enabled=\u00bb0&#8243; sticky_enabled=\u00bb0&#8243; background_color=\u00bbRGBA(255,255,255,0)\u00bb custom_margin=\u00bb0px||||false|false\u00bb custom_padding=\u00bb7px|||8px|false|false\u00bb]<p>Beatriz Dom\u00ednguez Garc\u00eda. Directora del servicio de Lenguas Modernas.<\/p>[\/et_pb_text][\/et_pb_column][et_pb_column _builder_version=\u00bb4.14.7&#8243; _module_preset=\u00bbdefault\u00bb type=\u00bb1_3&#8243; theme_builder_area=\u00bbpost_content\u00bb][et_pb_text _builder_version=\u00bb4.14.7&#8243; _module_preset=\u00bbdefault\u00bb theme_builder_area=\u00bbpost_content\u00bb hover_enabled=\u00bb0&#8243; sticky_enabled=\u00bb0&#8243; background_color=\u00bbRGBA(255,255,255,0)\u00bb custom_padding=\u00bb8px|||8px|false|false\u00bb]<p>700 \u20ac<\/p>[\/et_pb_text][\/et_pb_column][\/et_pb_row][et_pb_row _builder_version=\u00bb4.14.7&#8243; _module_preset=\u00bbdefault\u00bb theme_builder_area=\u00bbpost_content\u00bb custom_padding=\u00bb15px||0px|||\u00bb][et_pb_column _builder_version=\u00bb4.14.7&#8243; _module_preset=\u00bbdefault\u00bb type=\u00bb4_4&#8243; theme_builder_area=\u00bbpost_content\u00bb][et_pb_divider _builder_version=\u00bb4.14.7&#8243; _module_preset=\u00bbdefault\u00bb theme_builder_area=\u00bbpost_content\u00bb color=\u00bb#0C71C3&#8243; hover_enabled=\u00bb0&#8243; sticky_enabled=\u00bb0&#8243;][\/et_pb_divider][\/et_pb_column][\/et_pb_row][et_pb_row _builder_version=\u00bb4.14.7&#8243; _module_preset=\u00bbdefault\u00bb column_structure=\u00bb1_3,1_3,1_3&#8243; theme_builder_area=\u00bbpost_content\u00bb border_color_all=\u00bbRGBA(255,255,255,0)\u00bb hover_enabled=\u00bb0&#8243; sticky_enabled=\u00bb0&#8243; custom_margin=\u00bb0px||||false|false\u00bb custom_padding=\u00bb0px||0px|0px|false|false\u00bb][et_pb_column _builder_version=\u00bb4.14.7&#8243; _module_preset=\u00bbdefault\u00bb type=\u00bb1_3&#8243; theme_builder_area=\u00bbpost_content\u00bb hover_enabled=\u00bb0&#8243; sticky_enabled=\u00bb0&#8243; background_color=\u00bbRGBA(255,255,255,0)\u00bb custom_padding=\u00bb8px|||8px|false|false\u00bb][et_pb_text _builder_version=\u00bb4.14.7&#8243; _module_preset=\u00bbdefault\u00bb theme_builder_area=\u00bbpost_content\u00bb hover_enabled=\u00bb0&#8243; sticky_enabled=\u00bb0&#8243; background_color=\u00bbRGBA(255,255,255,0)\u00bb]<p>Competici\u00f3n Sustainable Urban race 2020, \u00abSUR20\u00bb. Competici\u00f3n de veh\u00edculos el\u00e9ctricos solares<\/p>[\/et_pb_text][\/et_pb_column][et_pb_column _builder_version=\u00bb4.14.7&#8243; _module_preset=\u00bbdefault\u00bb type=\u00bb1_3&#8243; theme_builder_area=\u00bbpost_content\u00bb hover_enabled=\u00bb0&#8243; sticky_enabled=\u00bb0&#8243;][et_pb_text _builder_version=\u00bb4.14.7&#8243; _module_preset=\u00bbdefault\u00bb theme_builder_area=\u00bbpost_content\u00bb hover_enabled=\u00bb0&#8243; sticky_enabled=\u00bb0&#8243; background_color=\u00bbRGBA(255,255,255,0)\u00bb custom_margin=\u00bb0px||||false|false\u00bb custom_padding=\u00bb7px|||8px|false|false\u00bb]<p>Juan Manuel Enrique G\u00f3mez. DIESIA.<\/p>[\/et_pb_text][\/et_pb_column][et_pb_column _builder_version=\u00bb4.14.7&#8243; _module_preset=\u00bbdefault\u00bb type=\u00bb1_3&#8243; theme_builder_area=\u00bbpost_content\u00bb][et_pb_text _builder_version=\u00bb4.14.7&#8243; _module_preset=\u00bbdefault\u00bb theme_builder_area=\u00bbpost_content\u00bb hover_enabled=\u00bb0&#8243; sticky_enabled=\u00bb0&#8243; background_color=\u00bbRGBA(255,255,255,0)\u00bb custom_padding=\u00bb8px|||8px|false|false\u00bb]<p>1200 \u20ac<\/p>[\/et_pb_text][\/et_pb_column][\/et_pb_row][et_pb_row _builder_version=\u00bb4.14.7&#8243; _module_preset=\u00bbdefault\u00bb theme_builder_area=\u00bbpost_content\u00bb custom_padding=\u00bb15px||0px|||\u00bb][et_pb_column _builder_version=\u00bb4.14.7&#8243; _module_preset=\u00bbdefault\u00bb type=\u00bb4_4&#8243; theme_builder_area=\u00bbpost_content\u00bb][et_pb_divider _builder_version=\u00bb4.14.7&#8243; _module_preset=\u00bbdefault\u00bb theme_builder_area=\u00bbpost_content\u00bb color=\u00bb#0C71C3&#8243; hover_enabled=\u00bb0&#8243; sticky_enabled=\u00bb0&#8243;][\/et_pb_divider][\/et_pb_column][\/et_pb_row][et_pb_row _builder_version=\u00bb4.14.7&#8243; _module_preset=\u00bbdefault\u00bb column_structure=\u00bb1_3,1_3,1_3&#8243; theme_builder_area=\u00bbpost_content\u00bb border_color_all=\u00bbRGBA(255,255,255,0)\u00bb hover_enabled=\u00bb0&#8243; sticky_enabled=\u00bb0&#8243; custom_margin=\u00bb0px||||false|false\u00bb custom_padding=\u00bb0px||0px|0px|false|false\u00bb][et_pb_column _builder_version=\u00bb4.14.7&#8243; _module_preset=\u00bbdefault\u00bb type=\u00bb1_3&#8243; theme_builder_area=\u00bbpost_content\u00bb hover_enabled=\u00bb0&#8243; sticky_enabled=\u00bb0&#8243; background_color=\u00bbRGBA(255,255,255,0)\u00bb custom_padding=\u00bb8px|||8px|false|false\u00bb][et_pb_text _builder_version=\u00bb4.14.7&#8243; _module_preset=\u00bbdefault\u00bb theme_builder_area=\u00bbpost_content\u00bb hover_enabled=\u00bb0&#8243; sticky_enabled=\u00bb0&#8243; background_color=\u00bbRGBA(255,255,255,0)\u00bb]<p>Proyecto de Educaci\u00f3n para la Salud a trav\u00e9s de las nuevas tecnolog\u00edas: HEALTHY JEART. App gratuita<\/p>[\/et_pb_text][\/et_pb_column][et_pb_column _builder_version=\u00bb4.14.7&#8243; _module_preset=\u00bbdefault\u00bb type=\u00bb1_3&#8243; theme_builder_area=\u00bbpost_content\u00bb hover_enabled=\u00bb0&#8243; sticky_enabled=\u00bb0&#8243;][et_pb_text _builder_version=\u00bb4.14.7&#8243; _module_preset=\u00bbdefault\u00bb theme_builder_area=\u00bbpost_content\u00bb hover_enabled=\u00bb0&#8243; sticky_enabled=\u00bb0&#8243; background_color=\u00bbRGBA(255,255,255,0)\u00bb custom_margin=\u00bb0px||||false|false\u00bb custom_padding=\u00bb7px|||8px|false|false\u00bb]<p>Mar\u00eda de los \u00c1ngeles Merino Gofoy. Facultad de Enfermer\u00eda.<\/p>[\/et_pb_text][\/et_pb_column][et_pb_column _builder_version=\u00bb4.14.7&#8243; _module_preset=\u00bbdefault\u00bb type=\u00bb1_3&#8243; theme_builder_area=\u00bbpost_content\u00bb][et_pb_text _builder_version=\u00bb4.14.7&#8243; _module_preset=\u00bbdefault\u00bb theme_builder_area=\u00bbpost_content\u00bb hover_enabled=\u00bb0&#8243; sticky_enabled=\u00bb0&#8243; background_color=\u00bbRGBA(255,255,255,0)\u00bb custom_padding=\u00bb8px|||8px|false|false\u00bb]<p>500 \u20ac<\/p>[\/et_pb_text][\/et_pb_column][\/et_pb_row][et_pb_row _builder_version=\u00bb4.14.7&#8243; _module_preset=\u00bbdefault\u00bb theme_builder_area=\u00bbpost_content\u00bb custom_padding=\u00bb15px||0px|||\u00bb][et_pb_column _builder_version=\u00bb4.14.7&#8243; _module_preset=\u00bbdefault\u00bb type=\u00bb4_4&#8243; theme_builder_area=\u00bbpost_content\u00bb][et_pb_divider _builder_version=\u00bb4.14.7&#8243; _module_preset=\u00bbdefault\u00bb theme_builder_area=\u00bbpost_content\u00bb color=\u00bb#0C71C3&#8243; hover_enabled=\u00bb0&#8243; sticky_enabled=\u00bb0&#8243;][\/et_pb_divider][\/et_pb_column][\/et_pb_row][et_pb_row _builder_version=\u00bb4.14.7&#8243; _module_preset=\u00bbdefault\u00bb column_structure=\u00bb1_3,1_3,1_3&#8243; theme_builder_area=\u00bbpost_content\u00bb border_color_all=\u00bbRGBA(255,255,255,0)\u00bb hover_enabled=\u00bb0&#8243; sticky_enabled=\u00bb0&#8243; custom_margin=\u00bb0px||||false|false\u00bb custom_padding=\u00bb0px||0px|0px|false|false\u00bb][et_pb_column _builder_version=\u00bb4.14.7&#8243; _module_preset=\u00bbdefault\u00bb type=\u00bb1_3&#8243; theme_builder_area=\u00bbpost_content\u00bb hover_enabled=\u00bb0&#8243; sticky_enabled=\u00bb0&#8243; background_color=\u00bbRGBA(255,255,255,0)\u00bb custom_padding=\u00bb8px|||8px|false|false\u00bb][et_pb_text _builder_version=\u00bb4.14.7&#8243; _module_preset=\u00bbdefault\u00bb theme_builder_area=\u00bbpost_content\u00bb hover_enabled=\u00bb0&#8243; sticky_enabled=\u00bb0&#8243; background_color=\u00bbRGBA(255,255,255,0)\u00bb]<p>Capacitaci\u00f3n y formaci\u00f3n en t\u00e9cnicas de b\u00fasqueda de empleo: CV2.0 y redes sociales para la b\u00fasqueda de empleo. Entrevista de slecci\u00f3n y pruebas psicom\u00e9tricas.<\/p>[\/et_pb_text][\/et_pb_column][et_pb_column _builder_version=\u00bb4.14.7&#8243; _module_preset=\u00bbdefault\u00bb type=\u00bb1_3&#8243; theme_builder_area=\u00bbpost_content\u00bb hover_enabled=\u00bb0&#8243; sticky_enabled=\u00bb0&#8243;][et_pb_text _builder_version=\u00bb4.14.7&#8243; _module_preset=\u00bbdefault\u00bb theme_builder_area=\u00bbpost_content\u00bb hover_enabled=\u00bb0&#8243; sticky_enabled=\u00bb0&#8243; background_color=\u00bbRGBA(255,255,255,0)\u00bb custom_margin=\u00bb0px||||false|false\u00bb custom_padding=\u00bb7px|||8px|false|false\u00bb]<p>Josefa P\u00e9rez G\u00f3mez. SOIPEA.<\/p>[\/et_pb_text][\/et_pb_column][et_pb_column _builder_version=\u00bb4.14.7&#8243; _module_preset=\u00bbdefault\u00bb type=\u00bb1_3&#8243; theme_builder_area=\u00bbpost_content\u00bb][et_pb_text _builder_version=\u00bb4.14.7&#8243; _module_preset=\u00bbdefault\u00bb theme_builder_area=\u00bbpost_content\u00bb hover_enabled=\u00bb0&#8243; sticky_enabled=\u00bb0&#8243; background_color=\u00bbRGBA(255,255,255,0)\u00bb custom_padding=\u00bb8px|||8px|false|false\u00bb]<p>1000 \u20ac<\/p>[\/et_pb_text][\/et_pb_column][\/et_pb_row][et_pb_row _builder_version=\u00bb4.14.7&#8243; _module_preset=\u00bbdefault\u00bb theme_builder_area=\u00bbpost_content\u00bb custom_padding=\u00bb15px||0px|||\u00bb][et_pb_column _builder_version=\u00bb4.14.7&#8243; _module_preset=\u00bbdefault\u00bb type=\u00bb4_4&#8243; theme_builder_area=\u00bbpost_content\u00bb][et_pb_divider _builder_version=\u00bb4.14.7&#8243; _module_preset=\u00bbdefault\u00bb theme_builder_area=\u00bbpost_content\u00bb color=\u00bb#0C71C3&#8243; hover_enabled=\u00bb0&#8243; sticky_enabled=\u00bb0&#8243;][\/et_pb_divider][\/et_pb_column][\/et_pb_row][et_pb_row _builder_version=\u00bb4.14.7&#8243; _module_preset=\u00bbdefault\u00bb column_structure=\u00bb1_3,1_3,1_3&#8243; theme_builder_area=\u00bbpost_content\u00bb border_color_all=\u00bbRGBA(255,255,255,0)\u00bb hover_enabled=\u00bb0&#8243; sticky_enabled=\u00bb0&#8243; custom_margin=\u00bb0px||||false|false\u00bb custom_padding=\u00bb0px||0px|0px|false|false\u00bb][et_pb_column _builder_version=\u00bb4.14.7&#8243; _module_preset=\u00bbdefault\u00bb type=\u00bb1_3&#8243; theme_builder_area=\u00bbpost_content\u00bb hover_enabled=\u00bb0&#8243; sticky_enabled=\u00bb0&#8243; background_color=\u00bbRGBA(255,255,255,0)\u00bb custom_padding=\u00bb8px|||8px|false|false\u00bb][et_pb_text _builder_version=\u00bb4.14.7&#8243; _module_preset=\u00bbdefault\u00bb theme_builder_area=\u00bbpost_content\u00bb hover_enabled=\u00bb0&#8243; sticky_enabled=\u00bb0&#8243; background_color=\u00bbRGBA(255,255,255,0)\u00bb]<p>Moto ETSI-UHU<\/p>[\/et_pb_text][\/et_pb_column][et_pb_column _builder_version=\u00bb4.14.7&#8243; _module_preset=\u00bbdefault\u00bb type=\u00bb1_3&#8243; theme_builder_area=\u00bbpost_content\u00bb hover_enabled=\u00bb0&#8243; sticky_enabled=\u00bb0&#8243;][et_pb_text _builder_version=\u00bb4.14.7&#8243; _module_preset=\u00bbdefault\u00bb theme_builder_area=\u00bbpost_content\u00bb hover_enabled=\u00bb0&#8243; sticky_enabled=\u00bb0&#8243; background_color=\u00bbRGBA(255,255,255,0)\u00bb custom_margin=\u00bb0px||||false|false\u00bb custom_padding=\u00bb7px|||8px|false|false\u00bb]<p>Juan R\u00edos Guti\u00e9reez, profesor del departamento del \u00e1rea de Ingenier\u00eda de Sistemas y Autom\u00e1tica.<\/p>[\/et_pb_text][\/et_pb_column][et_pb_column _builder_version=\u00bb4.14.7&#8243; _module_preset=\u00bbdefault\u00bb type=\u00bb1_3&#8243; theme_builder_area=\u00bbpost_content\u00bb][et_pb_text _builder_version=\u00bb4.14.7&#8243; _module_preset=\u00bbdefault\u00bb theme_builder_area=\u00bbpost_content\u00bb hover_enabled=\u00bb0&#8243; sticky_enabled=\u00bb0&#8243; background_color=\u00bbRGBA(255,255,255,0)\u00bb custom_padding=\u00bb8px|||8px|false|false\u00bb]<p>1200 \u20ac<\/p>[\/et_pb_text][\/et_pb_column][\/et_pb_row][et_pb_row _builder_version=\u00bb4.14.7&#8243; _module_preset=\u00bbdefault\u00bb theme_builder_area=\u00bbpost_content\u00bb custom_padding=\u00bb15px||0px|||\u00bb][et_pb_column _builder_version=\u00bb4.14.7&#8243; _module_preset=\u00bbdefault\u00bb type=\u00bb4_4&#8243; theme_builder_area=\u00bbpost_content\u00bb][et_pb_divider _builder_version=\u00bb4.14.7&#8243; _module_preset=\u00bbdefault\u00bb theme_builder_area=\u00bbpost_content\u00bb color=\u00bb#0C71C3&#8243; hover_enabled=\u00bb0&#8243; sticky_enabled=\u00bb0&#8243;][\/et_pb_divider][\/et_pb_column][\/et_pb_row][et_pb_row _builder_version=\u00bb4.14.7&#8243; _module_preset=\u00bbdefault\u00bb column_structure=\u00bb1_3,1_3,1_3&#8243; theme_builder_area=\u00bbpost_content\u00bb border_color_all=\u00bbRGBA(255,255,255,0)\u00bb hover_enabled=\u00bb0&#8243; sticky_enabled=\u00bb0&#8243; custom_margin=\u00bb0px||||false|false\u00bb custom_padding=\u00bb0px||0px|0px|false|false\u00bb][et_pb_column _builder_version=\u00bb4.14.7&#8243; _module_preset=\u00bbdefault\u00bb type=\u00bb1_3&#8243; theme_builder_area=\u00bbpost_content\u00bb hover_enabled=\u00bb0&#8243; sticky_enabled=\u00bb0&#8243; background_color=\u00bbRGBA(255,255,255,0)\u00bb custom_padding=\u00bb8px|||8px|false|false\u00bb][et_pb_text _builder_version=\u00bb4.14.7&#8243; _module_preset=\u00bbdefault\u00bb theme_builder_area=\u00bbpost_content\u00bb hover_enabled=\u00bb0&#8243; sticky_enabled=\u00bb0&#8243; background_color=\u00bbRGBA(255,255,255,0)\u00bb]<p>Noche europea de los investigadores<\/p>[\/et_pb_text][\/et_pb_column][et_pb_column _builder_version=\u00bb4.14.7&#8243; _module_preset=\u00bbdefault\u00bb type=\u00bb1_3&#8243; theme_builder_area=\u00bbpost_content\u00bb hover_enabled=\u00bb0&#8243; sticky_enabled=\u00bb0&#8243;][et_pb_text _builder_version=\u00bb4.14.7&#8243; _module_preset=\u00bbdefault\u00bb theme_builder_area=\u00bbpost_content\u00bb hover_enabled=\u00bb0&#8243; sticky_enabled=\u00bb0&#8243; background_color=\u00bbRGBA(255,255,255,0)\u00bb custom_margin=\u00bb0px||||false|false\u00bb custom_padding=\u00bb7px|||8px|false|false\u00bb]<p>Jos\u00e9 Rodr\u00edguez Quintero. Vicerrector de Investigaci\u00f3n y Transferencia.<\/p>[\/et_pb_text][\/et_pb_column][et_pb_column _builder_version=\u00bb4.14.7&#8243; _module_preset=\u00bbdefault\u00bb type=\u00bb1_3&#8243; theme_builder_area=\u00bbpost_content\u00bb][et_pb_text _builder_version=\u00bb4.14.7&#8243; _module_preset=\u00bbdefault\u00bb theme_builder_area=\u00bbpost_content\u00bb hover_enabled=\u00bb0&#8243; sticky_enabled=\u00bb0&#8243; background_color=\u00bbRGBA(255,255,255,0)\u00bb custom_padding=\u00bb8px|||8px|false|false\u00bb]<p>500 \u20ac<\/p>[\/et_pb_text][\/et_pb_column][\/et_pb_row][et_pb_row _builder_version=\u00bb4.14.7&#8243; _module_preset=\u00bbdefault\u00bb theme_builder_area=\u00bbpost_content\u00bb custom_padding=\u00bb15px||0px|||\u00bb][et_pb_column _builder_version=\u00bb4.14.7&#8243; _module_preset=\u00bbdefault\u00bb type=\u00bb4_4&#8243; theme_builder_area=\u00bbpost_content\u00bb][et_pb_divider _builder_version=\u00bb4.14.7&#8243; _module_preset=\u00bbdefault\u00bb theme_builder_area=\u00bbpost_content\u00bb color=\u00bb#0C71C3&#8243; hover_enabled=\u00bb0&#8243; sticky_enabled=\u00bb0&#8243;][\/et_pb_divider][\/et_pb_column][\/et_pb_row][et_pb_row _builder_version=\u00bb4.14.7&#8243; _module_preset=\u00bbdefault\u00bb column_structure=\u00bb1_3,1_3,1_3&#8243; theme_builder_area=\u00bbpost_content\u00bb border_color_all=\u00bbRGBA(255,255,255,0)\u00bb hover_enabled=\u00bb0&#8243; sticky_enabled=\u00bb0&#8243; custom_margin=\u00bb0px||||false|false\u00bb custom_padding=\u00bb0px||0px|0px|false|false\u00bb][et_pb_column _builder_version=\u00bb4.14.7&#8243; _module_preset=\u00bbdefault\u00bb type=\u00bb1_3&#8243; theme_builder_area=\u00bbpost_content\u00bb hover_enabled=\u00bb0&#8243; sticky_enabled=\u00bb0&#8243; background_color=\u00bbRGBA(255,255,255,0)\u00bb custom_padding=\u00bb8px|||8px|false|false\u00bb][et_pb_text _builder_version=\u00bb4.14.7&#8243; _module_preset=\u00bbdefault\u00bb theme_builder_area=\u00bbpost_content\u00bb hover_enabled=\u00bb0&#8243; sticky_enabled=\u00bb0&#8243; background_color=\u00bbRGBA(255,255,255,0)\u00bb]<p>Concurso universitario de Software Libre<\/p>[\/et_pb_text][\/et_pb_column][et_pb_column _builder_version=\u00bb4.14.7&#8243; _module_preset=\u00bbdefault\u00bb type=\u00bb1_3&#8243; theme_builder_area=\u00bbpost_content\u00bb hover_enabled=\u00bb0&#8243; sticky_enabled=\u00bb0&#8243;][et_pb_text _builder_version=\u00bb4.14.7&#8243; _module_preset=\u00bbdefault\u00bb theme_builder_area=\u00bbpost_content\u00bb hover_enabled=\u00bb0&#8243; sticky_enabled=\u00bb0&#8243; background_color=\u00bbRGBA(255,255,255,0)\u00bb custom_margin=\u00bb0px||||false|false\u00bb custom_padding=\u00bb7px|||8px|false|false\u00bb]<p>Miguel \u00c1ngel Rodr\u00edguez Rom\u00e1n. Director de Software Libre.<\/p>[\/et_pb_text][\/et_pb_column][et_pb_column _builder_version=\u00bb4.14.7&#8243; _module_preset=\u00bbdefault\u00bb type=\u00bb1_3&#8243; theme_builder_area=\u00bbpost_content\u00bb][et_pb_text _builder_version=\u00bb4.14.7&#8243; _module_preset=\u00bbdefault\u00bb theme_builder_area=\u00bbpost_content\u00bb hover_enabled=\u00bb0&#8243; sticky_enabled=\u00bb0&#8243; background_color=\u00bbRGBA(255,255,255,0)\u00bb custom_padding=\u00bb8px|||8px|false|false\u00bb]<p>600 \u20ac<\/p>[\/et_pb_text][\/et_pb_column][\/et_pb_row][\/et_pb_section]\n","protected":false},"excerpt":{"rendered":"<p>Ayudas 2020ACTIVIDADRESPONSABLEIMPORTEErasmus DaysDirectora de Movilidad y Relaciones Internacionales. Teresa Aceituno.375 \u20acSeminario Internacional: \u00abBuilding Refuge Cities. Las Ciudades Refugio en Espa\u00f1a y Derecho Comparado\u00bbNuria Arenas Hidalgo. Profesora del \u00e1rea de Derecho Internacional P\u00fablico y Relaciones Internacionales.1299 \u20acFormaci\u00f3n a docentes de pre-universitarios par conectarlos con la UniversidadAntonio Javier Barrag\u00e1n Pi\u00f1a, Departamento de Ingenier\u00eda Electr\u00f3nica, se Sistemas Inform\u00e1ticos [&hellip;]<\/p>\n","protected":false},"author":1,"featured_media":0,"parent":0,"menu_order":0,"comment_status":"closed","ping_status":"closed","template":"","meta":{"_et_pb_use_builder":"on","_et_pb_old_content":"","_et_gb_content_width":"","footnotes":""},"_links":{"self":[{"href":"https:\/\/www.uhu.es\/catedra-provincia\/index.php?rest_route=\/wp\/v2\/pages\/608"}],"collection":[{"href":"https:\/\/www.uhu.es\/catedra-provincia\/index.php?rest_route=\/wp\/v2\/pages"}],"about":[{"href":"https:\/\/www.uhu.es\/catedra-provincia\/index.php?rest_route=\/wp\/v2\/types\/page"}],"author":[{"embeddable":true,"href":"https:\/\/www.uhu.es\/catedra-provincia\/index.php?rest_route=\/wp\/v2\/users\/1"}],"replies":[{"embeddable":true,"href":"https:\/\/www.uhu.es\/catedra-provincia\/index.php?rest_route=%2Fwp%2Fv2%2Fcomments&post=608"}],"version-history":[{"count":8,"href":"https:\/\/www.uhu.es\/catedra-provincia\/index.php?rest_route=\/wp\/v2\/pages\/608\/revisions"}],"predecessor-version":[{"id":634,"href":"https:\/\/www.uhu.es\/catedra-provincia\/index.php?rest_route=\/wp\/v2\/pages\/608\/revisions\/634"}],"wp:attachment":[{"href":"https:\/\/www.uhu.es\/catedra-provincia\/index.php?rest_route=%2Fwp%2Fv2%2Fmedia&parent=608"}],"curies":[{"name":"wp","href":"https:\/\/api.w.org\/{rel}","templated":true}]}}