{"id":837,"date":"2022-04-28T10:45:02","date_gmt":"2022-04-28T10:45:02","guid":{"rendered":"http:\/\/www.uhu.es\/catedra-provincia\/?page_id=837"},"modified":"2022-11-14T16:32:36","modified_gmt":"2022-11-14T16:32:36","slug":"medios-2022","status":"publish","type":"page","link":"https:\/\/www.uhu.es\/catedra-provincia\/?page_id=837","title":{"rendered":"Medios 2022"},"content":{"rendered":"<p>[et_pb_section fb_built=\u00bb1&#8243; admin_label=\u00bbCourses Hero\u00bb _builder_version=\u00bb4.15&#8243; background_color=\u00bb#006aa6&#8243; background_color_gradient_start=\u00bb#0c71c3&#8243; background_color_gradient_end=\u00bb#709dc1&#8243; background_enable_image=\u00bboff\u00bb background_blend=\u00bboverlay\u00bb min_height=\u00bb39.6px\u00bb custom_padding=\u00bb1px|0px|0px|0px|false|\u00bb animation_style=\u00bbslide\u00bb animation_direction=\u00bbtop\u00bb animation_intensity_slide=\u00bb2%\u00bb locked=\u00bboff\u00bb global_colors_info=\u00bb{}\u00bb][et_pb_row column_structure=\u00bb1_2,1_2&#8243; _builder_version=\u00bb4.15&#8243; background_size=\u00bbinitial\u00bb background_position=\u00bbtop_left\u00bb background_repeat=\u00bbrepeat\u00bb custom_margin=\u00bb|||\u00bb custom_padding=\u00bb20px||||false|false\u00bb custom_width_px=\u00bb1280px\u00bb global_colors_info=\u00bb{}\u00bb][et_pb_column type=\u00bb1_2&#8243; _builder_version=\u00bb4.15&#8243; _module_preset=\u00bbdefault\u00bb global_colors_info=\u00bb{}\u00bb][et_pb_text _builder_version=\u00bb4.15.1&#8243; text_text_color=\u00bb#0c71c3&#8243; header_font=\u00bb|on|||\u00bb header_font_size=\u00bb42px\u00bb header_line_height=\u00bb1.3em\u00bb background_size=\u00bbinitial\u00bb background_position=\u00bbtop_left\u00bb background_repeat=\u00bbrepeat\u00bb text_orientation=\u00bbcenter\u00bb background_layout=\u00bbdark\u00bb max_width=\u00bb530px\u00bb module_alignment=\u00bbcenter\u00bb custom_margin=\u00bb|||-111px||\u00bb custom_padding=\u00bb4px|||0px||\u00bb header_font_size_tablet=\u00bb\u00bb header_font_size_phone=\u00bb\u00bb header_font_size_last_edited=\u00bbon|desktop\u00bb locked=\u00bboff\u00bb global_colors_info=\u00bb{}\u00bb]<\/p>\n<h1>Medios en 2022<\/h1>\n<p>[\/et_pb_text][\/et_pb_column][et_pb_column type=\u00bb1_2&#8243; _builder_version=\u00bb4.15&#8243; _module_preset=\u00bbdefault\u00bb custom_padding=\u00bb0px|0px||0px|false|false\u00bb global_colors_info=\u00bb{}\u00bb][\/et_pb_column][\/et_pb_row][\/et_pb_section][et_pb_section fb_built=\u00bb1&#8243; _builder_version=\u00bb4.15&#8243; _module_preset=\u00bbdefault\u00bb custom_padding=\u00bb8px|||||\u00bb global_colors_info=\u00bb{}\u00bb][et_pb_row _builder_version=\u00bb4.15&#8243; background_color=\u00bb#ffffff\u00bb custom_margin=\u00bb|auto|-21px|auto|false|false\u00bb custom_padding=\u00bb30px|30px|30px|30px|true|true\u00bb border_radii=\u00bbon|10px|10px|10px|10px\u00bb global_colors_info=\u00bb{}\u00bb][et_pb_column type=\u00bb4_4&#8243; _builder_version=\u00bb4.15&#8243; global_colors_info=\u00bb{}\u00bb][et_pb_text _builder_version=\u00bb4.15.1&#8243; _module_preset=\u00bbdefault\u00bb hover_enabled=\u00bb0&#8243; global_colors_info=\u00bb{}\u00bb sticky_enabled=\u00bb0&#8243;]<\/p>\n<p itemprop=\"headline\" class=\"pg-bkn-headline\"><a href=\"https:\/\/www.huelvainformacion.es\/huelva\/exilio-intelectuales-espanoles-America-Huelva_0_1736526945.html\">El exilio de los intelectuales espa\u00f1oles en Am\u00e9rica, a debate en Huelva<\/a><\/p>\n<p class=\"entry-title\"><a href=\"https:\/\/huelvabuenasnoticias.com\/2022\/11\/07\/la-rabida-acoge-las-jornadas-sobre-exilio-y-cultura\/\">La R\u00e1bida acoge las Jornadas sobre Exilio y Cultura<\/a><\/p>\n<p class=\"title\"><a href=\"https:\/\/www.diariodehuelva.es\/articulo\/cultura\/i-jornadas-exilio-cultura-analizan-vida-identidad-onubense-carmen-rovira\/20221107132513297057.html\">Las &#8216;I Jornadas sobre exilio y cultura&#8217; analizan la vida y la identidad de la onubense Carmen Rovira<\/a><\/p>\n<p class=\"post-title item fn\" itemprop=\"name headline\"><a href=\"https:\/\/huelvaya.es\/2022\/11\/07\/jornadas-sobre-exilio-y-cultura-en-huelva\/\">\u00c9xito de las Jornadas sobre Exilio y Cultura \u2018Parado en la roca de la identidad\u2019 en Huelva<\/a><\/p>\n<p class=\"new_title\"><a href=\"https:\/\/huelva24.com\/art\/166118\/la-uhu-celebra-el-25-aniversario-de-su-titulacion-de-ciencias-ambientales-con-una-conferencia-de-miguel-delibes\">La UHU celebra el 25 aniversario de su titulaci\u00f3n de Ciencias Ambientales con una conferencia de Miguel Delibes<\/a><\/p>\n<p class=\"title\"><a href=\"https:\/\/www.diariodehuelva.es\/articulo\/sin-categoria\/uhu-celebra-25-aniversario-ciencias-ambientales\/20221101133849296779.html\">La UHU celebra el 25 Aniversario de Ciencias Ambientales<\/a><\/p>\n<p class=\"title\"><a href=\"https:\/\/www.diariodehuelva.es\/articulo\/sin-categoria\/uhu-celebra-25-aniversario-ciencias-ambientales\/20221101133849296779.html\">La UHU celebra el 25 Aniversario de Ciencias Ambientales<\/a><\/p>\n<p class=\"entry-title\"><a href=\"https:\/\/huelvabuenasnoticias.com\/2022\/11\/01\/la-uhu-celebra-el-25-aniversario-de-la-titulacion-de-ciencias-ambientales\/\">La UHU celebra el 25 aniversario de la titulaci\u00f3n de Ciencias Ambientales<\/a><\/p>\n<p itemprop=\"headline\" class=\"pg-bkn-headline\"><a href=\"https:\/\/www.huelvainformacion.es\/huelva\/Miguel-Delibes-Ciencias-Ambientales-Universidad_0_1734726907.html\">Miguel Delibes, protagonista en el 25 aniversario de la titulaci\u00f3n de Ciencias Ambientales de la Universidad de Huelva<\/a><\/p>\n<p itemprop=\"headline\"><a href=\"https:\/\/andaluciainformacion.es\/alcala-la-real\/1106530\/ciencias-ambientales-25-anos-de-unos-estudios-universitarios-imprescindibles-en-huelva\/\">Ciencias Ambientales, 25 a\u00f1os de unos estudios universitarios \u00abimprescindibles\u00bb en Huelva<\/a><\/p>\n<p class=\"title\"><a href=\"https:\/\/www.heconomia.es\/volatil.asp?o=1482471646\"><span>El ciclo \u2018La Econom\u00eda de Francisco\u2019 en la UHU profundiza en la econom\u00eda circular con Atlantic Copper, Aguas de Huelva y Garc\u00eda Carri\u00f3n<\/span><\/a><\/p>\n<p class=\"title\"><a href=\"https:\/\/www.cope.es\/emisoras\/andalucia\/huelva-provincia\/huelva\/universidad\/noticias\/economia-francisco-uhu-profundiza-economia-circular-con-atlantic-copper-aguas-huelva-20221026_2363952\">\u2018La econom\u00eda de Francisco\u2019 en la Uhu profundiza en la econom\u00eda circular con Atlantic copper, Aguas de Huelva<\/a><\/p>\n<p itemprop=\"headline\" class=\"titular\"><a href=\"https:\/\/www.europapress.es\/andalucia\/andalucia-verde-01334\/noticia-ciclo-economia-francisco-universidad-huelva-profundiza-economia-circular-20221026163302.html\">El ciclo &#8216;La econom\u00eda de Francisco&#8217; en la Universidad de Huelva profundiza en la econom\u00eda circular<\/a><\/p>\n<p class=\"style-scope ytd-watch-metadata\"><yt-formatted-string force-default-style=\"\" class=\"style-scope ytd-watch-metadata\">25 Aniversario de la Titulaci\u00f3n de Ciencias Ambientales &#8211; https:\/\/www.youtube.com\/watch?v=mSnFcqOoLfE<\/yt-formatted-string><\/p>\n<p itemprop=\"headline\" class=\"pg-bkn-headline\"><a href=\"https:\/\/www.huelvainformacion.es\/huelva\/Universidad-Huelva-conferencias-Papa-Francisco_0_1732927347.html\">La Universidad de Huelva aborda en un ciclo de conferencias la \u00abeconom\u00eda\u00bb del Papa Francisco<\/a><\/p>\n<p class=\"contentheading\"><a href=\"http:\/\/www.uhu.es\/vic.investigacion\/ucc\/index.php?option=com_content&amp;view=article&amp;id=2723:2022-10-09-19-58-47&amp;catid=50:informacion&amp;Itemid=24\" class=\"contentpagetitle\">La Econom\u00eda de Francisco a an\u00e1lisis en un ciclo de conferencias de la Universidad de Huelva<\/a><\/p>\n<p style=\"font-weight: 400;\"><a href=\"https:\/\/www.uhu.es\/catedra-provincia\/wp-content\/uploads\/44301134.pdf\">La onubense ofrece formaci\u00f3n en energ\u00edas renovables y en los retos de los ODS en Huelva<\/a><\/p>\n<p style=\"font-weight: 400;\"><a href=\"https:\/\/www.uhu.es\/catedra-provincia\/wp-content\/uploads\/44303357.pdf\">Formaci\u00f3n en energ\u00edas renovables y retos ODS, en la Universidad de Huelva<\/a><\/p>\n<p style=\"font-weight: 400;\"><a href=\"https:\/\/www.uhu.es\/catedra-provincia\/wp-content\/uploads\/44303847.pdf\">La UHU ofrece formaci\u00f3n en energ\u00edas renovables<\/a><\/p>\n<p style=\"font-weight: 400;\"><a href=\"https:\/\/www.uhu.es\/catedra-provincia\/wp-content\/uploads\/44303848.pdf\">La onubense ofrece formaci\u00f3n en energ\u00edas renovables y en los retos de los ODS en Huelva<\/a><\/p>\n<p style=\"font-weight: 400;\"><a href=\"https:\/\/www.uhu.es\/catedra-provincia\/wp-content\/uploads\/44304158.pdf\">La Onubense ofrece formaci\u00f3n en energ\u00edas renovables y en los retos de los ODS en Huelva\u00a0<\/a><\/p>\n<p style=\"font-weight: 400;\"><a href=\"https:\/\/www.uhu.es\/catedra-provincia\/wp-content\/uploads\/44306899.pdf\">La Universidad de Huelva ofrece formaci\u00f3n en energ\u00edas renovables y en los retos de los ODS<\/a><\/p>\n<p style=\"font-weight: 400;\"><a href=\"https:\/\/www.uhu.es\/catedra-provincia\/wp-content\/uploads\/44306900%20(1).pdf\">AndaluciaVerde.- La Universidad de Huelva ofrece formaci\u00f3n en energ\u00edas renovables y en los retos de los ODS<\/a><\/p>\n<p style=\"font-weight: 400;\"><a href=\"https:\/\/www.uhu.es\/catedra-provincia\/wp-content\/uploads\/44306907.pdf\">La Universidad de Huelva ofrece formaci\u00f3n en energ\u00edas renovables y en los retos de los ODS<\/a><\/p>\n<p style=\"font-weight: 400;\"><a href=\"https:\/\/www.uhu.es\/catedra-provincia\/wp-content\/uploads\/44307907.pdf\">Nuevo programa de formaci\u00f3n sobre energ\u00edas renovables en la Universidad de Huelva<\/a><\/p>\n<p style=\"font-weight: 400;\"><a href=\"https:\/\/www.diariodehuelva.es\/articulo\/area-metropolitana\/uhu-invita-erasmus-conocer-riqueza-provincia\/20221019130945295635.html\" data-saferedirecturl=\"https:\/\/www.google.com\/url?q=https:\/\/www.diariodehuelva.es\/articulo\/area-metropolitana\/uhu-invita-erasmus-conocer-riqueza-provincia\/20221019130945295635.html&amp;source=gmail&amp;ust=1666346863502000&amp;usg=AOvVaw217_Z4fVA90-ooz6MiKk5b\">https:\/\/www.diariodehuelva.es\/articulo\/area-metropolitana\/uhu-invita-erasmus-conocer-riqueza-provincia\/20221019130945295635.html<\/a><\/p>\n<p style=\"font-weight: 400;\"><a href=\"https:\/\/www.cope.es\/emisoras\/andalucia\/huelva-provincia\/huelva\/universidad\/noticias\/uhu-invita-los-estudiantes-erasmus-conocer-riqueza-provincia-por-medio-visitas-guiadas-20221019_2350859\" data-saferedirecturl=\"https:\/\/www.google.com\/url?q=https:\/\/www.cope.es\/emisoras\/andalucia\/huelva-provincia\/huelva\/universidad\/noticias\/uhu-invita-los-estudiantes-erasmus-conocer-riqueza-provincia-por-medio-visitas-guiadas-20221019_2350859&amp;source=gmail&amp;ust=1666346863502000&amp;usg=AOvVaw0wXzwRZ3Pb3AS_HT74wilg\">https:\/\/www.cope.es\/emisoras\/andalucia\/huelva-provincia\/huelva\/universidad\/noticias\/uhu-invita-los-estudiantes-erasmus-conocer-riqueza-provincia-por-medio-visitas-guiadas-20221019_2350859<\/a><\/p>\n<p style=\"font-weight: 400;\"><a href=\"https:\/\/www.heconomia.es\/volatil.asp?o=55594876\" data-saferedirecturl=\"https:\/\/www.google.com\/url?q=https:\/\/www.heconomia.es\/volatil.asp?o%3D55594876&amp;source=gmail&amp;ust=1666346863502000&amp;usg=AOvVaw3qTL4Kr7yxijEZo9aW3Ykk\">https:\/\/www.heconomia.es\/volatil.asp?o=55594876<\/a><em><\/em><\/p>\n<p><a href=\"https:\/\/www.huelvainformacion.es\/huelva\/Objetivos-Desarrollo-Sostenible-Provincia-UHU_0_1729027887.html\">https:\/\/www.huelvainformacion.es\/huelva\/Objetivos-Desarrollo-Sostenible-Provincia-UHU_0_1729027887.html<\/a><\/p>\n<p><a href=\"https:\/\/www.uhu.es\/noticias\/la-onubense-ofrece-formacion-en-energias-renovables-y-en-los-retos-de-los-ods-en-huelva\">https:\/\/www.uhu.es\/noticias\/la-onubense-ofrece-formacion-en-energias-renovables-y-en-los-retos-de-los-ods-en-huelva<\/a><\/p>\n<p><a href=\"https:\/\/www.europapress.es\/andalucia\/andalucia-verde-01334\/noticia-universidad-huelva-ofrece-formacion-energias-renovables-retos-ods-20221013172811.html\">https:\/\/www.europapress.es\/andalucia\/andalucia-verde-01334\/noticia-universidad-huelva-ofrece-formacion-energias-renovables-retos-ods-20221013172811.html<\/a><\/p>\n<p><a href=\"\/\/huelvabuenasnoticias.com\/2022\/05\/08\/la-historia-del-antiguo-banco-de-espana-una-oportunidad-de-desarrollo-para-huelva\/\">https:\/\/huelvabuenasnoticias.com\/2022\/05\/08\/la-historia-del-antiguo-banco-de-espana-una-oportunidad-de-desarrollo-para-huelva\/<\/a><\/p>\n<p><a href=\"https:\/\/www.lavanguardia.com\/local\/sevilla\/20220507\/8249914\/uhu-analizara-propiedades-culinarias-garbanzo-escacena.html\">https:\/\/www.lavanguardia.com\/local\/sevilla\/20220507\/8249914\/uhu-analizara-propiedades-culinarias-garbanzo-escacena.html<\/a><\/p>\n<p><a href=\"https:\/\/www.aulamagna.com.es\/la-uhu-convoca-ayudas-para-proyectos-de-investigacion-y-transferencia\/\">La UHU convoca ayudas para proyectos de investigaci\u00f3n y transferencia (aulamagna.com.es)<\/a><\/p>\n<p><a href=\"https:\/\/www.heconomia.es\/volatil.asp?o=834179081\">La C\u00e1tedra de la Provincia de la UHU abre su convocatoria de ayudas para proyectos de investigaci\u00f3n y transferencia | Heconomia.es &#8211; Informaci\u00f3n econ\u00f3mica y empresarial de Huelva<\/a><\/p>\n<p><a href=\"https:\/\/www.cope.es\/emisoras\/andalucia\/huelva-provincia\/huelva\/universidad\/noticias\/catedra-provincia-uhu-abre-convocatoria-ayudas-para-proyectos-investigacion-transferencia-20220131_1758183\">C\u00e1tedra de la provincia de la Uhu abre convocatoria de ayudas para proyectos de investigaci\u00f3n y transferencia &#8211; Universidad &#8211; COPE<\/a><\/p>\n<p><a href=\"https:\/\/www.huelvainformacion.es\/huelva\/Catedra-Provincia-UHU-ayudas-investigacion_0_1651636338.html\">La C\u00e1tedra de la Provincia de la UHU abre la convocatoria de ayudas para investigaci\u00f3n (huelvainformacion.es)<\/a><\/p>\n<p><a href=\"https:\/\/www.diariodehuelva.es\/2022\/01\/28\/uhu-proyectos-investigacion\/\">La UHU abre su convocatoria de ayudas para proyectos de investigaci\u00f3n y transferencia \u2013 Diario de Huelva<\/a><\/p>\n<p><a href=\"https:\/\/huelvabuenasnoticias.com\/2022\/01\/29\/la-catedra-de-la-provincia-de-la-uhu-abre-su-convocatoria-de-ayudas-para-proyectos-de-investigacion-y-transferencia\/\">La C\u00e1tedra de la Provincia de la UHU abre su convocatoria de ayudas para proyectos de investigaci\u00f3n y transferencia &#8211; Huelva Buenas Noticias<\/a><\/p>\n<p><a href=\"https:\/\/www.huelvainformacion.es\/huelva\/provincia-Universidad-Huelva-microproyectos-investigacion_0_1670833890.html\">La C\u00e1tedra de la Provincia de la Universidad de Huelva promueve seis microproyectos de investigaci\u00f3n con ayudas de 20.000 euros (huelvainformacion.es)<\/a><\/p>\n<p><a href=\"https:\/\/www.lavanguardia.com\/local\/sevilla\/20220410\/8190571\/proyecto-pionero-usara-dispositivos-tecnologia-iot-identificar-especies-invasoras-donana.html\">Un proyecto pionero usar\u00e1 dispositivos con tecnolog\u00eda IOT para identificar especies invasoras en Do\u00f1ana (lavanguardia.com)<\/a><\/p>\n<p><a href=\"https:\/\/www.huelvainformacion.es\/provincia\/Llega-Donana-internet-detectar-invasoras_0_1673233411.html\">Llega a Do\u00f1ana el internet de las cosas para detectar especies invasoras (huelvainformacion.es)<\/a><\/p>\n<p><a href=\"https:\/\/www.huelvainformacion.es\/huelva\/Universidad-Huelva-fortificaciones-Condado-Niebla_0_1673833283.html\">La Universidad de Huelva profundiza en el estudio de los castillos del Condado de Niebla (huelvainformacion.es)<\/a><\/p>\n<p><a href=\"https:\/\/www.heconomia.es\/volatil.asp?o=2019912674\">La C\u00e1tedra de la Provincia de la Universidad de Huelva promueve seis microproyectos de investigaci\u00f3n con ayudas de 20.000 euros | Heconomia.es &#8211; Informaci\u00f3n econ\u00f3mica y empresarial de Huelva<\/a><\/p>\n<p>[\/et_pb_text][\/et_pb_column][\/et_pb_row][\/et_pb_section]<\/p>\n","protected":false},"excerpt":{"rendered":"<p>Medios en 2022El exilio de los intelectuales espa\u00f1oles en Am\u00e9rica, a debate en Huelva La R\u00e1bida acoge las Jornadas sobre Exilio y Cultura Las &#8216;I Jornadas sobre exilio y cultura&#8217; analizan la vida y la identidad de la onubense Carmen Rovira \u00c9xito de las Jornadas sobre Exilio y Cultura \u2018Parado en la roca de la [&hellip;]<\/p>\n","protected":false},"author":1,"featured_media":0,"parent":0,"menu_order":0,"comment_status":"closed","ping_status":"closed","template":"","meta":{"_et_pb_use_builder":"on","_et_pb_old_content":"","_et_gb_content_width":"","footnotes":""},"_links":{"self":[{"href":"https:\/\/www.uhu.es\/catedra-provincia\/index.php?rest_route=\/wp\/v2\/pages\/837"}],"collection":[{"href":"https:\/\/www.uhu.es\/catedra-provincia\/index.php?rest_route=\/wp\/v2\/pages"}],"about":[{"href":"https:\/\/www.uhu.es\/catedra-provincia\/index.php?rest_route=\/wp\/v2\/types\/page"}],"author":[{"embeddable":true,"href":"https:\/\/www.uhu.es\/catedra-provincia\/index.php?rest_route=\/wp\/v2\/users\/1"}],"replies":[{"embeddable":true,"href":"https:\/\/www.uhu.es\/catedra-provincia\/index.php?rest_route=%2Fwp%2Fv2%2Fcomments&post=837"}],"version-history":[{"count":12,"href":"https:\/\/www.uhu.es\/catedra-provincia\/index.php?rest_route=\/wp\/v2\/pages\/837\/revisions"}],"predecessor-version":[{"id":1097,"href":"https:\/\/www.uhu.es\/catedra-provincia\/index.php?rest_route=\/wp\/v2\/pages\/837\/revisions\/1097"}],"wp:attachment":[{"href":"https:\/\/www.uhu.es\/catedra-provincia\/index.php?rest_route=%2Fwp%2Fv2%2Fmedia&parent=837"}],"curies":[{"name":"wp","href":"https:\/\/api.w.org\/{rel}","templated":true}]}}