{"id":953,"date":"2022-10-07T07:27:37","date_gmt":"2022-10-07T07:27:37","guid":{"rendered":"http:\/\/www.uhu.es\/catedra-provincia\/?page_id=953"},"modified":"2022-10-18T07:07:51","modified_gmt":"2022-10-18T07:07:51","slug":"953-2","status":"publish","type":"page","link":"https:\/\/www.uhu.es\/catedra-provincia\/?page_id=953","title":{"rendered":"Formaci\u00f3n 2022"},"content":{"rendered":"<p>[et_pb_section fb_built=\u00bb1&#8243; admin_label=\u00bbCourses Hero\u00bb _builder_version=\u00bb4.15&#8243; background_color=\u00bb#006aa6&#8243; background_color_gradient_start=\u00bb#0c71c3&#8243; background_color_gradient_end=\u00bb#709dc1&#8243; background_enable_image=\u00bboff\u00bb background_blend=\u00bboverlay\u00bb min_height=\u00bb39.6px\u00bb custom_padding=\u00bb1px|0px|0px|0px|false|\u00bb animation_style=\u00bbslide\u00bb animation_direction=\u00bbtop\u00bb animation_intensity_slide=\u00bb2%\u00bb locked=\u00bboff\u00bb global_colors_info=\u00bb{}\u00bb][et_pb_row column_structure=\u00bb1_2,1_2&#8243; _builder_version=\u00bb4.15&#8243; background_size=\u00bbinitial\u00bb background_position=\u00bbtop_left\u00bb background_repeat=\u00bbrepeat\u00bb custom_margin=\u00bb|||\u00bb custom_padding=\u00bb20px||||false|false\u00bb custom_width_px=\u00bb1280px\u00bb global_colors_info=\u00bb{}\u00bb][et_pb_column type=\u00bb1_2&#8243; _builder_version=\u00bb4.15&#8243; _module_preset=\u00bbdefault\u00bb global_colors_info=\u00bb{}\u00bb][et_pb_text _builder_version=\u00bb4.15.1&#8243; text_text_color=\u00bb#0c71c3&#8243; header_font=\u00bb|on|||\u00bb header_font_size=\u00bb42px\u00bb header_line_height=\u00bb1.3em\u00bb background_size=\u00bbinitial\u00bb background_position=\u00bbtop_left\u00bb background_repeat=\u00bbrepeat\u00bb text_orientation=\u00bbcenter\u00bb background_layout=\u00bbdark\u00bb max_width=\u00bb530px\u00bb module_alignment=\u00bbcenter\u00bb custom_margin=\u00bb|||-111px||\u00bb custom_padding=\u00bb4px|||0px||\u00bb header_font_size_tablet=\u00bb\u00bb header_font_size_phone=\u00bb\u00bb header_font_size_last_edited=\u00bbon|desktop\u00bb locked=\u00bboff\u00bb global_colors_info=\u00bb{}\u00bb]<\/p>\n<h1>Formaci\u00f3n 2022<\/h1>\n<p>[\/et_pb_text][\/et_pb_column][et_pb_column type=\u00bb1_2&#8243; _builder_version=\u00bb4.15&#8243; _module_preset=\u00bbdefault\u00bb custom_padding=\u00bb0px|0px||0px|false|false\u00bb global_colors_info=\u00bb{}\u00bb][\/et_pb_column][\/et_pb_row][\/et_pb_section][et_pb_section fb_built=\u00bb1&#8243; admin_label=\u00bbCourses\u00bb _builder_version=\u00bb4.15&#8243; custom_padding=\u00bb0px|0px|14px|0px||\u00bb global_colors_info=\u00bb{}\u00bb][et_pb_row column_structure=\u00bb1_2,1_2&#8243; _builder_version=\u00bb4.15&#8243; background_size=\u00bbinitial\u00bb background_position=\u00bbtop_left\u00bb background_repeat=\u00bbrepeat\u00bb custom_margin=\u00bb|||\u00bb custom_padding=\u00bb0px|0px|27px|0px\u00bb global_colors_info=\u00bb{}\u00bb][et_pb_column type=\u00bb1_2&#8243; _builder_version=\u00bb4.15&#8243; custom_padding=\u00bb|||\u00bb global_colors_info=\u00bb{}\u00bb custom_padding__hover=\u00bb|||\u00bb][et_pb_blurb title=\u00bbFUENTES DE ENERG\u00cdAS RENOVABLES: ENERG\u00cdA SOLAR, E\u00d3LICA Y TECNOLOG\u00cdAS DEL HIDR\u00d3GENO\u00bb icon_placement=\u00bbleft\u00bb content_max_width=\u00bb1100px\u00bb _builder_version=\u00bb4.15.1&#8243; header_font=\u00bb|on|||\u00bb header_text_color=\u00bb#2e2545&#8243; header_line_height=\u00bb1.5em\u00bb body_text_color=\u00bb#8585bd\u00bb body_font_size=\u00bb16px\u00bb body_line_height=\u00bb1.9em\u00bb background_color=\u00bb#ffffff\u00bb background_size=\u00bbinitial\u00bb background_position=\u00bbtop_left\u00bb background_repeat=\u00bbrepeat\u00bb min_height=\u00bb265.8px\u00bb custom_margin=\u00bb10%||10%||true|\u00bb custom_padding=\u00bb30px|40px|30px|40px\u00bb animation_style=\u00bbzoom\u00bb animation_direction=\u00bbbottom\u00bb animation_intensity_zoom=\u00bb20%\u00bb animation_starting_opacity=\u00bb100%\u00bb hover_enabled=\u00bb0&#8243; box_shadow_style=\u00bbpreset3&#8243; box_shadow_color=\u00bbrgba(71,74,182,0.12)\u00bb locked=\u00bboff\u00bb global_colors_info=\u00bb{}\u00bb sticky_enabled=\u00bb0&#8243;]<\/p>\n<p style=\"text-align: center;\"><img loading=\"lazy\" decoding=\"async\" src=\"https:\/\/www.uhu.es\/catedra-provincia\/wp-content\/uploads\/Catedra-UHU-Curso-1-Cartel-1-212x300.jpg\" width=\"212\" height=\"300\" alt=\"\" class=\"wp-image-973 alignnone size-medium\" \/><\/p>\n<p>Coodinador: <span>Francisco Jos\u00e9 Vivas Fern\u00e1ndez-UHU<\/span><\/p>\n<div>Profesorado:<\/div>\n<div>Joaqu\u00edn del Pino Fern\u00e1ndez (UHU)<\/div>\n<div><\/div>\n<div>Duraci\u00f3n: <span>del 17 de octubre al 11 de noviembre<\/span><span><\/span><\/div>\n<p style=\"font-weight: 400;\"><strong><\/strong><\/p>\n<p style=\"font-weight: 400;\"><strong>Inscripci\u00f3n<\/strong>:<span>\u00a0<\/span><a href=\"https:\/\/forms.gle\/rk7zUG1eTTh3BKpo8\" data-saferedirecturl=\"https:\/\/www.google.com\/url?q=https:\/\/forms.gle\/rk7zUG1eTTh3BKpo8&amp;source=gmail&amp;ust=1665213349954000&amp;usg=AOvVaw24vE905t0VBtQQNKPWvgbb\">https:\/\/forms.gle\/rk7zUG1eTTh3BKpo8<\/a><\/p>\n<p style=\"font-weight: 400;\">El curso se celebrar\u00e1 seg\u00fan<strong><span>\u00a0<\/span>modalidad no presencial,<span>\u00a0<\/span><\/strong>a trav\u00e9s de Zoom y la plataforma OpenUHU de la Universidad de Huelva. De forma adicional y voluntaria se ofertar\u00e1 la visita a las instalaciones de investigaci\u00f3n ubicadas en el Campus de La R\u00e1bida.<\/p>\n<p style=\"font-weight: 400;\">17 y 19 de octubre de 17 a 19 horas<\/p>\n<p style=\"font-weight: 400;\">21, 24 26, 28, 31 de octubre y 2 de noviembre de 17 a 20 horas<\/p>\n<p style=\"font-weight: 400;\">4, 7 y 9 de noviembre de 17 a 19 horas<span>\u00a0<\/span><\/p>\n<p style=\"font-weight: 400;\">11 de noviembre visita de campo de 17 a 19 horas.<\/p>\n<p><a href=\"https:\/\/www.uhu.es\/catedra-provincia\/wp-content\/uploads\/guio\u0301n-ENERGI\u0301AS-RENOVABLES.pdf\" target=\"_blank\" rel=\"noopener\">M\u00e1s informaci\u00f3n<\/a><\/p>\n<p>[\/et_pb_blurb][et_pb_blurb title=\u00bbDIGITALIZA TU NEGOCIO: C\u00d3MO VENDER ON LINE\u00bb icon_placement=\u00bbleft\u00bb content_max_width=\u00bb1100px\u00bb _builder_version=\u00bb4.15.1&#8243; header_font=\u00bb|on|||\u00bb header_text_color=\u00bb#2e2545&#8243; header_line_height=\u00bb1.5em\u00bb body_text_color=\u00bb#8585bd\u00bb body_font_size=\u00bb16px\u00bb body_line_height=\u00bb1.9em\u00bb background_color=\u00bb#ffffff\u00bb background_size=\u00bbinitial\u00bb background_position=\u00bbtop_left\u00bb background_repeat=\u00bbrepeat\u00bb min_height=\u00bb265.8px\u00bb custom_margin=\u00bb10%||10%||true|\u00bb custom_padding=\u00bb30px|40px|30px|40px\u00bb animation_style=\u00bbzoom\u00bb animation_direction=\u00bbbottom\u00bb animation_intensity_zoom=\u00bb20%\u00bb animation_starting_opacity=\u00bb100%\u00bb hover_enabled=\u00bb0&#8243; box_shadow_style=\u00bbpreset3&#8243; box_shadow_color=\u00bbrgba(71,74,182,0.12)\u00bb locked=\u00bboff\u00bb global_colors_info=\u00bb{}\u00bb sticky_enabled=\u00bb0&#8243;]<\/p>\n<p style=\"text-align: center;\"><img loading=\"lazy\" decoding=\"async\" src=\"https:\/\/www.uhu.es\/catedra-provincia\/wp-content\/uploads\/Catedra-UHU-Curso-3-Cartel-212x300.jpg\" width=\"212\" height=\"300\" alt=\"\" class=\"wp-image-974 alignnone size-medium\" \/><\/p>\n<p>Coodinador: <span>Alfonso Infante Moro-UHU<\/span><\/p>\n<div>Profesorado:<\/div>\n<div><span>Alfonso Infante Moro-UHU<\/span><\/div>\n<div><span>Francisco Jos\u00e9 Mart\u00ednez L\u00f3pez-UHU<\/span><\/div>\n<div><span>Juan Carlos Infante Moro-UHU<\/span><\/div>\n<div><\/div>\n<div>Duraci\u00f3n: <span>del 16 de noviembre al 19 de diciembre<\/span><span><\/span><strong><\/strong><\/div>\n<p style=\"font-weight: 400;\"><strong>Inscripci\u00f3n<\/strong>:<span>\u00a0<\/span><a href=\"https:\/\/forms.gle\/dU5KnVJBSobJoEuR9\" data-saferedirecturl=\"https:\/\/www.google.com\/url?q=https:\/\/forms.gle\/rk7zUG1eTTh3BKpo8&amp;source=gmail&amp;ust=1665213349954000&amp;usg=AOvVaw24vE905t0VBtQQNKPWvgbb\">https:\/\/forms.gle\/rk7zUG1eTTh3BKpo8<\/a><\/p>\n<p style=\"font-weight: 400;\">El curso se celebrar\u00e1 seg\u00fan\u00a0modalidad no presencial,\u00a0a trav\u00e9s de Zoom y la plataforma OpenUHU de la Universidad de Huelva.<\/p>\n<p style=\"font-weight: 400;\">Sesiones:<\/p>\n<ul style=\"font-weight: 400;\">\n<li>16, 18, 21, 23 y 30 de noviembre (sesiones te\u00f3rico-pr\u00e1cticas de 3h) de 17:30 a 20:30h.<\/li>\n<li>12, 14 y 16 de diciembre (sesiones te\u00f3rico-pr\u00e1cticas de 3,5h) de 17:30 a 21:00h.<\/li>\n<li>19 de diciembre (4,5h de evaluaci\u00f3n) de 16:30 a 21:00h.<\/li>\n<\/ul>\n<p><a href=\"https:\/\/www.uhu.es\/catedra-provincia\/wp-content\/uploads\/guio\u0301n-Digitaliza-tu-negocio.pdf\" target=\"_blank\" rel=\"noopener\">M\u00e1s informaci\u00f3n<\/a><\/p>\n<p>[\/et_pb_blurb][\/et_pb_column][et_pb_column type=\u00bb1_2&#8243; _builder_version=\u00bb4.15&#8243; custom_padding=\u00bb|||\u00bb global_colors_info=\u00bb{}\u00bb custom_padding__hover=\u00bb|||\u00bb][et_pb_blurb title=\u00bbRETOS Y OPORTUNIDADES DE HUELVA ANTE LOS ODS\u00bb url=\u00bb#\u00bb use_icon=\u00bbon\u00bb icon_placement=\u00bbleft\u00bb content_max_width=\u00bb1100px\u00bb _builder_version=\u00bb4.15.1&#8243; header_font=\u00bb|on|||\u00bb header_text_color=\u00bb#2e2545&#8243; header_line_height=\u00bb1.5em\u00bb body_text_color=\u00bb#8585bd\u00bb body_font_size=\u00bb16px\u00bb body_line_height=\u00bb1.9em\u00bb background_color=\u00bb#ffffff\u00bb background_size=\u00bbinitial\u00bb background_position=\u00bbtop_left\u00bb background_repeat=\u00bbrepeat\u00bb custom_margin=\u00bb10%||10%||true|\u00bb custom_margin_tablet=\u00bb0px||10%|\u00bb custom_margin_phone=\u00bb\u00bb custom_margin_last_edited=\u00bbon|phone\u00bb custom_padding=\u00bb30px|40px|30px|40px\u00bb animation_style=\u00bbzoom\u00bb animation_direction=\u00bbbottom\u00bb animation_delay=\u00bb100ms\u00bb animation_intensity_zoom=\u00bb20%\u00bb animation_starting_opacity=\u00bb100%\u00bb hover_enabled=\u00bb0&#8243; box_shadow_style=\u00bbpreset3&#8243; box_shadow_color=\u00bbrgba(71,74,182,0.12)\u00bb locked=\u00bboff\u00bb global_colors_info=\u00bb{}\u00bb sticky_enabled=\u00bb0&#8243;]<\/p>\n<p style=\"text-align: left;\"><img loading=\"lazy\" decoding=\"async\" src=\"https:\/\/www.uhu.es\/catedra-provincia\/wp-content\/uploads\/Catedra-UHU-Curso-2-Cartel-1-212x300.jpg\" width=\"212\" height=\"300\" alt=\"\" class=\"wp-image-972 alignnone size-medium\" style=\"display: block; margin-left: auto; margin-right: auto;\" \/><\/p>\n<p style=\"text-align: left;\">Coordinador: <span>Ra\u00fal Moreno Gutierrez . CEO de OpenODS\u00a0SL<\/span><\/p>\n<div>Docentes:<\/div>\n<div><span>Ra\u00fal Moreno Guti\u00e9rrez &#8211; polit\u00f3logo y CEO de OpenODS SL<\/span><\/div>\n<div><span>Arantza Lozano Zabala &#8211; economista y consultora senior de OpenODS SL<\/span><\/div>\n<div><span>Elena Ga\u00f1\u00e1n S\u00e1nchez &#8211; soci\u00f3loga investigadora en Agenda Urbana en Zinklab<\/span><\/div>\n<div><span>Ismael S\u00e1nchez Ca\u00f1avate &#8211; jurista y t\u00e9cnico del Parlamento de Andaluc\u00eda<\/span><\/div>\n<div><span>Marina M\u00e1rquez Olivetto &#8211; publicista freelance especializada en responsabilidad social corporativa y econom\u00eda circular<\/span><\/div>\n<p>Duraci\u00f3n: <span>del 25 de octubre al 24 de noviembre<\/span>.<\/p>\n<p style=\"font-weight: 400; text-align: left;\"><strong>Inscripci\u00f3n: <\/strong><a href=\"https:\/\/forms.gle\/W3JAVQvC1NNZ9dwA7\">https:\/\/forms.gle\/W3JAVQvC1NNZ9dwA7<\/a><strong><\/strong><\/p>\n<p><strong><span style=\"font-weight: 400;\">El curso se celebrar\u00e1 seg\u00fan<\/span><span>\u00a0<\/span>modalidad no presencial,<span>\u00a0<\/span><span style=\"font-weight: 400;\">a trav\u00e9s de Zoom y la plataforma OpenUHU de la Universidad de Huelva.<\/span><\/strong><\/p>\n<p>Martes y jueves de 16,30 a 19,00 horas.<\/p>\n<p><a href=\"https:\/\/www.uhu.es\/catedra-provincia\/wp-content\/uploads\/guio\u0301nweb-Retos-y-oportunidades-de-Huelva-ante-los-ODS-1.pdf\">Mas informaci\u00f3n<\/a><\/p>\n<p>[\/et_pb_blurb][\/et_pb_column][\/et_pb_row][\/et_pb_section]<\/p>\n","protected":false},"excerpt":{"rendered":"<p>Formaci\u00f3n 2022 Coodinador: Francisco Jos\u00e9 Vivas Fern\u00e1ndez-UHU Profesorado: Joaqu\u00edn del Pino Fern\u00e1ndez (UHU) Duraci\u00f3n: del 17 de octubre al 11 de noviembre Inscripci\u00f3n:\u00a0https:\/\/forms.gle\/rk7zUG1eTTh3BKpo8 El curso se celebrar\u00e1 seg\u00fan\u00a0modalidad no presencial,\u00a0a trav\u00e9s de Zoom y la plataforma OpenUHU de la Universidad de Huelva. De forma adicional y voluntaria se ofertar\u00e1 la visita a las instalaciones de [&hellip;]<\/p>\n","protected":false},"author":1,"featured_media":0,"parent":0,"menu_order":0,"comment_status":"closed","ping_status":"closed","template":"","meta":{"_et_pb_use_builder":"on","_et_pb_old_content":"","_et_gb_content_width":"","footnotes":""},"_links":{"self":[{"href":"https:\/\/www.uhu.es\/catedra-provincia\/index.php?rest_route=\/wp\/v2\/pages\/953"}],"collection":[{"href":"https:\/\/www.uhu.es\/catedra-provincia\/index.php?rest_route=\/wp\/v2\/pages"}],"about":[{"href":"https:\/\/www.uhu.es\/catedra-provincia\/index.php?rest_route=\/wp\/v2\/types\/page"}],"author":[{"embeddable":true,"href":"https:\/\/www.uhu.es\/catedra-provincia\/index.php?rest_route=\/wp\/v2\/users\/1"}],"replies":[{"embeddable":true,"href":"https:\/\/www.uhu.es\/catedra-provincia\/index.php?rest_route=%2Fwp%2Fv2%2Fcomments&post=953"}],"version-history":[{"count":8,"href":"https:\/\/www.uhu.es\/catedra-provincia\/index.php?rest_route=\/wp\/v2\/pages\/953\/revisions"}],"predecessor-version":[{"id":975,"href":"https:\/\/www.uhu.es\/catedra-provincia\/index.php?rest_route=\/wp\/v2\/pages\/953\/revisions\/975"}],"wp:attachment":[{"href":"https:\/\/www.uhu.es\/catedra-provincia\/index.php?rest_route=%2Fwp%2Fv2%2Fmedia&parent=953"}],"curies":[{"name":"wp","href":"https:\/\/api.w.org\/{rel}","templated":true}]}}