{"id":19897,"date":"2020-10-16T10:23:03","date_gmt":"2020-10-16T09:23:03","guid":{"rendered":"http:\/\/www.uhu.es\/etsi\/?page_id=19897"},"modified":"2021-02-17T13:13:44","modified_gmt":"2021-02-17T12:13:44","slug":"coordinadores-de-titulacion-y-curso-2020-2021","status":"publish","type":"page","link":"https:\/\/www.uhu.es\/etsi\/coordinadores-de-titulacion-y-curso-2020-2021\/","title":{"rendered":"Coordinadores de Titulaci\u00f3n y Curso 2020-2021"},"content":{"rendered":"<div id=\"my-accordion\" class=\"x-accordion\" >\n<div  class=\"x-accordion-group\" ><div class=\"x-accordion-heading\"><a class=\"x-accordion-toggle collapsed\" data-toggle=\"collapse\" data-parent=\"#my-accordion\" href=\"#collapse-1\">Grado en Ing. Forestal y del Medio Natural<\/a><\/div> <!-- end .x-accordion-heading --><div id=\"collapse-1\" class=\"accordion-body collapse\"><div class=\"x-accordion-inner\">\n<ul style=\"list-style-type: square;\">\n<li><strong>Coordinador docente de Titulaci\u00f3n: <\/strong><a href=\"#\" onclick=\"window.open('https:\/\/www.uhu.es\/etsi\/personal-docente-e-investigador\/?id=419','','width=680,height=480,scrollbars=yes,resizable=no,location=no,menubar=no,toolbar=no')\">Laura Galv\u00e1n Gonz\u00e1lez <\/a> <a href=\"mailto:coordinacion.ing.forestal@etsi.uhu.es\"> (<em>coordinacion.ing.forestal@etsi.uhu.es<\/em>)<\/a><\/li>\n<li><strong>Coordinador docente de Primer Curso: <\/strong><a href=\"#\" onclick=\"window.open('https:\/\/www.uhu.es\/etsi\/personal-docente-e-investigador\/?id=317','','width=680,height=480,scrollbars=yes,resizable=no,location=no,menubar=no,toolbar=no')\">Rub\u00e9n Fern\u00e1ndez de Villar\u00e1n San Juan<\/a><\/li>\n<li><strong>Coordinador docente de Segundo Curso: <\/strong><a href=\"#\" onclick=\"window.open('https:\/\/www.uhu.es\/etsi\/personal-docente-e-investigador\/?id=419','','width=680,height=480,scrollbars=yes,resizable=no,location=no,menubar=no,toolbar=no')\">Laura Galv\u00e1n Gonz\u00e1lez<\/a><\/li>\n<li><strong>Coordinador docente de Tercer Curso: <\/strong><a href=\"#\" onclick=\"window.open('https:\/\/www.uhu.es\/etsi\/personal-docente-e-investigador\/?id=219','','width=680,height=480,scrollbars=yes,resizable=no,location=no,menubar=no,toolbar=no')\">Israel S\u00e1nchez Osorio<\/a><\/li>\n<li><strong>Coordinador docente de Cuarto Curso: <\/strong><a href=\"#\" onclick=\"window.open('https:\/\/www.uhu.es\/etsi\/personal-docente-e-investigador\/?id=351','','width=680,height=480,scrollbars=yes,resizable=no,location=no,menubar=no,toolbar=no')\">Juan M. Domingo Santos<\/a><\/li>\n<\/ul>\n<\/div> <!-- end .x-accordion-inner --><\/div> <!-- end .x-accordion-body --><\/div> <!-- end .x-accordion-group -->\n<div  class=\"x-accordion-group\" ><div class=\"x-accordion-heading\"><a class=\"x-accordion-toggle collapsed\" data-toggle=\"collapse\" data-parent=\"#my-accordion\" href=\"#collapse-2\">Grado en Ing. Agr\u00edcola<\/a><\/div> <!-- end .x-accordion-heading --><div id=\"collapse-2\" class=\"accordion-body collapse\"><div class=\"x-accordion-inner\">\n<ul style=\"list-style-type: square;\">\n<li><strong>Coordinador docente de Titulaci\u00f3n: <\/strong><a href=\"#\" onclick=\"window.open('https:\/\/www.uhu.es\/etsi\/personal-docente-e-investigador\/?id=481','','width=680,height=480,scrollbars=yes,resizable=no,location=no,menubar=no,toolbar=no')\">Luis Felipe P\u00e9rez Romero <\/a> <a href=\"mailto:coordinacion.ing.agricola@etsi.uhu.es\">(<em>coordinacion.ing.agricola@etsi.uhu.es<\/em>)<\/a><\/li>\n<li><strong>Coordinador docente de Primer Curso: <\/strong><a href=\"#\" onclick=\"window.open('https:\/\/www.uhu.es\/etsi\/personal-docente-e-investigador\/?id=214','','width=680,height=480,scrollbars=yes,resizable=no,location=no,menubar=no,toolbar=no')\">Laura Salvador Nemoz<\/a><\/li>\n<li><strong>Coordinador docente de Segundo Curso: <\/strong><a href=\"#\" onclick=\"window.open('https:\/\/www.uhu.es\/etsi\/personal-docente-e-investigador\/?id=147','','width=680,height=480,scrollbars=yes,resizable=no,location=no,menubar=no,toolbar=no')\">Julio Men\u00e9ndez Calle<\/a><\/li>\n<li><strong>Coordinador docente de Tercer Curso: <\/strong><a href=\"#\" onclick=\"window.open('https:\/\/www.uhu.es\/etsi\/personal-docente-e-investigador\/?id=160','','width=680,height=480,scrollbars=yes,resizable=no,location=no,menubar=no,toolbar=no')\">Marina de Moya Alfonso<\/a><\/li>\n<li><strong>Coordinador docente de Cuarto Curso: <\/strong><a href=\"#\" onclick=\"window.open('https:\/\/www.uhu.es\/etsi\/personal-docente-e-investigador\/?id=45','','width=680,height=480,scrollbars=yes,resizable=no,location=no,menubar=no,toolbar=no')\">Antonio Dom\u00ednguez Moreno<\/a><\/li>\n<\/ul>\n<\/div> <!-- end .x-accordion-inner --><\/div> <!-- end .x-accordion-body --><\/div> <!-- end .x-accordion-group -->\n<div  class=\"x-accordion-group\" ><div class=\"x-accordion-heading\"><a class=\"x-accordion-toggle collapsed\" data-toggle=\"collapse\" data-parent=\"#my-accordion\" href=\"#collapse-3\">Grado en Ing. Inform\u00e1tica<\/a><\/div> <!-- end .x-accordion-heading --><div id=\"collapse-3\" class=\"accordion-body collapse\"><div class=\"x-accordion-inner\">\n<ul style=\"list-style-type: square;\">\n<li><strong>Coordinador docente de Titulaci\u00f3n: <\/strong><a href=\"#\" onclick=\"window.open('https:\/\/www.uhu.es\/etsi\/personal-docente-e-investigador\/?id=314','','width=680,height=480,scrollbars=yes,resizable=no,location=no,menubar=no,toolbar=no')\">Juan Luis Dom\u00ednguez Olmedo <\/a><a href=\"mailto:coordinacion.ing.informatica@etsi.uhu.es\">(<em>coordinacion.ing.informatica@etsi.uhu.es<\/em>)<\/a><\/li>\n<li><strong>Coordinador docente de Primer Curso: <\/strong><a href=\"#\" onclick=\"window.open('https:\/\/www.uhu.es\/etsi\/personal-docente-e-investigador\/?id=314','','width=680,height=480,scrollbars=yes,resizable=no,location=no,menubar=no,toolbar=no')\">Juan Luis Dom\u00ednguez Olmedo <\/a><a href=\"mailto:coordinacion.ing.informatica@etsi.uhu.es\">(<em>coordinacion.ing.informatica@etsi.uhu.es<\/em>)<\/a><\/li>\n<li><strong>Coordinador docente de Segundo Curso: <\/strong><a href=\"#\" onclick=\"window.open('https:\/\/www.uhu.es\/etsi\/personal-docente-e-investigador\/?id=314','','width=680,height=480,scrollbars=yes,resizable=no,location=no,menubar=no,toolbar=no')\">Juan Luis Dom\u00ednguez Olmedo <\/a><a href=\"mailto:coordinacion.ing.informatica@etsi.uhu.es\">(<em>coordinacion.ing.informatica@etsi.uhu.es<\/em>)<\/a><\/li>\n<li><strong>Coordinador docente de Tercer Curso: <\/strong><a href=\"#\" onclick=\"window.open('https:\/\/www.uhu.es\/etsi\/personal-docente-e-investigador\/?id=314','','width=680,height=480,scrollbars=yes,resizable=no,location=no,menubar=no,toolbar=no')\">Juan Luis Dom\u00ednguez Olmedo <\/a><a href=\"mailto:coordinacion.ing.informatica@etsi.uhu.es\">(<em>coordinacion.ing.informatica@etsi.uhu.es<\/em>)<\/a><\/li>\n<li><strong>Coordinador docente de Cuarto Curso: <\/strong><a href=\"#\" onclick=\"window.open('https:\/\/www.uhu.es\/etsi\/personal-docente-e-investigador\/?id=314','','width=680,height=480,scrollbars=yes,resizable=no,location=no,menubar=no,toolbar=no')\">Juan Luis Dom\u00ednguez Olmedo <\/a><a href=\"mailto:coordinacion.ing.informatica@etsi.uhu.es\">(<em>coordinacion.ing.informatica@etsi.uhu.es<\/em>)<\/a><\/li>\n<\/ul>\n<\/div> <!-- end .x-accordion-inner --><\/div> <!-- end .x-accordion-body --><\/div> <!-- end .x-accordion-group -->\n<div  class=\"x-accordion-group\" ><div class=\"x-accordion-heading\"><a class=\"x-accordion-toggle collapsed\" data-toggle=\"collapse\" data-parent=\"#my-accordion\" href=\"#collapse-4\">Grado en Ing. Energ\u00e9tica<\/a><\/div> <!-- end .x-accordion-heading --><div id=\"collapse-4\" class=\"accordion-body collapse\"><div class=\"x-accordion-inner\">\n<ul style=\"list-style-type: square;\">\n<li><strong>Coordinador docente de Titulaci\u00f3n: <\/strong><a href=\"#\" onclick=\"window.open('https:\/\/www.uhu.es\/etsi\/personal-docente-e-investigador\/?id=420','','width=680,height=480,scrollbars=yes,resizable=no,location=no,menubar=no,toolbar=no')\">Juan P\u00e9rez Torreglosa <\/a><a href=\"mailto:coordinacion.ing.energetica@etsi.uhu.es\">(<em>coordinacion.ing.energetica@etsi.uhu.es<\/em>)<\/a><\/li>\n<li><strong>Coordinador docente de Primer Curso: <\/strong><a href=\"#\" onclick=\"window.open('https:\/\/www.uhu.es\/etsi\/personal-docente-e-investigador\/\/?id=166','','width=680,height=480,scrollbars=yes,resizable=no,location=no,menubar=no,toolbar=no')\">Lourdes Ortiz Sa\u00f1udo<\/a><\/li>\n<li><strong>Coordinador docente de Segundo Curso: <\/strong><a href=\"#\" onclick=\"window.open('https:\/\/www.uhu.es\/etsi\/personal-docente-e-investigador\/?id=420','','width=680,height=480,scrollbars=yes,resizable=no,location=no,menubar=no,toolbar=no')\">Juan P\u00e9rez Torreglosa<\/a><\/li>\n<li><strong>Coordinador docente de Tercer Curso: <\/strong><a href=\"#\" onclick=\"window.open('https:\/\/www.uhu.es\/etsi\/personal-docente-e-investigador\/?id=420','','width=680,height=480,scrollbars=yes,resizable=no,location=no,menubar=no,toolbar=no')\">Juan P\u00e9rez Torreglosa<\/a><\/li>\n<li><strong>Coordinador docente de Cuarto Curso: <\/strong><a href=\"#\" onclick=\"window.open('https:\/\/www.uhu.es\/etsi\/personal-docente-e-investigador\/?id=362','','width=680,height=480,scrollbars=yes,resizable=no,location=no,menubar=no,toolbar=no')\">Juan Manuel Enrique G\u00f3mez<\/a><\/li>\n<\/ul>\n<\/div> <!-- end .x-accordion-inner --><\/div> <!-- end .x-accordion-body --><\/div> <!-- end .x-accordion-group -->\n<div  class=\"x-accordion-group\" ><div class=\"x-accordion-heading\"><a class=\"x-accordion-toggle collapsed\" data-toggle=\"collapse\" data-parent=\"#my-accordion\" href=\"#collapse-5\">Grado en Ing. Mec\u00e1nica<\/a><\/div> <!-- end .x-accordion-heading --><div id=\"collapse-5\" class=\"accordion-body collapse\"><div class=\"x-accordion-inner\">\n<ul style=\"list-style-type: square;\">\n<li><strong>Coordinador docente de Titulaci\u00f3n: <\/strong><a href=\"#\" onclick=\"window.open('https:\/\/www.uhu.es\/etsi\/personal-docente-e-investigador\/?id=343','','width=680,height=480,scrollbars=yes,resizable=no,location=no,menubar=no,toolbar=no')\">Juan Urbano Baena<\/a><a href=\"mailto:coordinacion.ing.mecanica@etsi.uhu.es\">(<em>coordinacion.ing.mecanica@etsi.uhu.es<\/em>)<\/a><\/li>\n<li><strong>Coordinador docente de Primer Curso: <\/strong><a href=\"#\" onclick=\"window.open('https:\/\/www.uhu.es\/etsi\/personal-docente-e-investigador\/?id=343','','width=680,height=480,scrollbars=yes,resizable=no,location=no,menubar=no,toolbar=no')\">Juan Urbano Baena<\/a><\/li>\n<li><strong>Coordinador docente de Segundo Curso: <\/strong><a href=\"#\" onclick=\"window.open('https:\/\/www.uhu.es\/etsi\/personal-docente-e-investigador\/?id=416','','width=680,height=480,scrollbars=yes,resizable=no,location=no,menubar=no,toolbar=no')\">Juan Mora Mac\u00edas<\/a><\/li>\n<li><strong>Coordinador docente de Tercer Curso: <\/strong><a href=\"#\" onclick=\"window.open('https:\/\/www.uhu.es\/etsi\/personal-docente-e-investigador\/?id=321','','width=680,height=480,scrollbars=yes,resizable=no,location=no,menubar=no,toolbar=no')\">Francisco de P. G\u00f3mez Cuevas<\/a><\/li>\n<li><strong>Coordinador docente de Cuarto Curso: <\/strong><a href=\"#\" onclick=\"window.open('https:\/\/www.uhu.es\/etsi\/personal-docente-e-investigador\/?id=321','','width=680,height=480,scrollbars=yes,resizable=no,location=no,menubar=no,toolbar=no')\">Francisco de P. G\u00f3mez Cuevas<\/a><\/li>\n<\/ul>\n<\/div> <!-- end .x-accordion-inner --><\/div> <!-- end .x-accordion-body --><\/div> <!-- end .x-accordion-group -->\n<div  class=\"x-accordion-group\" ><div class=\"x-accordion-heading\"><a class=\"x-accordion-toggle collapsed\" data-toggle=\"collapse\" data-parent=\"#my-accordion\" href=\"#collapse-6\">Grado en Ing. El\u00e9ctrica<\/a><\/div> <!-- end .x-accordion-heading --><div id=\"collapse-6\" class=\"accordion-body collapse\"><div class=\"x-accordion-inner\">\n<ul style=\"list-style-type: square;\">\n<li><strong>Coordinador docente de Titulaci\u00f3n: <\/strong><a href=\"#\" onclick=\"window.open('https:\/\/www.uhu.es\/etsi\/personal-docente-e-investigador\/?id=442','','width=680,height=480,scrollbars=yes,resizable=no,location=no,menubar=no,toolbar=no')\">Francisco Javier Ru\u00edz Rodr\u00edguez<\/a><a href=\"mailto:coordinacion.ing.electrica@etsi.uhu.es\">(<em>coordinacion.ing.electrica@etsi.uhu.es<\/em>)<\/a><\/li>\n<li><strong>Coordinador docente de Primer Curso: <\/strong><a href=\"#\" onclick=\"window.open('https:\/\/www.uhu.es\/etsi\/personal-docente-e-investigador\/?id=442','','width=680,height=480,scrollbars=yes,resizable=no,location=no,menubar=no,toolbar=no')\">Francisco Javier Ru\u00edz Rodr\u00edguez<\/a><\/li>\n<li><strong>Coordinadora docente de Segundo Curso: <\/strong><a href=\"#\" onclick=\"window.open('https:\/\/www.uhu.es\/etsi\/personal-docente-e-investigador\/?id=451','','width=680,height=480,scrollbars=yes,resizable=no,location=no,menubar=no,toolbar=no')\">Aranzazu Delgado Mart\u00edn<\/a><\/li>\n<li><strong>Coordinador docente de Tercer Curso: <\/strong><a href=\"#\" onclick=\"window.open('https:\/\/www.uhu.es\/etsi\/personal-docente-e-investigador\/?id=188','','width=680,height=480,scrollbars=yes,resizable=no,location=no,menubar=no,toolbar=no')\">Jaime Prieto Thomas<\/a><\/li>\n<li><strong>Coordinador docente de Cuarto Curso: <\/strong><a href=\"#\" onclick=\"window.open('https:\/\/www.uhu.es\/etsi\/personal-docente-e-investigador\/?id=420','','width=680,height=480,scrollbars=yes,resizable=no,location=no,menubar=no,toolbar=no')\">Juan P\u00e9rez Torreglosa <\/a><\/li>\n<\/ul>\n<\/div> <!-- end .x-accordion-inner --><\/div> <!-- end .x-accordion-body --><\/div> <!-- end .x-accordion-group -->\n<div  class=\"x-accordion-group\" ><div class=\"x-accordion-heading\"><a class=\"x-accordion-toggle collapsed\" data-toggle=\"collapse\" data-parent=\"#my-accordion\" href=\"#collapse-7\">Grado en Ing. Qu\u00edmica Industrial<\/a><\/div> <!-- end .x-accordion-heading --><div id=\"collapse-7\" class=\"accordion-body collapse\"><div class=\"x-accordion-inner\">\n<ul style=\"list-style-type: square;\">\n<li><strong>Coordinador docente de Titulaci\u00f3n: <\/strong><a href=\"#\" onclick=\"window.open('https:\/\/www.uhu.es\/etsi\/personal-docente-e-investigador\/?id=336','','width=680,height=480,scrollbars=yes,resizable=no,location=no,menubar=no,toolbar=no')\">Miguel \u00c1ngel Delgado Cant\u00f3<\/a><a href=\"mailto:coordinacion.ing.quimica@etsi.uhu.es\">(<em>coordinacion.ing.quimica@etsi.uhu.es<\/em>)<\/a><\/li>\n<li><strong>Coordinador docente de Primer Curso: <\/strong><a href=\"#\" onclick=\"window.open('https:\/\/www.uhu.es\/etsi\/personal-docente-e-investigador\/?id=336','','width=680,height=480,scrollbars=yes,resizable=no,location=no,menubar=no,toolbar=no')\">Miguel \u00c1ngel Delgado Cant\u00f3<\/a><\/li>\n<li><strong>Coordinador docente de Segundo Curso:<\/strong><a href=\"#\" onclick=\"window.open('https:\/\/www.uhu.es\/etsi\/personal-docente-e-investigador\/?id=216','','width=680,height=480,scrollbars=yes,resizable=no,location=no,menubar=no,toolbar=no')\"> M\u00aa Carmen S\u00e1nchez Carrillo<\/a><\/li>\n<li><strong>Coordinador docente de Tercer Curso: <\/strong><a href=\"#\" onclick=\"window.open('https:\/\/www.uhu.es\/etsi\/personal-docente-e-investigador\/?id=323','','width=680,height=480,scrollbars=yes,resizable=no,location=no,menubar=no,toolbar=no')\">Mois\u00e9s Garc\u00eda Morales<\/a><\/li>\n<li><strong>Coordinador docente de Cuarto Curso: <\/strong><a href=\"#\" onclick=\"window.open('https:\/\/www.uhu.es\/etsi\/personal-docente-e-investigador\/?id=400','','width=680,height=480,scrollbars=yes,resizable=no,location=no,menubar=no,toolbar=no')\">Antonio Abad Cuadri Vega<\/a><\/li>\n<\/ul>\n<\/div> <!-- end .x-accordion-inner --><\/div> <!-- end .x-accordion-body --><\/div> <!-- end .x-accordion-group -->\n<div  class=\"x-accordion-group\" ><div class=\"x-accordion-heading\"><a class=\"x-accordion-toggle collapsed\" data-toggle=\"collapse\" data-parent=\"#my-accordion\" href=\"#collapse-8\">Grado en Ing. Electr\u00f3nica Industrial<\/a><\/div> <!-- end .x-accordion-heading --><div id=\"collapse-8\" class=\"accordion-body collapse\"><div class=\"x-accordion-inner\">\n<ul style=\"list-style-type: square;\">\n<li><strong>Coordinador docente de Titulaci\u00f3n: <\/strong><a href=\"#\" onclick=\"window.open('https:\/\/www.uhu.es\/etsi\/personal-docente-e-investigador\/?id=285','','width=680,height=480,scrollbars=yes,resizable=no,location=no,menubar=no,toolbar=no')\">Juan R\u00edos Guti\u00e9rrez<\/a><a href=\"mailto:coordinacion.ing.electronica@etsi.uhu.es\">(<em>coordinacion.ing.electronica@etsi.uhu.es<\/em>)<\/a><\/li>\n<li><strong>Coordinador docente de Primer Curso: <\/strong><a href=\"#\" onclick=\"window.open('https:\/\/www.uhu.es\/etsi\/personal-docente-e-investigador\/?id=285','','width=680,height=480,scrollbars=yes,resizable=no,location=no,menubar=no,toolbar=no')\">Juan R\u00edos Guti\u00e9rrez<\/a><\/li>\n<li><strong>Coordinador docente de Segundo Curso: <\/strong><a href=\"#\" onclick=\"window.open('https:\/\/www.uhu.es\/etsi\/personal-docente-e-investigador\/?id=443','','width=680,height=480,scrollbars=yes,resizable=no,location=no,menubar=no,toolbar=no')\">M\u00aa Trinidad S\u00e1nchez Rodr\u00edguez<\/a><\/li>\n<li><strong>Coordinador docente de Tercer Curso: <\/strong><a href=\"#\" onclick=\"window.open('https:\/\/www.uhu.es\/etsi\/personal-docente-e-investigador\/?id=285','','width=680,height=480,scrollbars=yes,resizable=no,location=no,menubar=no,toolbar=no')\">Juan R\u00edos Guti\u00e9rrez<\/a><\/li>\n<li><strong>Coordinador docente de Cuarto Curso: <\/strong><a href=\"#\" onclick=\"window.open('https:\/\/www.uhu.es\/etsi\/personal-docente-e-investigador\/?id=361','','width=680,height=480,scrollbars=yes,resizable=no,location=no,menubar=no,toolbar=no')\">Manuel Jes\u00fas Vasallo V\u00e1zquez<\/a><\/li>\n<\/ul>\n<\/div> <!-- end .x-accordion-inner --><\/div> <!-- end .x-accordion-body --><\/div> <!-- end .x-accordion-group -->\n<div  class=\"x-accordion-group\" ><div class=\"x-accordion-heading\"><a class=\"x-accordion-toggle collapsed\" data-toggle=\"collapse\" data-parent=\"#my-accordion\" href=\"#collapse-9\">Grado de Ing. en Explotaci\u00f3n de Minas y Recursos Energ\u00e9ticos<\/a><\/div> <!-- end .x-accordion-heading --><div id=\"collapse-9\" class=\"accordion-body collapse\"><div class=\"x-accordion-inner\">\n<ul style=\"list-style-type: square;\">\n<li><strong>Coordinador docente de Titulaci\u00f3n: <\/strong><a href=\"#\" onclick=\"window.open('https:\/\/www.uhu.es\/etsi\/personal-docente-e-investigador\/?id=355','','width=680,height=480,scrollbars=yes,resizable=no,location=no,menubar=no,toolbar=no')\">Santisteban Fern\u00e1ndez, Maria<\/a><a href=\"mailto:coordinacion.ing.minas@etsi.uhu.es)\">(<em>coordinacion.ing.minas@etsi.uhu.es)<\/em><\/a><\/li>\n<li><strong>Coordinador docente de Primer Curso: <\/strong> <a href=\"#\" onclick=\"window.open('https:\/\/www.uhu.es\/etsi\/personal-docente-e-investigador\/?id=452','','width=680,height=480,scrollbars=yes,resizable=no,location=no,menubar=no,toolbar=no')\"> Miguel Sarmiento, Aguasanta <\/a><\/li>\n<li><strong>Coordinador docente de Segundo Curso: <\/strong><a href=\"#\" onclick=\"window.open('https:\/\/www.uhu.es\/etsi\/personal-docente-e-investigador\/?id=34','','width=680,height=480,scrollbars=yes,resizable=no,location=no,menubar=no,toolbar=no')\">Domingo Carvajal G\u00f3mez<\/a><\/li>\n<li><strong>Coordinador docente de Tercer Curso: <\/strong><a href=\"#\" onclick=\"window.open('https:\/\/www.uhu.es\/etsi\/personal-docente-e-investigador\/?id=363','','width=680,height=480,scrollbars=yes,resizable=no,location=no,menubar=no,toolbar=no')\">Jos\u00e9 Miguel D\u00e1vila Mart\u00edn<\/a><\/li>\n<li><strong>Coordinador docente de Cuarto Curso: <\/strong><a href=\"#\" onclick=\"window.open('https:\/\/www.uhu.es\/etsi\/personal-docente-e-investigador\/?id=355','','width=680,height=480,scrollbars=yes,resizable=no,location=no,menubar=no,toolbar=no')\">Maria Santisteban Fern\u00e1ndez<\/a><\/li>\n<\/ul>\n<p><!-- \n\n<li><strong>Coordinador docente de Cuarto Curso: <\/strong><a href=\"#\" onclick=\"window.open('https:\/\/www.uhu.es\/etsi\/personal-docente-e-investigador\/?id=372','','width=680,height=480,scrollbars=yes,resizable=no,location=no,menubar=no,toolbar=no')\">Francisco Javier Gonz\u00e1lez M\u00e1rquez<\/a><\/li>\n\n --><br \/>\n<\/div> <!-- end .x-accordion-inner --><\/div> <!-- end .x-accordion-body --><\/div> <!-- end .x-accordion-group -->\n<p><span style=\"line-height: 1.5;\"><\/div><\/span><\/p>\n","protected":false},"excerpt":{"rendered":"Grado en Ing. Forestal y del Medio Natural Coordinador docente de Titulaci\u00f3n: Laura Galv\u00e1n Gonz\u00e1lez (coordinacion.ing.forestal@etsi.uhu.es) Coordinador docente de Primer ... <div><a href=\"https:\/\/www.uhu.es\/etsi\/coordinadores-de-titulacion-y-curso-2020-2021\/\" class=\"more-link\">Read More<\/a><\/div>","protected":false},"author":7,"featured_media":0,"parent":0,"menu_order":0,"comment_status":"closed","ping_status":"closed","template":"template-layout-full-width.php","meta":[],"yoast_head":"<!-- This site is optimized with the Yoast SEO plugin v20.2.1 - https:\/\/yoast.com\/wordpress\/plugins\/seo\/ -->\n<title>Coordinadores de Titulaci\u00f3n y Curso 2020-2021 - ETSI, UHU<\/title>\n<meta name=\"robots\" content=\"index, follow, max-snippet:-1, max-image-preview:large, max-video-preview:-1\" \/>\n<link rel=\"canonical\" href=\"http:\/\/www.uhu.es\/etsi\/coordinadores-de-titulacion-y-curso-2020-2021\/\" \/>\n<meta property=\"og:locale\" content=\"es_ES\" \/>\n<meta property=\"og:type\" content=\"article\" \/>\n<meta property=\"og:title\" content=\"Coordinadores de Titulaci\u00f3n y Curso 2020-2021 - ETSI, UHU\" \/>\n<meta property=\"og:url\" content=\"http:\/\/www.uhu.es\/etsi\/coordinadores-de-titulacion-y-curso-2020-2021\/\" \/>\n<meta property=\"og:site_name\" content=\"ETSI, UHU\" \/>\n<meta property=\"article:modified_time\" content=\"2021-02-17T12:13:44+00:00\" \/>\n<meta name=\"twitter:label1\" content=\"Est. reading time\" \/>\n\t<meta name=\"twitter:data1\" content=\"3 minutes\" \/>\n<script type=\"application\/ld+json\" class=\"yoast-schema-graph\">{\"@context\":\"https:\/\/schema.org\",\"@graph\":[{\"@type\":\"WebPage\",\"@id\":\"http:\/\/www.uhu.es\/etsi\/coordinadores-de-titulacion-y-curso-2020-2021\/\",\"url\":\"http:\/\/www.uhu.es\/etsi\/coordinadores-de-titulacion-y-curso-2020-2021\/\",\"name\":\"Coordinadores de Titulaci\u00f3n y Curso 2020-2021 - ETSI, UHU\",\"isPartOf\":{\"@id\":\"https:\/\/www.uhu.es\/etsi\/#website\"},\"datePublished\":\"2020-10-16T09:23:03+00:00\",\"dateModified\":\"2021-02-17T12:13:44+00:00\",\"breadcrumb\":{\"@id\":\"http:\/\/www.uhu.es\/etsi\/coordinadores-de-titulacion-y-curso-2020-2021\/#breadcrumb\"},\"inLanguage\":\"es-ES\",\"potentialAction\":[{\"@type\":\"ReadAction\",\"target\":[\"http:\/\/www.uhu.es\/etsi\/coordinadores-de-titulacion-y-curso-2020-2021\/\"]}]},{\"@type\":\"BreadcrumbList\",\"@id\":\"http:\/\/www.uhu.es\/etsi\/coordinadores-de-titulacion-y-curso-2020-2021\/#breadcrumb\",\"itemListElement\":[{\"@type\":\"ListItem\",\"position\":1,\"name\":\"Portada\",\"item\":\"https:\/\/www.uhu.es\/etsi\/\"},{\"@type\":\"ListItem\",\"position\":2,\"name\":\"Coordinadores de Titulaci\u00f3n y Curso 2020-2021\"}]},{\"@type\":\"WebSite\",\"@id\":\"https:\/\/www.uhu.es\/etsi\/#website\",\"url\":\"https:\/\/www.uhu.es\/etsi\/\",\"name\":\"ETSI, UHU\",\"description\":\"Escuela T\u00e9cnica Superior de  Ingenier\u00eda de la Universidad de Huelva\",\"publisher\":{\"@id\":\"https:\/\/www.uhu.es\/etsi\/#organization\"},\"potentialAction\":[{\"@type\":\"SearchAction\",\"target\":{\"@type\":\"EntryPoint\",\"urlTemplate\":\"https:\/\/www.uhu.es\/etsi\/?s={search_term_string}\"},\"query-input\":\"required name=search_term_string\"}],\"inLanguage\":\"es-ES\"},{\"@type\":\"Organization\",\"@id\":\"https:\/\/www.uhu.es\/etsi\/#organization\",\"name\":\"UHU ETSI\",\"url\":\"https:\/\/www.uhu.es\/etsi\/\",\"logo\":{\"@type\":\"ImageObject\",\"inLanguage\":\"es-ES\",\"@id\":\"https:\/\/www.uhu.es\/etsi\/#\/schema\/logo\/image\/\",\"url\":\"http:\/\/www.uhu.es\/etsi\/wp-content\/uploads\/2016\/02\/membrete_ETSI.jpg\",\"contentUrl\":\"http:\/\/www.uhu.es\/etsi\/wp-content\/uploads\/2016\/02\/membrete_ETSI.jpg\",\"width\":423,\"height\":81,\"caption\":\"UHU ETSI\"},\"image\":{\"@id\":\"https:\/\/www.uhu.es\/etsi\/#\/schema\/logo\/image\/\"}}]}<\/script>\n<!-- \/ Yoast SEO plugin. -->","yoast_head_json":{"title":"Coordinadores de Titulaci\u00f3n y Curso 2020-2021 - ETSI, UHU","robots":{"index":"index","follow":"follow","max-snippet":"max-snippet:-1","max-image-preview":"max-image-preview:large","max-video-preview":"max-video-preview:-1"},"canonical":"http:\/\/www.uhu.es\/etsi\/coordinadores-de-titulacion-y-curso-2020-2021\/","og_locale":"es_ES","og_type":"article","og_title":"Coordinadores de Titulaci\u00f3n y Curso 2020-2021 - ETSI, UHU","og_url":"http:\/\/www.uhu.es\/etsi\/coordinadores-de-titulacion-y-curso-2020-2021\/","og_site_name":"ETSI, UHU","article_modified_time":"2021-02-17T12:13:44+00:00","twitter_misc":{"Est. reading time":"3 minutes"},"schema":{"@context":"https:\/\/schema.org","@graph":[{"@type":"WebPage","@id":"http:\/\/www.uhu.es\/etsi\/coordinadores-de-titulacion-y-curso-2020-2021\/","url":"http:\/\/www.uhu.es\/etsi\/coordinadores-de-titulacion-y-curso-2020-2021\/","name":"Coordinadores de Titulaci\u00f3n y Curso 2020-2021 - ETSI, UHU","isPartOf":{"@id":"https:\/\/www.uhu.es\/etsi\/#website"},"datePublished":"2020-10-16T09:23:03+00:00","dateModified":"2021-02-17T12:13:44+00:00","breadcrumb":{"@id":"http:\/\/www.uhu.es\/etsi\/coordinadores-de-titulacion-y-curso-2020-2021\/#breadcrumb"},"inLanguage":"es-ES","potentialAction":[{"@type":"ReadAction","target":["http:\/\/www.uhu.es\/etsi\/coordinadores-de-titulacion-y-curso-2020-2021\/"]}]},{"@type":"BreadcrumbList","@id":"http:\/\/www.uhu.es\/etsi\/coordinadores-de-titulacion-y-curso-2020-2021\/#breadcrumb","itemListElement":[{"@type":"ListItem","position":1,"name":"Portada","item":"https:\/\/www.uhu.es\/etsi\/"},{"@type":"ListItem","position":2,"name":"Coordinadores de Titulaci\u00f3n y Curso 2020-2021"}]},{"@type":"WebSite","@id":"https:\/\/www.uhu.es\/etsi\/#website","url":"https:\/\/www.uhu.es\/etsi\/","name":"ETSI, UHU","description":"Escuela T\u00e9cnica Superior de  Ingenier\u00eda de la Universidad de Huelva","publisher":{"@id":"https:\/\/www.uhu.es\/etsi\/#organization"},"potentialAction":[{"@type":"SearchAction","target":{"@type":"EntryPoint","urlTemplate":"https:\/\/www.uhu.es\/etsi\/?s={search_term_string}"},"query-input":"required name=search_term_string"}],"inLanguage":"es-ES"},{"@type":"Organization","@id":"https:\/\/www.uhu.es\/etsi\/#organization","name":"UHU ETSI","url":"https:\/\/www.uhu.es\/etsi\/","logo":{"@type":"ImageObject","inLanguage":"es-ES","@id":"https:\/\/www.uhu.es\/etsi\/#\/schema\/logo\/image\/","url":"http:\/\/www.uhu.es\/etsi\/wp-content\/uploads\/2016\/02\/membrete_ETSI.jpg","contentUrl":"http:\/\/www.uhu.es\/etsi\/wp-content\/uploads\/2016\/02\/membrete_ETSI.jpg","width":423,"height":81,"caption":"UHU ETSI"},"image":{"@id":"https:\/\/www.uhu.es\/etsi\/#\/schema\/logo\/image\/"}}]}},"_links":{"self":[{"href":"https:\/\/www.uhu.es\/etsi\/wp-json\/wp\/v2\/pages\/19897"}],"collection":[{"href":"https:\/\/www.uhu.es\/etsi\/wp-json\/wp\/v2\/pages"}],"about":[{"href":"https:\/\/www.uhu.es\/etsi\/wp-json\/wp\/v2\/types\/page"}],"author":[{"embeddable":true,"href":"https:\/\/www.uhu.es\/etsi\/wp-json\/wp\/v2\/users\/7"}],"replies":[{"embeddable":true,"href":"https:\/\/www.uhu.es\/etsi\/wp-json\/wp\/v2\/comments?post=19897"}],"version-history":[{"count":5,"href":"https:\/\/www.uhu.es\/etsi\/wp-json\/wp\/v2\/pages\/19897\/revisions"}],"predecessor-version":[{"id":20212,"href":"https:\/\/www.uhu.es\/etsi\/wp-json\/wp\/v2\/pages\/19897\/revisions\/20212"}],"wp:attachment":[{"href":"https:\/\/www.uhu.es\/etsi\/wp-json\/wp\/v2\/media?parent=19897"}],"curies":[{"name":"wp","href":"https:\/\/api.w.org\/{rel}","templated":true}]}}