{"id":6666,"date":"2017-07-23T17:36:59","date_gmt":"2017-07-23T16:36:59","guid":{"rendered":"http:\/\/www.uhu.es\/etsi\/?page_id=6666"},"modified":"2022-02-09T13:12:23","modified_gmt":"2022-02-09T12:12:23","slug":"equipo-de-direccion","status":"publish","type":"page","link":"https:\/\/www.uhu.es\/etsi\/la-escuela_\/organos-de-gobierno\/equipo-de-direccion\/","title":{"rendered":"Equipo de direcci\u00f3n"},"content":{"rendered":"<ul style=\"list-style-type: square;\">\n<li>\n<h4>Director<\/h4>\n<\/li>\n<\/ul>\n<table style=\"height: 309px;\" width=\"1369\">\n<tbody>\n<tr>\n<td width=\"309px\"\n\n\n<div align=\"center\"><a href=\"https:\/\/www.uhu.es\/etsi\/wp-content\/uploads\/2022\/02\/Salvador-P\u00e9rez.jpg\"><img decoding=\"async\" loading=\"lazy\" class=\"size-full wp-image-14365 aligncenter\" src=\"https:\/\/www.uhu.es\/etsi\/wp-content\/uploads\/2022\/02\/Salvador-P\u00e9rez.jpg\" alt=\"\" width=\"280\" height=\"252\" \/><\/a><\/div>\n<p>Sr. Director<br \/>\nProf. Dr. D. Salvador P\u00e9rez Litr\u00e1n<\/td>\n<td valign=\"top\">Direcci\u00f3n Postal:<br \/>\nEscuela T\u00e9cnica Superior de Ingenier\u00eda <!-- Ctra. Huelva - Palos de la Frontera, S\/N. 21819 La R\u00e1bida - Palos de la Frontera. --><br \/>\nCampus \u00abEl Carmen\u00bb<br \/>\nAvda. de las Fuerzas Armadas, s\/n. 21007 Huelva<br \/>\nTlfno. 959-217315\/8-5116<br \/>\nEmail: <a href=\"mailto:direccion@etsi.uhu.es\">direccion@etsi.uhu.es<\/a><\/td>\n<\/tr>\n<\/tbody>\n<\/table>\n<ul style=\"list-style-type: circle;\">\n<li>\n<h4>Secretario de Centro<\/h4>\n<\/li>\n<\/ul>\n<table>\n<tbody>\n<tr>\n<td width=\"309px\">\n<div align=\"center\"><a href=\"https:\/\/www.uhu.es\/etsi\/wp-content\/uploads\/2022\/02\/Rub\u00e9n-Fern\u00e1ndez-de-Villar\u00e1n.jpg\"><img decoding=\"async\" loading=\"lazy\" class=\"size-full wp-image-14365 aligncenter\" src=\"https:\/\/www.uhu.es\/etsi\/wp-content\/uploads\/2022\/02\/Rub\u00e9n-Fern\u00e1ndez-de-Villar\u00e1n.jpg\" alt=\"\" width=\"280\" height=\"252\" \/><\/a><\/div>\n<p>Sr. Secretario<br \/>\nDr. D. Rub\u00e9n Fern\u00e1ndez de Villar\u00e1n San Juan<\/td>\n<td>Direcci\u00f3n Postal:<br \/>\nEscuela T\u00e9cnica Superior de Ingenier\u00eda <!-- Ctra. Huelva - Palos de la Frontera, S\/N. 21819 La R\u00e1bida - Palos de la Frontera --><br \/>\nCampus \u00abEl Carmen\u00bb<br \/>\nAvda. de las Fuerzas Armadas, s\/n. 21007 Huelva<br \/>\nTlfno. 959-217620\/8-5129<br \/>\nEmail: <a href=\"mailto:secretaria.centro@etsi.uhu.es\">secretaria.centro@etsi.uhu.es<\/a><br \/>\n<div id=\"my-accordion\" class=\"x-accordion\" ><div  class=\"x-accordion-group\" ><div class=\"x-accordion-heading\"><a class=\"x-accordion-toggle collapsed\" data-toggle=\"collapse\" data-parent=\"#my-accordion\" href=\"#collapse-1\">Funciones<\/a><\/div> <!-- end .x-accordion-heading --><div id=\"collapse-1\" class=\"accordion-body collapse\"><div class=\"x-accordion-inner\">\n<div align=\"justify\">\n<ul style=\"list-style-type: square;\">\n<li style=\"list-style-type: none;\">\n<ul style=\"list-style-type: square;\">\n<li>Al Secretario de la Escuela T\u00e9cnica Superior de Ingenier\u00eda le corresponde la coordinaci\u00f3n de la Secretar\u00eda<br \/>\nen relaci\u00f3n a las tareas de matr\u00edcula, emisi\u00f3n de certificados, gesti\u00f3n de expedientes, y cuantos trabajos<br \/>\nson propias de la Secretar\u00eda de un Centro Universitario.<\/li>\n<\/ul>\n<\/li>\n<\/ul>\n<p>&nbsp;<\/p>\n<ul style=\"list-style-type: square;\">\n<li>A lo anterior hay que sumar las labores de elaboraci\u00f3n de las Actas de la Junta de Centro; custodia y<br \/>\ngesti\u00f3n de los registros, archivos, libros y actas de las calificaciones, as\u00ed como la gesti\u00f3n administrativa de<br \/>\ncuantas actuaciones reglamentariamente le correspondan.<\/li>\n<\/ul>\n<\/div>\n<\/div> <!-- end .x-accordion-inner --><\/div> <!-- end .x-accordion-body --><\/div> <!-- end .x-accordion-group --><\/div><\/td>\n<\/tr>\n<\/tbody>\n<\/table>\n<ul style=\"list-style-type: square;\">\n<li>\n<h4>Subdirectores<\/h4>\n<\/li>\n<\/ul>\n<ul style=\"list-style-type: circle;\">\n<li>\n<h6>Subdirector de Ordenaci\u00f3n Acad\u00e9mica<\/h6>\n<\/li>\n<\/ul>\n<table style=\"height: 309px;\" width=\"1369\">\n<tbody>\n<tr>\n<td width=\"309px\">\n<a href=\"https:\/\/www.uhu.es\/etsi\/wp-content\/uploads\/2022\/02\/Ra\u00fal-Jim\u00e9nez.jpg\"><img decoding=\"async\" loading=\"lazy\" src=\"https:\/\/www.uhu.es\/etsi\/wp-content\/uploads\/2022\/02\/Ra\u00fal-Jim\u00e9nez.jpg\" alt=\"\" width=\"280\" height=\"252\" class=\"alignnone size-full wp-image-21514\" \/><\/a><br \/>\n<!--\n\n\n<div align=\"center\"><img decoding=\"async\" loading=\"lazy\" class=\"aligncenter\" src=\"https:\/\/www.uhu.es\/etsi\/imagenes\/fotos\/Raul.jpg\" alt=\"\" width=\"280\" height=\"252\" \/><\/div>\n\n\n--><br \/>\nSr. Subdirector<br \/>\nDr. D. Ra\u00fal Jim\u00e9nez Naharro<\/td>\n<td>Direcci\u00f3n Postal:<br \/>\nEscuela T\u00e9cnica Superior de Ingenier\u00eda <!-- Ctra. Huelva - Palos de la Frontera, S\/N. 21819 La R\u00e1bida - Palos de la Frontera --><br \/>\nCampus \u00abEl Carmen\u00bb<br \/>\nAvda. de las Fuerzas Armadas, s\/n. 21007 Huelva<br \/>\nTlfno. 959-217660\/8-5170<br \/>\nEmail: <a href=\"mailto:sub.ordenacion@etsi.uhu.es\">sub.ordenacion@etsi.uhu.es<\/a><div id=\"my-accordion\" class=\"x-accordion\" > <div  class=\"x-accordion-group\" ><div class=\"x-accordion-heading\"><a class=\"x-accordion-toggle collapsed\" data-toggle=\"collapse\" data-parent=\"#my-accordion\" href=\"#collapse-2\">Funciones<\/a><\/div> <!-- end .x-accordion-heading --><div id=\"collapse-2\" class=\"accordion-body collapse\"><div class=\"x-accordion-inner\">\n<!--\n\n\n<div align=\"justify\">La Ordenaci\u00f3n Acad\u00e9mica en nuestro Centro es una tarea ardua debido al elevado n\u00famero de titulaciones que impartimos, as\u00ed como el enorme n\u00famero de profesores y alumnos que forman parte de la ETSI. El Subdirector de Ordenaci\u00f3n Acad\u00e9mica tendr\u00e1, entre sus funciones, las siguientes:<\/div>\n\n\n&nbsp;--><\/p>\n<div align=\"justify\">\n<ul style=\"list-style-type: square;\">\n<li>Elaborar el calendario acad\u00e9mico de la Escuela<\/li>\n<li>Elaborar los horarios de grupos grandes y calendario de ex\u00e1menes<\/li>\n<li>Presidir de la Comisi\u00f3n de TFG\/TFM<\/li>\n<li>Resolver las incidencias que, en materia de ordenaci\u00f3n acad\u00e9mica, se produzcan a lo largo del curso<\/li>\n<\/ul>\n<\/div>\n<\/div> <!-- end .x-accordion-inner --><\/div> <!-- end .x-accordion-body --><\/div> <!-- end .x-accordion-group --> <\/div><\/td>\n<\/tr>\n<\/tbody>\n<\/table>\n<ul style=\"list-style-type: circle;\">\n<li>\n<h6>Subdirectora de Calidad<\/h6>\n<\/li>\n<\/ul>\n<table style=\"height: 309px;\" width=\"1370\">\n<tbody>\n<tr>\n<td width=\"309px\">\n<a href=\"https:\/\/www.uhu.es\/etsi\/wp-content\/uploads\/2022\/02\/Laura-Galv\u00e1n.jpg\"><img decoding=\"async\" loading=\"lazy\" src=\"https:\/\/www.uhu.es\/etsi\/wp-content\/uploads\/2022\/02\/Laura-Galv\u00e1n.jpg\" alt=\"\" width=\"280\" height=\"252\" class=\"alignnone size-full wp-image-21511\" \/><\/a><br \/>\n<!--\n\n\n<div align=\"center\"><img decoding=\"async\" loading=\"lazy\" class=\"aligncenter\" src=\"https:\/\/www.uhu.es\/etsi\/imagenes\/fotos\/Raul.jpg\" alt=\"\" width=\"280\" height=\"252\" \/><\/div>\n\n\n--><br \/>\nSra. Subdirectora<\/p>\n<p>Dra. D\u00f1a. Laura Galv\u00e1n Gonz\u00e1lez<\/p>\n<p>&nbsp;<\/td>\n<td>Direcci\u00f3n Postal:<br \/>\nEscuela T\u00e9cnica Superior de Ingenier\u00eda <!-- Ctra. Huelva - Palos de la Frontera, S\/N. 21819 La R\u00e1bida - Palos de la Frontera --><br \/>\nCampus \u00abEl Carmen\u00bb<br \/>\nAvda. de las Fuerzas Armadas, s\/n. 21007 Huelva<br \/>\n<!--Tlfno. 959-219921\/8-5139-->Tlfno. 959-217317\/8-5139<br \/>\nEmail:<a href=\"mailto:sub.calidad@etsi.uhu.es\">sub.calidad@etsi.uhu.es<\/a><br \/>\n<div id=\"my-accordion\" class=\"x-accordion\" > <div  class=\"x-accordion-group\" ><div class=\"x-accordion-heading\"><a class=\"x-accordion-toggle collapsed\" data-toggle=\"collapse\" data-parent=\"#my-accordion\" href=\"#collapse-3\">Funciones<\/a><\/div> <!-- end .x-accordion-heading --><div id=\"collapse-3\" class=\"accordion-body collapse\"><div class=\"x-accordion-inner\">\n<!--\n\n\n<div align=\"justify\">Todos los planes de estudios de Grado y M\u00e1ster de nuestro Centro han incorporado un Sistema de Garant\u00eda de la Calidad cuya misi\u00f3n es la de velar por la calidad de los programas formativos, teniendo en cuenta un conjunto de indicadores. Esto permitir\u00e1 la evaluaci\u00f3n continua del proceso, la identificaci\u00f3n r\u00e1pida de problemas y la propuesta de posibles soluciones. Para cuidar que se lleven a cabo los procedimientos derivados de este sistema, en la ETSI hay una Comisi\u00f3n para la Garant\u00eda de la Calidad de cada t\u00edtulo (CGCT) y una Comisi\u00f3n para la Garant\u00eda de la Calidad del Centro (CGCC). El Subdirector de Calidad y Planificaci\u00f3n Estrat\u00e9gica de la ETSI se encargar\u00e1 de coordinar las acciones necesarias para que se cumplan los Sistemas de Garant\u00eda de Calidad del Centro y de los t\u00edtulos. Concretamente, tendr\u00e1 las siguientes funciones:<\/div>\n\n\n&nbsp;--><\/p>\n<div align=\"justify\">\n<ul style=\"list-style-type: square;\">\n<li>Gestionar los procesos de evaluaci\u00f3n (seguimiento y acreditaci\u00f3n) de las titulaciones de la ETSI<\/li>\n<li>Gestionar el sistema de garant\u00eda de calidad interna del Centro y de las titulaciones<\/li>\n<li>Elaborar, coordinar y supervisar un plan estrat\u00e9gico para la ETSI<\/li>\n<\/ul>\n<\/div>\n<\/div> <!-- end .x-accordion-inner --><\/div> <!-- end .x-accordion-body --><\/div> <!-- end .x-accordion-group --><\/div><\/td>\n<\/tr>\n<\/tbody>\n<\/table>\n<ul style=\"list-style-type: circle;\">\n<li>\n<h6>Subdirector de Infraestructuras y Nuevas Tecnolog\u00edas<\/h6>\n<\/li>\n<\/ul>\n<table style=\"height: 309px;\" width=\"1369\">\n<tbody>\n<tr>\n<td width=\"309px\">\n<a href=\"https:\/\/www.uhu.es\/etsi\/wp-content\/uploads\/2022\/02\/Francisco-Javier-Ruiz.jpg\"><img decoding=\"async\" loading=\"lazy\" src=\"https:\/\/www.uhu.es\/etsi\/wp-content\/uploads\/2022\/02\/Francisco-Javier-Ruiz.jpg\" alt=\"\" width=\"280\" height=\"252\" class=\"alignnone size-full wp-image-21509\" \/><\/a><br \/>\n<!--\n\n\n<div align=\"center\"><img decoding=\"async\" loading=\"lazy\" class=\"aligncenter\" src=\"https:\/\/www.uhu.es\/etsi\/imagenes\/fotos\/Raul.jpg\" alt=\"\" width=\"280\" height=\"252\" \/><\/div>\n\n\n--><br \/>\nSr. Subdirector<br \/>\nDr. D. Francisco Javier Ruiz Rodr\u00edguez<\/td>\n<td>Direcci\u00f3n Postal:<br \/>\nEscuela T\u00e9cnica Superior de Ingenier\u00eda<br \/>\nCampus \u00abEl Carmen\u00bb<br \/>\nAvda. de las Fuerzas Armadas, s\/n. 21007 Huelva<br \/>\nTlfno. 959-217464\/8-5078<br \/>\nEmail: <a href=\"mailto:sub.infraestructuras@etsi.uhu.es\">sub.infraestructuras@etsi.uhu.es<\/a><br \/>\n<div id=\"my-accordion\" class=\"x-accordion\" > <div  class=\"x-accordion-group\" ><div class=\"x-accordion-heading\"><a class=\"x-accordion-toggle collapsed\" data-toggle=\"collapse\" data-parent=\"#my-accordion\" href=\"#collapse-4\">Funciones<\/a><\/div> <!-- end .x-accordion-heading --><div id=\"collapse-4\" class=\"accordion-body collapse\"><div class=\"x-accordion-inner\"><!--\n\n\n<div align=\"justify\">El nuevo sistema de titulaciones, tal y como se defini\u00f3 en la Comunicaci\u00f3n de la Conferencia de Berl\u00edn de los ministros responsables de la Educaci\u00f3n superior celebrada el 19 de septiembre de 2003, se basa en dos niveles: nivel de Grado y nivel de Posgrado que se estructura en los ciclos de M\u00e1ster y Doctorado. En la ETSI se han elaborado e implantado nueve planes de estudios de Grado y cuatro planes de estudios de M\u00e1ster Habilitante, coordinados desde esta subdirecci\u00f3n. La persona responsable de esta subdirecci\u00f3n tendr\u00e1 las siguientes funciones:<\/div>\n\n\n&nbsp;--><\/p>\n<div align=\"justify\">\n<ul style=\"list-style-type: square;\">\n<li>Supervisar las infraestucturas del Centro.<\/li>\n<li>Coordinar el mantenimiento de las instalaciones con el Servicio de Infraestrucutras de la Universidad.<\/li>\n<li>Supervisar actualizar la p\u00e1gina web del Centro<\/li>\n<li>Promover y gestionar la creaci\u00f3n de canales de comunicaci\u00f3n interna en diferentes plataformas tecnol\u00f3gcas<\/li>\n<li>Coordinar la implantaci\u00f3n y seguimiento de nuevas tecnolog\u00edas que mejoren la gesti\u00f3n y el funcionamiento de la Escuela.<\/li>\n<\/ul>\n<\/div>\n<div align=\"justify\"><\/div>\n<\/div> <!-- end .x-accordion-inner --><\/div> <!-- end .x-accordion-body --><\/div> <!-- end .x-accordion-group --> <\/div><\/td>\n<\/tr>\n<\/tbody>\n<\/table>\n<ul style=\"list-style-type: circle;\">\n<li>\n<h6>Subdirector de Estudiantes y Extensi\u00f3n Universitaria<\/h6>\n<\/li>\n<\/ul>\n<table style=\"height: 309px;\" width=\"1369\">\n<tbody>\n<tr>\n<td width=\"309px\">\n<a href=\"https:\/\/www.uhu.es\/etsi\/wp-content\/uploads\/2022\/02\/Miguel-A.-V\u00e9lez.jpg\"><img decoding=\"async\" loading=\"lazy\" src=\"https:\/\/www.uhu.es\/etsi\/wp-content\/uploads\/2022\/02\/Miguel-A.-V\u00e9lez.jpg\" alt=\"\" width=\"280\" height=\"252\" class=\"alignnone size-full wp-image-21513\" \/><\/a><br \/>\n<!--\n\n\n<div align=\"center\"><img decoding=\"async\" loading=\"lazy\" class=\"aligncenter\" src=\"https:\/\/www.uhu.es\/etsi\/imagenes\/fotos\/Raul.jpg\" alt=\"\" width=\"280\" height=\"252\" \/><\/div>\n\n\n--><br \/>\nSr. Subdirector<br \/>\nDr. D. Miguel \u00c1ngel V\u00e9lez V\u00e9lez<\/td>\n<td>Direcci\u00f3n Postal:<br \/>\nEscuela T\u00e9cnica Superior de Ingenier\u00eda <!-- Ctra. Huelva - Palos de la Frontera, S\/N. 21819 La R\u00e1bida - Palos de la Frontera --><br \/>\nCampus \u00abEl Carmen\u00bb<br \/>\nAvda. de las Fuerzas Armadas, s\/n. 21007 Huelva<br \/>\nTlfno. 959-217674\/8-5142<br \/>\nEmail:<a href=\"mailto:sub.estudiantes@etsi.uhu.es\">sub.estudiantes@etsi.uhu.es<\/a><br \/>\n<div id=\"my-accordion\" class=\"x-accordion\" > <div  class=\"x-accordion-group\" ><div class=\"x-accordion-heading\"><a class=\"x-accordion-toggle collapsed\" data-toggle=\"collapse\" data-parent=\"#my-accordion\" href=\"#collapse-5\">Funciones<\/a><\/div> <!-- end .x-accordion-heading --><div id=\"collapse-5\" class=\"accordion-body collapse\"><div class=\"x-accordion-inner\">\n<!--\n\n\n<div align=\"justify\">En nuestro af\u00e1n de fomentar una vida universitaria para complementar lo estrictamente acad\u00e9mico, se ha creado una Subdirecci\u00f3n espec\u00edfica encargada de canalizar todas l as actividades que se realicen por y para los estudiantes. Tambi\u00e9n ser\u00e1 la encargada de coordinar lo que se conoce, tradicionalmente, como Extensi\u00f3n Universitaria, entendiendo \u00e9sta como el conjunto de actividades, no estrictamente acad\u00e9micas, que de una u otra forma contribuyen de forma complementaria al proceso formativo del alumnado a trav\u00e9s de actividades deportivas, l\u00fadicas y de car\u00e1cter cultural. En definitiva, ser\u00e1 la encargada de:<\/div>\n\n\n&nbsp;--><\/p>\n<div align=\"justify\">\n<ul style=\"list-style-type: square;\">\n<li>Canalizar la comunicaci\u00f3n con las delegaciones de alumnos<\/li>\n<li>Apoyar en la organizaci\u00f3n de las difrentes actividades organizadas por los alumnos<\/li>\n<li>Gestionar y coordinar un plan de acogimiento de estudiantes de nuevo ingreso (PAT)<\/li>\n<li>Organizar las Jornadas de Puertas Abiertas<\/li>\n<li>Coordinar los Actos de Graduaci\u00f3n<\/li>\n<li>Coordinar eventos, actividades culturales, de cooperaci\u00f3n y deportivas que se realicen en el Centro<\/li>\n<li>Coordinar el programa de difusi\u00f3n de la Escuela<\/li>\n<\/ul>\n<\/div>\n<div align=\"justify\"><\/div>\n<\/div> <!-- end .x-accordion-inner --><\/div> <!-- end .x-accordion-body --><\/div> <!-- end .x-accordion-group --><\/div><\/td>\n<\/tr>\n<\/tbody>\n<\/table>\n<ul style=\"list-style-type: circle;\">\n<li>\n<h6>Subdirectora de Movilidad y Relaciones Externas<\/h6>\n<\/li>\n<\/ul>\n<table style=\"height: 309px;\" width=\"1361\">\n<tbody>\n<tr>\n<td width=\"309px\">\n<a href=\"https:\/\/www.uhu.es\/etsi\/wp-content\/uploads\/2022\/02\/Mar\u00eda-Santisteban.jpg\"><img decoding=\"async\" loading=\"lazy\" src=\"https:\/\/www.uhu.es\/etsi\/wp-content\/uploads\/2022\/02\/Mar\u00eda-Santisteban.jpg\" alt=\"\" width=\"280\" height=\"252\" class=\"alignnone size-full wp-image-21512\" \/><\/a><br \/>\n<!--\n\n\n<div align=\"center\"><img decoding=\"async\" loading=\"lazy\" class=\"aligncenter\" src=\"https:\/\/www.uhu.es\/etsi\/imagenes\/fotos\/Raul.jpg\" alt=\"\" width=\"280\" height=\"252\" \/><\/div>\n\n\n--><br \/>\nSra. Subdirectora<br \/>\nDra. D\u00f1a. Mar\u00eda Santisteban Fern\u00e1ndez<\/td>\n<td>Direcci\u00f3n Postal:<br \/>\nEscuela T\u00e9cnica Superior de Ingenier\u00eda<br \/>\nCampus \u00abEl Carmen\u00bb<br \/>\nAvda. de las Fuerzas Armadas, s\/n. 21007 Huelva<br \/>\nTlfno. 959-217340\/8-5084<br \/>\nEmail: <a href=\"sub.movilidad@etsi.uhu.es\">sub.movilidad@etsi.uhu.es<\/a><br \/>\n<div id=\"my-accordion\" class=\"x-accordion\" > <div  class=\"x-accordion-group\" ><div class=\"x-accordion-heading\"><a class=\"x-accordion-toggle collapsed\" data-toggle=\"collapse\" data-parent=\"#my-accordion\" href=\"#collapse-6\">Funciones<\/a><\/div> <!-- end .x-accordion-heading --><div id=\"collapse-6\" class=\"accordion-body collapse\"><div class=\"x-accordion-inner\"><!--\n\n\n<div align=\"justify\">La internacionalizaci\u00f3n y la movilidad, tanto la estudiantil como la del profesorado y PAS, es uno de los aspectos que m\u00e1s relevancia est\u00e1 tomando en el nuevo sistema de estudios superiores. Resulta de vital importancia tener una gesti\u00f3n clara, transparente y eficaz de todos los procedimientos que implica la movilidad. Esta Subdirecci\u00f3n ser\u00e1 la encargada de velar por el correcto funcionamiento de estos procedimientos. La innovaci\u00f3n es un medio para mantener la competitividad. Todas las organizaciones saben que, para que no decaiga dicha competitividad, es necesario tener una estrategia de innovaci\u00f3n . Esto nos motiva a mantener un programa de Innovaci\u00f3n Educativa para nuestro profesorado, que redundar\u00e1 en una mejora de la calidad docente. En una de las partes en la que se estructura esta Subdirecci\u00f3n se llevar\u00e1n a cabo las acciones necesarias para cuidar y fomentar las pol\u00edticas de innovaci\u00f3n. La persona responsable de esta Subdirecci\u00f3n tendr\u00e1 las siguientes funciones:<\/div>\n\n\n&nbsp;--><\/p>\n<ul style=\"list-style-type: square;\">\n<li>Presidir la Comisi\u00f3n de Relaciones Internacionales de la ETSI<\/li>\n<li>Representar a la ETSI en la Comisi\u00f3n de Relaciones Internacionales de la UHU<\/li>\n<li>Gestionar los programas de movilidad nacional e internacional<\/li>\n<li>Fomentar la internacionalizaci\u00f3n en nuestro Centro<\/li>\n<li>Coordindar y promover la oferta de docencia en lengua Inglesa en el Centro<\/li>\n<li>Fomentar y coordinar la promoci\u00f3n exterior de nuestra Escuela<\/li>\n<li>Gestionar los acuerdos con empresas y administraciones, incluidos los de cooperaci\u00f3n educativa<\/li>\n<li>Promover y gestionar jornadas con empresas<\/li>\n<\/ul>\n<div align=\"justify\"><\/div>\n<\/div> <!-- end .x-accordion-inner --><\/div> <!-- end .x-accordion-body --><\/div> <!-- end .x-accordion-group --> <\/div><\/td>\n<\/tr>\n<\/tbody>\n<\/table>\n<ul style=\"list-style-type: circle;\">\n<li>\n<h6>Subdirector de Estudios e Innovaci\u00f3n Educativa<\/h6>\n<\/li>\n<\/ul>\n<table style=\"height: 309px;\" width=\"1369\">\n<tbody>\n<tr>\n<td width=\"309px\">\n<a href=\"https:\/\/www.uhu.es\/etsi\/wp-content\/uploads\/2022\/02\/Francisco-M\u00e1rquez-e1644404798922.jpg\"><img decoding=\"async\" loading=\"lazy\" src=\"https:\/\/www.uhu.es\/etsi\/wp-content\/uploads\/2022\/02\/Francisco-M\u00e1rquez-e1644404798922.jpg\" alt=\"\" width=\"280\" height=\"252\" class=\"alignnone size-full wp-image-21522\" \/><\/a><br \/>\n<!--\n\n\n<div align=\"center\"><img decoding=\"async\" loading=\"lazy\" class=\"aligncenter\" src=\"https:\/\/www.uhu.es\/etsi\/imagenes\/fotos\/Raul.jpg\" alt=\"\" width=\"280\" height=\"252\" \/><\/div>\n\n\n--><br \/>\nSr. Subdirector<br \/>\nDr. D. Francisco Alfredo M\u00e1rquez Hern\u00e1ndez<\/td>\n<td>Direcci\u00f3n Postal:<br \/>\nEscuela T\u00e9cnica Superior de Ingenier\u00eda <!-- Ctra. Huelva - Palos de la Frontera, S\/N. 21819 La R\u00e1bida - Palos de la Frontera --><br \/>\nCampus \u00abEl Carmen\u00bb<br \/>\nAvda. de las Fuerzas Armadas, s\/n. 21007 Huelva<br \/>\nTlfno. 959-217641\/8-5126<br \/>\nEmail: <a href=\"mailto:sub.estudios@etsi.uhu.es\">sub.estudios@etsi.uhu.es<\/a><br \/>\n<div id=\"my-accordion\" class=\"x-accordion\" > <div  class=\"x-accordion-group\" ><div class=\"x-accordion-heading\"><a class=\"x-accordion-toggle collapsed\" data-toggle=\"collapse\" data-parent=\"#my-accordion\" href=\"#collapse-7\">Funciones<\/a><\/div> <!-- end .x-accordion-heading --><div id=\"collapse-7\" class=\"accordion-body collapse\"><div class=\"x-accordion-inner\">\n<!--\n\n\n<div align=\"justify\">El nuevo sistema de titulaciones, tal y como se defini\u00f3 en la Comunicaci\u00f3n de la Conferencia de Berl\u00edn de los ministros responsables de la Educaci\u00f3n superior celebrada el 19 de septiembre de 2003, se basa en dos niveles: nivel de Grado y nivel de Posgrado que se estructura en los ciclos de M\u00e1ster y Doctorado. En la ETSI se han elaborado e implantado nueve planes de estudios de Grado y cuatro planes de estudios de M\u00e1ster Habilitante, coordinados desde esta subdirecci\u00f3n. La persona responsable de esta subdirecci\u00f3n tendr\u00e1 las siguientes funciones:<\/div>\n\n\n&nbsp;--><\/p>\n<div align=\"justify\">\n<ul style=\"list-style-type: square;\">\n<li>Coordinar la implantaci\u00f3n de nuevos planes de estudio<\/li>\n<li>Gestionar la coordinaci\u00f3n docente<\/li>\n<li>Coordinar los cursos de nivelaci\u00f3n que se desarrollan en nuestra Escuela<\/li>\n<li>Coordinar un plan de ayudas propias para la realizaci\u00f3n de actividades docentes<\/li>\n<li>Gestionar y coordinar acciones enfocadas a la innovaci\u00f3n docente (formaci\u00f3n para clases<\/li>\n<li>semipresenciales, pluriling\u00fcismo, etc.)<\/li>\n<li>Coordinar el procedimiento de elaboraci\u00f3n y entrega de las gu\u00edas docentes<\/li>\n<\/ul>\n<\/div>\n<\/div> <!-- end .x-accordion-inner --><\/div> <!-- end .x-accordion-body --><\/div> <!-- end .x-accordion-group --> <\/div><\/td>\n<\/tr>\n<\/tbody>\n<\/table>\n","protected":false},"excerpt":{"rendered":"<p>Director Tlfno. 959-217317\/8-5139<\/p>\n","protected":false},"author":1,"featured_media":0,"parent":6907,"menu_order":0,"comment_status":"closed","ping_status":"closed","template":"template-layout-full-width.php","meta":[],"yoast_head":"<!-- This site is optimized with the Yoast SEO plugin v20.2.1 - https:\/\/yoast.com\/wordpress\/plugins\/seo\/ -->\n<title>Equipo de direcci\u00f3n - ETSI, UHU<\/title>\n<meta name=\"description\" content=\"Director, subdirectores, secretario de centro.\" \/>\n<meta name=\"robots\" content=\"index, follow, max-snippet:-1, max-image-preview:large, max-video-preview:-1\" \/>\n<link rel=\"canonical\" href=\"http:\/\/web5n.uhu.es\/etsi\/la-escuela_\/organos-de-gobierno\/equipo-de-direccion\/\" \/>\n<meta property=\"og:locale\" content=\"es_ES\" \/>\n<meta property=\"og:type\" content=\"article\" \/>\n<meta property=\"og:title\" content=\"Equipo de direcci\u00f3n - ETSI, UHU\" \/>\n<meta property=\"og:description\" content=\"Director, subdirectores, secretario de centro.\" \/>\n<meta property=\"og:url\" content=\"http:\/\/web5n.uhu.es\/etsi\/la-escuela_\/organos-de-gobierno\/equipo-de-direccion\/\" \/>\n<meta property=\"og:site_name\" content=\"ETSI, UHU\" \/>\n<meta property=\"article:modified_time\" content=\"2022-02-09T12:12:23+00:00\" \/>\n<meta property=\"og:image\" content=\"http:\/\/www.uhu.es\/etsi\/imagenes\/fotos\/Raul.jpg\" \/>\n<meta name=\"twitter:label1\" content=\"Est. reading time\" \/>\n\t<meta name=\"twitter:data1\" content=\"1 minute\" \/>\n<script type=\"application\/ld+json\" class=\"yoast-schema-graph\">{\"@context\":\"https:\/\/schema.org\",\"@graph\":[{\"@type\":\"WebPage\",\"@id\":\"http:\/\/web5n.uhu.es\/etsi\/la-escuela_\/organos-de-gobierno\/equipo-de-direccion\/\",\"url\":\"http:\/\/web5n.uhu.es\/etsi\/la-escuela_\/organos-de-gobierno\/equipo-de-direccion\/\",\"name\":\"Equipo de direcci\u00f3n - ETSI, UHU\",\"isPartOf\":{\"@id\":\"https:\/\/www.uhu.es\/etsi\/#website\"},\"datePublished\":\"2017-07-23T16:36:59+00:00\",\"dateModified\":\"2022-02-09T12:12:23+00:00\",\"description\":\"Director, subdirectores, secretario de centro.\",\"breadcrumb\":{\"@id\":\"http:\/\/web5n.uhu.es\/etsi\/la-escuela_\/organos-de-gobierno\/equipo-de-direccion\/#breadcrumb\"},\"inLanguage\":\"es-ES\",\"potentialAction\":[{\"@type\":\"ReadAction\",\"target\":[\"http:\/\/web5n.uhu.es\/etsi\/la-escuela_\/organos-de-gobierno\/equipo-de-direccion\/\"]}]},{\"@type\":\"BreadcrumbList\",\"@id\":\"http:\/\/web5n.uhu.es\/etsi\/la-escuela_\/organos-de-gobierno\/equipo-de-direccion\/#breadcrumb\",\"itemListElement\":[{\"@type\":\"ListItem\",\"position\":1,\"name\":\"Portada\",\"item\":\"https:\/\/www.uhu.es\/etsi\/\"},{\"@type\":\"ListItem\",\"position\":2,\"name\":\"La Escuela\",\"item\":\"http:\/\/www.uhu.es\/etsi\/la-escuela_\/\"},{\"@type\":\"ListItem\",\"position\":3,\"name\":\"\u00d3rganos de Gobierno\",\"item\":\"http:\/\/web5n.uhu.es\/etsi\/la-escuela_\/organos-de-gobierno\/\"},{\"@type\":\"ListItem\",\"position\":4,\"name\":\"Equipo de direcci\u00f3n\"}]},{\"@type\":\"WebSite\",\"@id\":\"https:\/\/www.uhu.es\/etsi\/#website\",\"url\":\"https:\/\/www.uhu.es\/etsi\/\",\"name\":\"ETSI, UHU\",\"description\":\"Escuela T\u00e9cnica Superior de  Ingenier\u00eda de la Universidad de Huelva\",\"publisher\":{\"@id\":\"https:\/\/www.uhu.es\/etsi\/#organization\"},\"potentialAction\":[{\"@type\":\"SearchAction\",\"target\":{\"@type\":\"EntryPoint\",\"urlTemplate\":\"https:\/\/www.uhu.es\/etsi\/?s={search_term_string}\"},\"query-input\":\"required name=search_term_string\"}],\"inLanguage\":\"es-ES\"},{\"@type\":\"Organization\",\"@id\":\"https:\/\/www.uhu.es\/etsi\/#organization\",\"name\":\"UHU ETSI\",\"url\":\"https:\/\/www.uhu.es\/etsi\/\",\"logo\":{\"@type\":\"ImageObject\",\"inLanguage\":\"es-ES\",\"@id\":\"https:\/\/www.uhu.es\/etsi\/#\/schema\/logo\/image\/\",\"url\":\"http:\/\/www.uhu.es\/etsi\/wp-content\/uploads\/2016\/02\/membrete_ETSI.jpg\",\"contentUrl\":\"http:\/\/www.uhu.es\/etsi\/wp-content\/uploads\/2016\/02\/membrete_ETSI.jpg\",\"width\":423,\"height\":81,\"caption\":\"UHU ETSI\"},\"image\":{\"@id\":\"https:\/\/www.uhu.es\/etsi\/#\/schema\/logo\/image\/\"}}]}<\/script>\n<!-- \/ Yoast SEO plugin. -->","yoast_head_json":{"title":"Equipo de direcci\u00f3n - ETSI, UHU","description":"Director, subdirectores, secretario de centro.","robots":{"index":"index","follow":"follow","max-snippet":"max-snippet:-1","max-image-preview":"max-image-preview:large","max-video-preview":"max-video-preview:-1"},"canonical":"http:\/\/web5n.uhu.es\/etsi\/la-escuela_\/organos-de-gobierno\/equipo-de-direccion\/","og_locale":"es_ES","og_type":"article","og_title":"Equipo de direcci\u00f3n - ETSI, UHU","og_description":"Director, subdirectores, secretario de centro.","og_url":"http:\/\/web5n.uhu.es\/etsi\/la-escuela_\/organos-de-gobierno\/equipo-de-direccion\/","og_site_name":"ETSI, UHU","article_modified_time":"2022-02-09T12:12:23+00:00","og_image":[{"url":"http:\/\/www.uhu.es\/etsi\/imagenes\/fotos\/Raul.jpg"}],"twitter_misc":{"Est. reading time":"1 minute"},"schema":{"@context":"https:\/\/schema.org","@graph":[{"@type":"WebPage","@id":"http:\/\/web5n.uhu.es\/etsi\/la-escuela_\/organos-de-gobierno\/equipo-de-direccion\/","url":"http:\/\/web5n.uhu.es\/etsi\/la-escuela_\/organos-de-gobierno\/equipo-de-direccion\/","name":"Equipo de direcci\u00f3n - ETSI, UHU","isPartOf":{"@id":"https:\/\/www.uhu.es\/etsi\/#website"},"datePublished":"2017-07-23T16:36:59+00:00","dateModified":"2022-02-09T12:12:23+00:00","description":"Director, subdirectores, secretario de centro.","breadcrumb":{"@id":"http:\/\/web5n.uhu.es\/etsi\/la-escuela_\/organos-de-gobierno\/equipo-de-direccion\/#breadcrumb"},"inLanguage":"es-ES","potentialAction":[{"@type":"ReadAction","target":["http:\/\/web5n.uhu.es\/etsi\/la-escuela_\/organos-de-gobierno\/equipo-de-direccion\/"]}]},{"@type":"BreadcrumbList","@id":"http:\/\/web5n.uhu.es\/etsi\/la-escuela_\/organos-de-gobierno\/equipo-de-direccion\/#breadcrumb","itemListElement":[{"@type":"ListItem","position":1,"name":"Portada","item":"https:\/\/www.uhu.es\/etsi\/"},{"@type":"ListItem","position":2,"name":"La Escuela","item":"http:\/\/www.uhu.es\/etsi\/la-escuela_\/"},{"@type":"ListItem","position":3,"name":"\u00d3rganos de Gobierno","item":"http:\/\/web5n.uhu.es\/etsi\/la-escuela_\/organos-de-gobierno\/"},{"@type":"ListItem","position":4,"name":"Equipo de direcci\u00f3n"}]},{"@type":"WebSite","@id":"https:\/\/www.uhu.es\/etsi\/#website","url":"https:\/\/www.uhu.es\/etsi\/","name":"ETSI, UHU","description":"Escuela T\u00e9cnica Superior de  Ingenier\u00eda de la Universidad de Huelva","publisher":{"@id":"https:\/\/www.uhu.es\/etsi\/#organization"},"potentialAction":[{"@type":"SearchAction","target":{"@type":"EntryPoint","urlTemplate":"https:\/\/www.uhu.es\/etsi\/?s={search_term_string}"},"query-input":"required name=search_term_string"}],"inLanguage":"es-ES"},{"@type":"Organization","@id":"https:\/\/www.uhu.es\/etsi\/#organization","name":"UHU ETSI","url":"https:\/\/www.uhu.es\/etsi\/","logo":{"@type":"ImageObject","inLanguage":"es-ES","@id":"https:\/\/www.uhu.es\/etsi\/#\/schema\/logo\/image\/","url":"http:\/\/www.uhu.es\/etsi\/wp-content\/uploads\/2016\/02\/membrete_ETSI.jpg","contentUrl":"http:\/\/www.uhu.es\/etsi\/wp-content\/uploads\/2016\/02\/membrete_ETSI.jpg","width":423,"height":81,"caption":"UHU ETSI"},"image":{"@id":"https:\/\/www.uhu.es\/etsi\/#\/schema\/logo\/image\/"}}]}},"_links":{"self":[{"href":"https:\/\/www.uhu.es\/etsi\/wp-json\/wp\/v2\/pages\/6666"}],"collection":[{"href":"https:\/\/www.uhu.es\/etsi\/wp-json\/wp\/v2\/pages"}],"about":[{"href":"https:\/\/www.uhu.es\/etsi\/wp-json\/wp\/v2\/types\/page"}],"author":[{"embeddable":true,"href":"https:\/\/www.uhu.es\/etsi\/wp-json\/wp\/v2\/users\/1"}],"replies":[{"embeddable":true,"href":"https:\/\/www.uhu.es\/etsi\/wp-json\/wp\/v2\/comments?post=6666"}],"version-history":[{"count":118,"href":"https:\/\/www.uhu.es\/etsi\/wp-json\/wp\/v2\/pages\/6666\/revisions"}],"predecessor-version":[{"id":21523,"href":"https:\/\/www.uhu.es\/etsi\/wp-json\/wp\/v2\/pages\/6666\/revisions\/21523"}],"up":[{"embeddable":true,"href":"https:\/\/www.uhu.es\/etsi\/wp-json\/wp\/v2\/pages\/6907"}],"wp:attachment":[{"href":"https:\/\/www.uhu.es\/etsi\/wp-json\/wp\/v2\/media?parent=6666"}],"curies":[{"name":"wp","href":"https:\/\/api.w.org\/{rel}","templated":true}]}}