{"id":7825,"date":"2014-12-19T09:44:35","date_gmt":"2014-12-19T09:44:35","guid":{"rendered":"http:\/\/www.uhu.es\/etsi\/?page_id=7825"},"modified":"2026-04-07T08:57:15","modified_gmt":"2026-04-07T07:57:15","slug":"delegacion-de-centro-y-de-titulaciones","status":"publish","type":"page","link":"https:\/\/www.uhu.es\/etsi\/estudiantes-2\/delegacion-de-centro-y-de-titulaciones\/","title":{"rendered":"Delegaci\u00f3n de Centro y de Titulaciones"},"content":{"rendered":"<p style=\"text-align: center;\"><strong>PROCLAMACION DEFINITIVA<\/strong> DE DELEGADOS ELECCIONES DELEGADO\/A DE TITULACI\u00d3N <strong>2025\/2026<\/strong><br \/>\nESCUELA T\u00c9CNICA SUPERIOR DE INGENIER\u00cdA<\/p>\n<p>&nbsp;<\/p>\n<p style=\"text-align: left;\"><strong>Delegado de Centro: <\/strong><\/p>\n<p>Miguel Otero Bueno <a href=\"mailto:delegacion.centro@etsi.uhu.es\">delegacion.centro@etsi.uhu.es<\/a><\/p>\n<hr \/>\n<p><strong>Grado en Ingenier\u00eda Inform\u00e1tica: <\/strong> <a href=\"mailto:ing.informatica@etsi.uhu.es\">ing.informatica@etsi.uhu.es<\/a><\/p>\n<table style=\"width: 350.8px;\">\n<tbody>\n<tr>\n<td style=\"padding-left: 30px;\"><strong>Candidatura colegiada:<\/strong><\/td>\n<\/tr>\n<tr>\n<td style=\"padding-left: 30px;\"> Isabela Ortigosa de Araujo (cabeza de lista)<\/td>\n<\/tr>\n<tr>\n<td style=\"padding-left: 30px;\"> David Hinojosa Garc\u00eda<\/td>\n<\/tr>\n<tr>\n<td style=\"padding-left: 30px;\"> Jos\u00e9 Lorenzo P\u00e9rez Mu\u00f1oz<\/td>\n<\/tr>\n<tr>\n<td style=\"padding-left: 30px;\"> Rafael Rom\u00e1n Jim\u00e9nez<\/td>\n<\/tr>\n<\/tbody>\n<\/table>\n<hr \/>\n<p><strong>Grado en Ingenier\u00eda Qu\u00edmica Industrial:<\/strong> <a href=\"mailto:ing.quimica@etsi.uhu.es\">ing.quimica@etsi.uhu.es<\/a><\/p>\n<table style=\"width: 350.8px;\">\n<tbody>\n<tr>\n<td style=\"padding-left: 30px;\"><strong>Candidatura colegiada:<\/strong><\/td>\n<\/tr>\n<tr>\n<td style=\"padding-left: 30px;\"> Ana Abad Dom\u00ednguez (cabeza de lista)<\/td>\n<\/tr>\n<tr>\n<td style=\"padding-left: 30px;\"> \u00c1lvaro Lucena Redondo <\/td>\n<\/tr>\n<\/tbody>\n<\/table>\n<hr \/>\n<p><strong>Grado en Ingenier\u00eda Forestal y del Medio Natural:<\/strong> <a href=\"mailto:ing.forestal@etsi.uhu.es\">ing.forestal@etsi.uhu.es<\/a><\/p>\n<table style=\"width: 350.8px;\">\n<tbody>\n<tr>\n<td style=\"padding-left: 30px;\"><strong>Candidatura individual:<\/strong><\/td>\n<\/tr>\n<tr>\n<td style=\"padding-left: 30px;\">Manuel Mora Lorca<\/td>\n<\/tr>\n<\/tbody>\n<\/table>\n<hr \/>\n<p><strong>Grado en Ingenier\u00eda Minera (Grado de Ingenier\u00eda en Explotaci\u00f3n de Minas y RR.<br \/>\nEnerg\u00e9ticos):<\/strong> <a href=\"mailto:ing.minas@etsi.uhu.es\">ing.minas@etsi.uhu.es<\/a><\/p>\n<table style=\"width: 350.8px;\">\n<tbody>\n<tr>\n<td style=\"padding-left: 30px;\"><strong>Candidatura colegiada:<\/strong><\/td>\n<\/tr>\n<tr>\n<td style=\"padding-left: 30px;\"> Carlos F\u00e1brega Gal\u00e1n<\/td>\n<\/tr>\n<tr>\n<td style=\"padding-left: 30px;\"> Pablo Fern\u00e1ndez Hern\u00e1ndez <\/td>\n<\/tr>\n<\/tbody>\n<\/table>\n<hr \/>\n<p><strong>Grado en Ingenier\u00eda Electr\u00f3nica Industrial:<\/strong> <a href=\"mailto:ing.electronica@etsi.uhu.es\">ing.electronica@etsi.uhu.es<\/a><\/p>\n<table style=\"width: 350.8px;\">\n<tbody>\n<tr>\n<td style=\"padding-left: 30px;\"><strong>Candidatura colegiada:<\/strong><\/td>\n<\/tr>\n<tr>\n<td style=\"padding-left: 30px;\"> Miguel Otero Bueno (Cabeza de lista)<\/td>\n<\/tr>\n<tr>\n<td style=\"padding-left: 30px;\"> Jorge Carrascal L\u00f3pez <\/td>\n<\/tr>\n<tr>\n<td style=\"padding-left: 30px;\"> Manuel Gama Bogado<\/td>\n<\/tr>\n<tr>\n<td style=\"padding-left: 30px;\"> Pilar Ochoa Rodr\u00edguez<\/td>\n<\/tr>\n<tr>\n<td style=\"padding-left: 30px;\"> Anastasiia Vershynnikova<\/td>\n<\/tr>\n<\/tbody>\n<\/table>\n<hr \/>\n<p><strong>Grado en Ingenier\u00eda Mec\u00e1nica:<\/strong> <a href=\"mailto:ing.mecanica@etsi.uhu.es\">ing.mecanica@etsi.uhu.es<\/a><\/p>\n<table style=\"width: 350.8px;\">\n<tbody>\n<tr>\n<td style=\"padding-left: 30px;\"><strong>Candidatura individual:<\/strong><\/td>\n<\/tr>\n<tr>\n<td style=\"padding-left: 30px;\"> Sarah Ceres  (cabeza de lista)<\/td>\n<\/tr>\n<tr>\n<td style=\"padding-left: 30px;\"> Laura Pascasio P\u00e9rez <\/td>\n<\/tr>\n<\/tbody>\n<\/table>\n<hr \/>\n<p><strong>Grado en Ingenier\u00edas de Energ\u00edas Renovables y Tecnolog\u00eda del Hidr\u00f3geno:<\/strong> <a href=\"mailto:ing.energetica@etsi.uhu.es\">ing.energetica@etsi.uhu.es<\/a><\/p>\n<table style=\"width: 350.8px;\">\n<tbody>\n<tr>\n<td style=\"padding-left: 30px;\"><strong>Candidatura colegiada:<\/strong><\/td>\n<\/tr>\n<tr>\n<td style=\"padding-left: 30px;\"> Jos\u00e9 Jaramillo Mill\u00e1n (cabeza de lista)<\/td>\n<\/tr>\n<tr>\n<td style=\"padding-left: 30px;\">Claudia P\u00e9rez D\u00edaz<\/td>\n<\/tr>\n<\/tbody>\n<\/table>\n<p><strong>Grado en Ingenier\u00eda El\u00e9ctrica:<\/strong> <a href=\"mailto:ing.electrica@etsi.uhu.es\">ing.electrica@etsi.uhu.es<\/a><\/p>\n<table style=\"width: 350.8px;\">\n<tbody>\n<tr>\n<td style=\"padding-left: 30px;\"><strong>Candidatura colegiada:<\/strong><\/td>\n<\/tr>\n<tr>\n<td style=\"padding-left: 30px;\">David Contioso Alfaro(cabeza de lista)<\/td>\n<\/tr>\n<tr>\n<td style=\"padding-left: 30px;\"> Mar\u00eda Am\u00e9rica Ib\u00e1\u00f1ez Mart\u00edn<\/td>\n<\/tr>\n<tr>\n<td style=\"padding-left: 30px;\"> Rub\u00e9n Ortiz Mart\u00edn<\/td>\n<\/tr>\n<\/tbody>\n<\/table>\n<p><strong>Grado en Ingenier\u00eda Agr\u00edcola:<\/strong> <a href=\"mailto:ing.agricola@etsi.uhu.es\">ing.agricola@etsi.uhu.es<\/a><\/p>\n<table style=\"width: 350.8px;\">\n<tbody>\n<\/tbody>\n<\/table>\n<hr \/>\n<p><!--\n\n\n\n<hr \/\n\n<strong>Grado en Ingenier\u00eda Agr\u00edcola:<\/strong> <a href=\"mailto:ing.agricola@etsi.uhu.es\">ing.agricola@etsi.uhu.es<\/a>\n\n\n<table style=\"width: 350.8px;\">\n\n\n<tbody>\n\n\n<tr>\n\n\n<td style=\"padding-left: 30px;\"><strong>Candidatura individual:<\/strong><\/td>\n\n\n<\/tr>\n\n\n\n\n<tr>\n\n\n<td style=\"padding-left: 30px;\">Francisco Mora Lorca<\/td>\n\n\n<\/tr>\n\n\n<\/tbody>\n\n\n<\/table>\n\n\n\n\n\n<hr \/>\n\n\n\n\n<hr \/>\n\n\n\n--><br \/>\n<strong> Resto de Titulaciones:<\/strong> Sin delegado\/a<\/p>\n<hr \/>\n<hr \/>\n<p><strong>Tel\u00e9fonos de contacto:<\/strong><\/p>\n<ul>\n<li type=\"square\">Delegado de Centro 959-217553<\/li>\n<li type=\"square\">El resto de titulaciones 959-217321<\/li>\n<\/ul>\n<p><strong>Ubicaci\u00f3n:<\/strong><\/p>\n<ul>\n<li type=\"square\">Escuela T\u00e9cnica Superior de Ingenier\u00eda<br \/>\nPlanta Baja Despacho 65 (ETPB65)<br \/>\nCampus El Carmen<\/li>\n<\/ul>\n<hr \/>\n","protected":false},"excerpt":{"rendered":"<p>PROCLAMACION DEFINITIVA DE DELEGADOS ELECCIONES DELEGADO\/A DE TITULACI\u00d3N 2025\/2026 ESCUELA T\u00c9CNICA SUPERIOR DE INGENIER\u00cdA &nbsp; Delegado de Centro: Miguel Otero &#8230; <\/p>\n<div><a href=\"https:\/\/www.uhu.es\/etsi\/estudiantes-2\/delegacion-de-centro-y-de-titulaciones\/\" class=\"more-link\">Read More<\/a><\/div>\n","protected":false},"author":7,"featured_media":0,"parent":7815,"menu_order":0,"comment_status":"closed","ping_status":"closed","template":"template-layout-full-width.php","meta":[],"yoast_head":"<!-- This site is optimized with the Yoast SEO plugin v20.2.1 - https:\/\/yoast.com\/wordpress\/plugins\/seo\/ -->\n<title>Delegaci\u00f3n de Centro y de Titulaciones - ETSI, UHU<\/title>\n<meta name=\"description\" content=\"Delegados\" \/>\n<meta name=\"robots\" content=\"index, follow, max-snippet:-1, max-image-preview:large, max-video-preview:-1\" \/>\n<link rel=\"canonical\" href=\"https:\/\/www.uhu.es\/etsi\/estudiantes-2\/delegacion-de-centro-y-de-titulaciones\/\" \/>\n<meta property=\"og:locale\" content=\"es_ES\" \/>\n<meta property=\"og:type\" content=\"article\" \/>\n<meta property=\"og:title\" content=\"Delegaci\u00f3n de Centro y de Titulaciones - ETSI, UHU\" \/>\n<meta property=\"og:description\" content=\"Delegados\" \/>\n<meta property=\"og:url\" content=\"https:\/\/www.uhu.es\/etsi\/estudiantes-2\/delegacion-de-centro-y-de-titulaciones\/\" \/>\n<meta property=\"og:site_name\" content=\"ETSI, UHU\" \/>\n<meta property=\"article:modified_time\" content=\"2026-04-07T07:57:15+00:00\" \/>\n<meta name=\"twitter:label1\" content=\"Est. reading time\" \/>\n\t<meta name=\"twitter:data1\" content=\"2 minutes\" \/>\n<script type=\"application\/ld+json\" class=\"yoast-schema-graph\">{\"@context\":\"https:\/\/schema.org\",\"@graph\":[{\"@type\":\"WebPage\",\"@id\":\"https:\/\/www.uhu.es\/etsi\/estudiantes-2\/delegacion-de-centro-y-de-titulaciones\/\",\"url\":\"https:\/\/www.uhu.es\/etsi\/estudiantes-2\/delegacion-de-centro-y-de-titulaciones\/\",\"name\":\"Delegaci\u00f3n de Centro y de Titulaciones - ETSI, UHU\",\"isPartOf\":{\"@id\":\"https:\/\/www.uhu.es\/etsi\/#website\"},\"datePublished\":\"2014-12-19T09:44:35+00:00\",\"dateModified\":\"2026-04-07T07:57:15+00:00\",\"description\":\"Delegados\",\"breadcrumb\":{\"@id\":\"https:\/\/www.uhu.es\/etsi\/estudiantes-2\/delegacion-de-centro-y-de-titulaciones\/#breadcrumb\"},\"inLanguage\":\"es-ES\",\"potentialAction\":[{\"@type\":\"ReadAction\",\"target\":[\"https:\/\/www.uhu.es\/etsi\/estudiantes-2\/delegacion-de-centro-y-de-titulaciones\/\"]}]},{\"@type\":\"BreadcrumbList\",\"@id\":\"https:\/\/www.uhu.es\/etsi\/estudiantes-2\/delegacion-de-centro-y-de-titulaciones\/#breadcrumb\",\"itemListElement\":[{\"@type\":\"ListItem\",\"position\":1,\"name\":\"Portada\",\"item\":\"https:\/\/www.uhu.es\/etsi\/\"},{\"@type\":\"ListItem\",\"position\":2,\"name\":\"Estudiantes\",\"item\":\"https:\/\/www.uhu.es\/etsi\/estudiantes-2\/\"},{\"@type\":\"ListItem\",\"position\":3,\"name\":\"Delegaci\u00f3n de Centro y de Titulaciones\"}]},{\"@type\":\"WebSite\",\"@id\":\"https:\/\/www.uhu.es\/etsi\/#website\",\"url\":\"https:\/\/www.uhu.es\/etsi\/\",\"name\":\"ETSI, UHU\",\"description\":\"Escuela T\u00e9cnica Superior de  Ingenier\u00eda de la Universidad de Huelva\",\"publisher\":{\"@id\":\"https:\/\/www.uhu.es\/etsi\/#organization\"},\"potentialAction\":[{\"@type\":\"SearchAction\",\"target\":{\"@type\":\"EntryPoint\",\"urlTemplate\":\"https:\/\/www.uhu.es\/etsi\/?s={search_term_string}\"},\"query-input\":\"required name=search_term_string\"}],\"inLanguage\":\"es-ES\"},{\"@type\":\"Organization\",\"@id\":\"https:\/\/www.uhu.es\/etsi\/#organization\",\"name\":\"UHU ETSI\",\"url\":\"https:\/\/www.uhu.es\/etsi\/\",\"logo\":{\"@type\":\"ImageObject\",\"inLanguage\":\"es-ES\",\"@id\":\"https:\/\/www.uhu.es\/etsi\/#\/schema\/logo\/image\/\",\"url\":\"http:\/\/www.uhu.es\/etsi\/wp-content\/uploads\/2016\/02\/membrete_ETSI.jpg\",\"contentUrl\":\"http:\/\/www.uhu.es\/etsi\/wp-content\/uploads\/2016\/02\/membrete_ETSI.jpg\",\"width\":423,\"height\":81,\"caption\":\"UHU ETSI\"},\"image\":{\"@id\":\"https:\/\/www.uhu.es\/etsi\/#\/schema\/logo\/image\/\"}}]}<\/script>\n<!-- \/ Yoast SEO plugin. -->","yoast_head_json":{"title":"Delegaci\u00f3n de Centro y de Titulaciones - ETSI, UHU","description":"Delegados","robots":{"index":"index","follow":"follow","max-snippet":"max-snippet:-1","max-image-preview":"max-image-preview:large","max-video-preview":"max-video-preview:-1"},"canonical":"https:\/\/www.uhu.es\/etsi\/estudiantes-2\/delegacion-de-centro-y-de-titulaciones\/","og_locale":"es_ES","og_type":"article","og_title":"Delegaci\u00f3n de Centro y de Titulaciones - ETSI, UHU","og_description":"Delegados","og_url":"https:\/\/www.uhu.es\/etsi\/estudiantes-2\/delegacion-de-centro-y-de-titulaciones\/","og_site_name":"ETSI, UHU","article_modified_time":"2026-04-07T07:57:15+00:00","twitter_misc":{"Est. reading time":"2 minutes"},"schema":{"@context":"https:\/\/schema.org","@graph":[{"@type":"WebPage","@id":"https:\/\/www.uhu.es\/etsi\/estudiantes-2\/delegacion-de-centro-y-de-titulaciones\/","url":"https:\/\/www.uhu.es\/etsi\/estudiantes-2\/delegacion-de-centro-y-de-titulaciones\/","name":"Delegaci\u00f3n de Centro y de Titulaciones - ETSI, UHU","isPartOf":{"@id":"https:\/\/www.uhu.es\/etsi\/#website"},"datePublished":"2014-12-19T09:44:35+00:00","dateModified":"2026-04-07T07:57:15+00:00","description":"Delegados","breadcrumb":{"@id":"https:\/\/www.uhu.es\/etsi\/estudiantes-2\/delegacion-de-centro-y-de-titulaciones\/#breadcrumb"},"inLanguage":"es-ES","potentialAction":[{"@type":"ReadAction","target":["https:\/\/www.uhu.es\/etsi\/estudiantes-2\/delegacion-de-centro-y-de-titulaciones\/"]}]},{"@type":"BreadcrumbList","@id":"https:\/\/www.uhu.es\/etsi\/estudiantes-2\/delegacion-de-centro-y-de-titulaciones\/#breadcrumb","itemListElement":[{"@type":"ListItem","position":1,"name":"Portada","item":"https:\/\/www.uhu.es\/etsi\/"},{"@type":"ListItem","position":2,"name":"Estudiantes","item":"https:\/\/www.uhu.es\/etsi\/estudiantes-2\/"},{"@type":"ListItem","position":3,"name":"Delegaci\u00f3n de Centro y de Titulaciones"}]},{"@type":"WebSite","@id":"https:\/\/www.uhu.es\/etsi\/#website","url":"https:\/\/www.uhu.es\/etsi\/","name":"ETSI, UHU","description":"Escuela T\u00e9cnica Superior de  Ingenier\u00eda de la Universidad de Huelva","publisher":{"@id":"https:\/\/www.uhu.es\/etsi\/#organization"},"potentialAction":[{"@type":"SearchAction","target":{"@type":"EntryPoint","urlTemplate":"https:\/\/www.uhu.es\/etsi\/?s={search_term_string}"},"query-input":"required name=search_term_string"}],"inLanguage":"es-ES"},{"@type":"Organization","@id":"https:\/\/www.uhu.es\/etsi\/#organization","name":"UHU ETSI","url":"https:\/\/www.uhu.es\/etsi\/","logo":{"@type":"ImageObject","inLanguage":"es-ES","@id":"https:\/\/www.uhu.es\/etsi\/#\/schema\/logo\/image\/","url":"http:\/\/www.uhu.es\/etsi\/wp-content\/uploads\/2016\/02\/membrete_ETSI.jpg","contentUrl":"http:\/\/www.uhu.es\/etsi\/wp-content\/uploads\/2016\/02\/membrete_ETSI.jpg","width":423,"height":81,"caption":"UHU ETSI"},"image":{"@id":"https:\/\/www.uhu.es\/etsi\/#\/schema\/logo\/image\/"}}]}},"_links":{"self":[{"href":"https:\/\/www.uhu.es\/etsi\/wp-json\/wp\/v2\/pages\/7825"}],"collection":[{"href":"https:\/\/www.uhu.es\/etsi\/wp-json\/wp\/v2\/pages"}],"about":[{"href":"https:\/\/www.uhu.es\/etsi\/wp-json\/wp\/v2\/types\/page"}],"author":[{"embeddable":true,"href":"https:\/\/www.uhu.es\/etsi\/wp-json\/wp\/v2\/users\/7"}],"replies":[{"embeddable":true,"href":"https:\/\/www.uhu.es\/etsi\/wp-json\/wp\/v2\/comments?post=7825"}],"version-history":[{"count":65,"href":"https:\/\/www.uhu.es\/etsi\/wp-json\/wp\/v2\/pages\/7825\/revisions"}],"predecessor-version":[{"id":26052,"href":"https:\/\/www.uhu.es\/etsi\/wp-json\/wp\/v2\/pages\/7825\/revisions\/26052"}],"up":[{"embeddable":true,"href":"https:\/\/www.uhu.es\/etsi\/wp-json\/wp\/v2\/pages\/7815"}],"wp:attachment":[{"href":"https:\/\/www.uhu.es\/etsi\/wp-json\/wp\/v2\/media?parent=7825"}],"curies":[{"name":"wp","href":"https:\/\/api.w.org\/{rel}","templated":true}]}}