{"id":2163,"date":"2020-01-29T13:31:25","date_gmt":"2020-01-29T12:31:25","guid":{"rendered":"http:\/\/www.uhu.es\/rensma\/?page_id=2163"},"modified":"2024-02-22T11:41:10","modified_gmt":"2024-02-22T10:41:10","slug":"master-oficial-en-conservacion-de-la-biodiversidad","status":"publish","type":"page","link":"https:\/\/www.uhu.es\/rensma\/master-oficial-en-conservacion-de-la-biodiversidad\/","title":{"rendered":"Master Oficial en Conservaci\u00f3n de la Biodiversidad"},"content":{"rendered":"\n<figure class=\"wp-block-image\"><img decoding=\"async\" loading=\"lazy\" width=\"958\" height=\"174\" src=\"https:\/\/www.uhu.es\/rensma\/wp-content\/uploads\/2020\/01\/biodiversidad.jpg\" alt=\"\" class=\"wp-image-2162\" srcset=\"https:\/\/www.uhu.es\/rensma\/wp-content\/uploads\/2020\/01\/biodiversidad.jpg 958w, https:\/\/www.uhu.es\/rensma\/wp-content\/uploads\/2020\/01\/biodiversidad-300x54.jpg 300w, https:\/\/www.uhu.es\/rensma\/wp-content\/uploads\/2020\/01\/biodiversidad-768x139.jpg 768w\" sizes=\"(max-width: 958px) 100vw, 958px\" \/><\/figure>\n\n\n<ul>\n<li><b>Duraci\u00f3n del m\u00e1ster:<\/b> 60 cr\u00e9ditos ECTS<\/li>\n<li><b>Modalidad de ense\u00f1anza:<\/b> Presencial<\/li>\n<li><b>Lugar donde se imparte:<\/b> Facultad de Ciencias Experimentales<\/li>\n<li><b>Idioma en que se imparte:<\/b> Castellano<\/li>\n<li><b>N\u00famero de plazas de nuevo ingreso:<\/b> (por UHU) 25<\/li>\n<\/ul>\n<p>El M\u00e1ster en Conservaci\u00f3n de la Biodiversidad proporciona una ense\u00f1anza especializada, con un marcado contenido pr\u00e1ctico, en la diversidad biol\u00f3gica y la conservaci\u00f3n de las especies a trav\u00e9s de un conjunto original de puntos de vista sobre el problema de la sexta extinci\u00f3n. En \u00e9l se aborda el conocimiento m\u00e1s actual de la biodiversidad a diferentes niveles de organizaci\u00f3n, desde enfoques b\u00e1sicos o aplicados y siempre por medio de las t\u00e9cnicas m\u00e1s recientes (SIG, teledetecci\u00f3n, gen\u00e9tica molecular, estad\u00edstica avanzada, etc.). El objetivo \u00faltimo es dotar al estudiante de las herramientas pr\u00e1cticas y conceptuales m\u00e1s avanzadas para el desempe\u00f1o profesional inmediato, bien en investigaci\u00f3n, bien en gesti\u00f3n, tanto en la administraci\u00f3n p\u00fablica, como en cualquier entidad o empresa involucrada en proyectos de conservaci\u00f3n y restauraci\u00f3n de la biodiversidad.<\/p>\n<p>Est\u00e1 dirigido a titulados universitarios en Ciencias Ambientales, Geograf\u00eda, Biolog\u00eda, Bioqu\u00edmica, Farmacia, Geolog\u00eda, Qu\u00edmica, Veterinaria, Ciencias del Mar, Ingenieros de Montes, Forestales, Agr\u00f3nomos, Industriales, Qu\u00edmicos. Igualmente podr\u00e1n realizar el m\u00e1ster, cursando el complemento formativo adaptado a cada caso, titulados superiores en Ciencias Sociales y Jur\u00eddicas que est\u00e9n interesados en desarrollar su actividad profesional en cualquiera de las muchas manifestaciones que forman parte de la Biolog\u00eda de la Conservaci\u00f3n. Se recomienda, en todos los casos, poseer un m\u00ednimo de conocimientos naturalistas y biol\u00f3gicos, as\u00ed como inter\u00e9s en los problemas derivados de la crisis ambiental actual. Es igualmente importante el dominio de herramientas inform\u00e1ticas b\u00e1sicas, as\u00ed como de los principios matem\u00e1ticos y estad\u00edsticos generales.<\/p>\n<p>Salidas Profesionales: La I+D+i, llevada a cabo en Organismos P\u00fablicos de Investigaci\u00f3n, as\u00ed como en entidades y empresas privadas, ser\u00e1 la principal destinataria del personal formado en el m\u00e1ster, que permitir\u00e1 a los estudiantes alcanzar el nivel de expertos acreditados en Biolog\u00eda de la Conservaci\u00f3n y les facilitar\u00e1 incorporarse a programas de doctorado. Adem\u00e1s, el mercado laboral para el ejercicio profesional de los titulados en el m\u00e1ster cuenta con numerosos yacimientos de empleo, entre los que destacan: la administraci\u00f3n ambiental (Consejer\u00edas de Medio Ambiente y afines, Delegaciones Provinciales de las mismas, espacios naturales protegidos, administraci\u00f3n estatal y local, etc.); el tejido empresarial medioambiental, especialmente consultoras medioambientales; el sector de la educaci\u00f3n ambiental, tanto desde el \u00e1mbito privado, como del p\u00fablico; las ONGs de car\u00e1cter ambiental y su necesidad de personal altamente cualificado; otras empresas medioambientales de car\u00e1cter biotecnol\u00f3gico o de an\u00e1lisis, tanto de laboratorio, como territorial o de ingenier\u00eda; etc.<\/p>\n<p><b>Centro responsable:<\/b> Facultad de Ciencias Experimentales \/ <b>Tel\u00e9fono:<\/b> 959 21 94 63 <br \/><b>Director\/a del M\u00e1ster:<\/b> Dr. Jos\u00e9 Prenda Mar\u00edn \/ <b>Email:<\/b> jprenda@uhu.es<\/p>\n<p>Para m\u00e1s informaci\u00f3n sobre m\u00e1steres oficiales, planes de estudio, requisitos acad\u00e9micos, reconocimiento de cr\u00e9ditos&#8230; <br \/><b>E-mail:<\/b> info.masteres@uhu.es<\/p>\n<p><a href=\"https:\/\/www.uhu.es\/rensma\/wp-content\/uploads\/2020\/01\/MOF-Conservacion-de-la-Biodiversidad.pdf\" target=\"_blank\" rel=\"noopener noreferrer\"><img decoding=\"async\" loading=\"lazy\" class=\"alignright wp-image-2095\" src=\"https:\/\/www.uhu.es\/rensma\/wp-content\/uploads\/2020\/01\/ASIGNATURASROJO-1.jpg\" alt=\"\" width=\"210\" height=\"94\" \/><\/a><a href=\"http:\/\/uhu.es\/biodiversidad\/nuevaweb\/\" target=\"_blank\" rel=\"noopener noreferrer\"><img decoding=\"async\" loading=\"lazy\" class=\"alignright wp-image-2095\" src=\"https:\/\/www.uhu.es\/rensma\/wp-content\/uploads\/2020\/01\/web.jpg\" alt=\"\" width=\"210\" height=\"94\" \/><\/a><\/p>","protected":false},"excerpt":{"rendered":"<p>Duraci\u00f3n del m\u00e1ster: 60 cr\u00e9ditos ECTS Modalidad de ense\u00f1anza: Presencial Lugar donde se imparte: Facultad de Ciencias Experimentales Idioma en que se imparte: Castellano N\u00famero de plazas de nuevo ingreso: (por UHU) 25 El M\u00e1ster en Conservaci\u00f3n de la Biodiversidad proporciona una ense\u00f1anza especializada, con un marcado contenido pr\u00e1ctico, en la diversidad biol\u00f3gica y la &hellip;<\/p>\n<p class=\"read-more\"> <a class=\"\" href=\"https:\/\/www.uhu.es\/rensma\/master-oficial-en-conservacion-de-la-biodiversidad\/\"> <span class=\"screen-reader-text\">Master Oficial en Conservaci\u00f3n de la Biodiversidad<\/span> Leer m\u00e1s &raquo;<\/a><\/p>\n","protected":false},"author":2,"featured_media":0,"parent":0,"menu_order":0,"comment_status":"closed","ping_status":"closed","template":"","meta":{"site-sidebar-layout":"default","site-content-layout":"","ast-site-content-layout":"","site-content-style":"default","site-sidebar-style":"default","ast-global-header-display":"","ast-banner-title-visibility":"","ast-main-header-display":"","ast-hfb-above-header-display":"","ast-hfb-below-header-display":"","ast-hfb-mobile-header-display":"","site-post-title":"","ast-breadcrumbs-content":"","ast-featured-img":"","footer-sml-layout":"","theme-transparent-header-meta":"","adv-header-id-meta":"","stick-header-meta":"","header-above-stick-meta":"","header-main-stick-meta":"","header-below-stick-meta":"","astra-migrate-meta-layouts":"","footnotes":""},"_links":{"self":[{"href":"https:\/\/www.uhu.es\/rensma\/wp-json\/wp\/v2\/pages\/2163"}],"collection":[{"href":"https:\/\/www.uhu.es\/rensma\/wp-json\/wp\/v2\/pages"}],"about":[{"href":"https:\/\/www.uhu.es\/rensma\/wp-json\/wp\/v2\/types\/page"}],"author":[{"embeddable":true,"href":"https:\/\/www.uhu.es\/rensma\/wp-json\/wp\/v2\/users\/2"}],"replies":[{"embeddable":true,"href":"https:\/\/www.uhu.es\/rensma\/wp-json\/wp\/v2\/comments?post=2163"}],"version-history":[{"count":6,"href":"https:\/\/www.uhu.es\/rensma\/wp-json\/wp\/v2\/pages\/2163\/revisions"}],"predecessor-version":[{"id":4996,"href":"https:\/\/www.uhu.es\/rensma\/wp-json\/wp\/v2\/pages\/2163\/revisions\/4996"}],"wp:attachment":[{"href":"https:\/\/www.uhu.es\/rensma\/wp-json\/wp\/v2\/media?parent=2163"}],"curies":[{"name":"wp","href":"https:\/\/api.w.org\/{rel}","templated":true}]}}