{"id":536,"date":"2019-04-10T12:23:31","date_gmt":"2019-04-10T10:23:31","guid":{"rendered":"http:\/\/www.uhu.es\/rensma\/?page_id=536"},"modified":"2025-06-10T08:51:15","modified_gmt":"2025-06-10T06:51:15","slug":"proyectos-neuro","status":"publish","type":"page","link":"https:\/\/www.uhu.es\/rensma\/proyectos-neuro\/","title":{"rendered":"Proyectos"},"content":{"rendered":"\n<div class=\"wp-block-cover alignfull is-light\"><span aria-hidden=\"true\" class=\"wp-block-cover__background has-background-dim\"><\/span><img decoding=\"async\" loading=\"lazy\" width=\"940\" height=\"300\" class=\"wp-block-cover__image-background wp-image-806\" alt=\"\" src=\"https:\/\/www.uhu.es\/rensma\/wp-content\/uploads\/2019\/06\/Slider.jpg\" data-object-fit=\"cover\" srcset=\"https:\/\/www.uhu.es\/rensma\/wp-content\/uploads\/2019\/06\/Slider.jpg 940w, https:\/\/www.uhu.es\/rensma\/wp-content\/uploads\/2019\/06\/Slider-300x96.jpg 300w, https:\/\/www.uhu.es\/rensma\/wp-content\/uploads\/2019\/06\/Slider-768x245.jpg 768w\" sizes=\"(max-width: 940px) 100vw, 940px\" \/><div class=\"wp-block-cover__inner-container is-layout-constrained wp-block-cover-is-layout-constrained\">\n<p class=\"has-text-align-center has-large-font-size\"><\/p>\n\n\n\n<div style=\"height:100px\" aria-hidden=\"true\" class=\"wp-block-spacer\"><\/div>\n<\/div><\/div>\n\n\n\n<h1 class=\"wp-block-heading has-text-align-center\" style=\"margin-top:var(--wp--preset--spacing--70)\">Proyecto<\/h1>\n\n\n\n<h3 class=\"wp-block-heading has-text-align-center\" style=\"text-transform:capitalize\"><strong>Unidad de Epidemiolog\u00eda Cl\u00ednica, Ambiental y Transformaci\u00f3n Social<\/strong><\/h3>\n\n\n\n<div class=\"wp-block-columns is-layout-flex wp-container-6 wp-block-columns-is-layout-flex\">\n<div class=\"wp-block-column is-layout-flow wp-block-column-is-layout-flow\" style=\"flex-basis:33.33%\">\n<p class=\"has-ast-global-color-5-color has-ast-global-color-0-background-color has-text-color has-background\">Men\u00fa laboratorio<\/p>\n\n\n<nav class=\" is-vertical wp-block-navigation is-layout-flex wp-container-3 wp-block-navigation-is-layout-flex\" aria-label=\"Menu NEURO\"><ul class=\"wp-block-navigation__container  is-vertical wp-block-navigation\"><li class=\" wp-block-navigation-item wp-block-navigation-link\"><a class=\"wp-block-navigation-item__content\"  href=\"https:\/\/www.uhu.es\/rensma\/presentacion-neuro\/\"><span class=\"wp-block-navigation-item__label\">Presentaci\u00f3n<\/span><\/a><\/li><li class=\" wp-block-navigation-item wp-block-navigation-link\"><a class=\"wp-block-navigation-item__content\"  href=\"https:\/\/www.uhu.es\/rensma\/lineas-de-investigacion-neuro\/\"><span class=\"wp-block-navigation-item__label\">L\u00edneas de Investigaci\u00f3n<\/span><\/a><\/li><li class=\" wp-block-navigation-item wp-block-navigation-link\"><a class=\"wp-block-navigation-item__content\"  href=\"https:\/\/www.uhu.es\/rensma\/miembros-neuro\/\"><span class=\"wp-block-navigation-item__label\">Miembros<\/span><\/a><\/li><li class=\" wp-block-navigation-item wp-block-navigation-link\"><a class=\"wp-block-navigation-item__content\"  href=\"https:\/\/www.uhu.es\/rensma\/proyectos-neuro\/\"><span class=\"wp-block-navigation-item__label\">Proyectos<\/span><\/a><\/li><li class=\" wp-block-navigation-item wp-block-navigation-link\"><a class=\"wp-block-navigation-item__content\"  href=\"https:\/\/www.uhu.es\/rensma\/publicaciones-neuro\/\"><span class=\"wp-block-navigation-item__label\">Publicaciones<\/span><\/a><\/li><li class=\" wp-block-navigation-item wp-block-navigation-link\"><a class=\"wp-block-navigation-item__content\"  href=\"https:\/\/www.uhu.es\/rensma\/infraestructuras-neuro\/\"><span class=\"wp-block-navigation-item__label\">Infraestructuras<\/span><\/a><\/li><li class=\" wp-block-navigation-item wp-block-navigation-link\"><a class=\"wp-block-navigation-item__content\"  href=\"https:\/\/www.uhu.es\/rensma\/colaboraciones-neuro\/\"><span class=\"wp-block-navigation-item__label\">Colaboraciones<\/span><\/a><\/li><li class=\" wp-block-navigation-item wp-block-navigation-link\"><a class=\"wp-block-navigation-item__content\"  href=\"https:\/\/www.uhu.es\/rensma\"><span class=\"wp-block-navigation-item__label\">\u226a Volver &#8230;<\/span><\/a><\/li><\/ul><\/nav><\/div>\n\n\n\n<div class=\"wp-block-column is-layout-flow wp-block-column-is-layout-flow\" style=\"flex-basis:66.66%\">\n<h2 class=\"wp-block-heading\"><strong>Proyectos competitivos<\/strong><\/h2>\n\n\n\n<div class=\"wp-block-pb-accordion-item c-accordion__item js-accordion-item no-js\" data-initially-open=\"false\" data-click-to-close=\"true\" data-auto-close=\"true\" data-scroll=\"false\" data-scroll-offset=\"0\"><h3 id=\"at-5360\" class=\"c-accordion__title js-accordion-controller\" role=\"button\">1. Factores asociados a la duraci\u00f3n de intervalos de tiempo relacionados con la calidad del proceso asistencial de c\u00e1ncer de mama en la provincia de Huelva.<\/h3><div id=\"ac-5360\" class=\"c-accordion__content\">\n<p><strong>C\u00f3digo:<\/strong>&nbsp;PI17\/02286<br><strong>\u00c1mbito del proyecto:<\/strong>&nbsp;Nacional<br><strong>Programa financiador:<\/strong>&nbsp;Acci\u00f3n Estrat\u00e9gica en Salud 2013-2016, del Programa Estatal de Investigaci\u00f3n Orientada a los Retos de la Sociedad<br><strong>Entidad financiadora:<\/strong>&nbsp;Ministerio De Econom\u00eda Y Competitividad<br><strong>Responsable:<\/strong>&nbsp;Alguacil-Ojeda, Juan<br><strong>Fecha inicio:<\/strong>&nbsp;01\/01\/2018;&nbsp;<strong>Fecha fin:<\/strong>&nbsp;31\/12\/2020<br><strong>Cuant\u00eda total:<\/strong>&nbsp;31.460,00 \u20ac<\/p>\n<\/div><\/div>\n\n\n\n<div class=\"wp-block-pb-accordion-item c-accordion__item js-accordion-item no-js\" data-initially-open=\"false\" data-click-to-close=\"true\" data-auto-close=\"true\" data-scroll=\"false\" data-scroll-offset=\"0\"><h3 id=\"at-5361\" class=\"c-accordion__title js-accordion-controller\" role=\"button\">2. Estudio longitudinal de una nueva bater\u00eda neuropsicol\u00f3gica para la prevenci\u00f3n de reca\u00eddas de pacientes con trastorno por consumo de alcohol y coca\u00edna: estudio de precisi\u00f3n y evidencias de validez.<\/h3><div id=\"ac-5361\" class=\"c-accordion__content\">\n<p><strong>C\u00f3digo:<\/strong>&nbsp;PSI2016-79368-R<br><strong>\u00c1mbito del proyecto:<\/strong>&nbsp;Nacional<br><strong>Programa financiador:<\/strong>&nbsp;PROGRAMA RETOS I+D+I<br><strong>Entidad financiadora:<\/strong>&nbsp;Ministerio De Econom\u00eda Y Competitividad<br><strong>Responsable:<\/strong>&nbsp;Lozano-Rojas, Oscar M.<br><strong>Fecha inicio:<\/strong>&nbsp;01\/01\/2017;&nbsp;<strong>Fecha fin:<\/strong>&nbsp;31\/12\/2019<br><strong>Cuant\u00eda total:<\/strong>&nbsp;27.830,00 \u20ac<\/p>\n<\/div><\/div>\n\n\n\n<div class=\"wp-block-pb-accordion-item c-accordion__item js-accordion-item no-js\" data-initially-open=\"false\" data-click-to-close=\"true\" data-auto-close=\"true\" data-scroll=\"false\" data-scroll-offset=\"0\"><h3 id=\"at-5362\" class=\"c-accordion__title js-accordion-controller\" role=\"button\">3. Plataforma Instrumental para Metabol\u00f3mica de la Universidad de Huelva.<\/h3><div id=\"ac-5362\" class=\"c-accordion__content\">\n<p><strong>C\u00f3digo:<\/strong>&nbsp;UNHU15-CE-3140<br><strong>\u00c1mbito del proyecto:<\/strong>&nbsp;Nacional<br><strong>Programa financiador:<\/strong>&nbsp;Infraestructuras y Equipamiento Cientifico-T\u00e9cnico<br><strong>Entidad financiadora:<\/strong>&nbsp;Ministerio De Econom\u00eda Y Competitividad<br><strong>Responsable:<\/strong>&nbsp;G\u00f3mez-Ariza, Jose Luis<br><strong>Fecha inicio:<\/strong>&nbsp;01\/01\/2016;&nbsp;<strong>Fecha fin:<\/strong>&nbsp;31\/12\/2017<br><strong>Cuant\u00eda total:<\/strong>&nbsp;448.042,00 \u20ac<\/p>\n<\/div><\/div>\n\n\n\n<div class=\"wp-block-pb-accordion-item c-accordion__item js-accordion-item no-js\" data-initially-open=\"false\" data-click-to-close=\"true\" data-auto-close=\"true\" data-scroll=\"false\" data-scroll-offset=\"0\"><h3 id=\"at-5363\" class=\"c-accordion__title js-accordion-controller\" role=\"button\">4. Industrially Contaminated Sites and Health Network (ICSHNet).<\/h3><div id=\"ac-5363\" class=\"c-accordion__content\">\n<p><strong>C\u00f3digo:<\/strong>&nbsp;COST-IS1408<br><strong>\u00c1mbito del proyecto:<\/strong>&nbsp;Europea<br><strong>Programa financiador:<\/strong>&nbsp;European Cooperation in the field of Scientific and Technical Research \u2013 COST \u2013<br><strong>Entidad financiadora:<\/strong>&nbsp;EUROPEAN UNION<br><strong>Responsable:<\/strong>&nbsp;Martin-Olmedo, Piedad<br><strong>Fecha inicio:<\/strong>&nbsp;29\/04\/2015;&nbsp;<strong>Fecha fin:<\/strong>&nbsp;28\/04\/2019<br><strong>Cuant\u00eda total:<\/strong>&nbsp;133.958,00 \u20ac<\/p>\n<\/div><\/div>\n\n\n\n<div class=\"wp-block-pb-accordion-item c-accordion__item js-accordion-item no-js\" data-initially-open=\"false\" data-click-to-close=\"true\" data-auto-close=\"true\" data-scroll=\"false\" data-scroll-offset=\"0\"><h3 id=\"at-5364\" class=\"c-accordion__title js-accordion-controller\" role=\"button\">5. Cohorte Din\u00e1mica de Estudiantes universitarios para el estudio del consumo de drogas y otras adicciones. UNIHCOS.<\/h3><div id=\"ac-5364\" class=\"c-accordion__content\">\n<p><strong>C\u00f3digo:<\/strong>&nbsp;2013\/I034<br><strong>\u00c1mbito del proyecto:<\/strong>&nbsp;Nacional<br><strong>Programa financiador:<\/strong>&nbsp;Plan Nacional Contra Drogas. Secretar\u00eda de Estado de Servicios Sociales e Igualdad<br><strong>Entidad financiadora:<\/strong>&nbsp;Plan Nacional Contra Drogas. Secretar\u00eda de Estado de Servicios Sociales e Igualdad<br><strong>Responsable:<\/strong>&nbsp;Martin-sanchez, Vicente<br><strong>Fecha inicio:<\/strong>&nbsp;10\/12\/2013;&nbsp;<strong>Fecha fin:<\/strong>&nbsp;31\/12\/2015<br><strong>Cuant\u00eda total:<\/strong>&nbsp;78.878,00 \u20ac<\/p>\n<\/div><\/div>\n\n\n\n<div class=\"wp-block-pb-accordion-item c-accordion__item js-accordion-item no-js\" data-initially-open=\"false\" data-click-to-close=\"true\" data-auto-close=\"true\" data-scroll=\"false\" data-scroll-offset=\"0\"><h3 id=\"at-5365\" class=\"c-accordion__title js-accordion-controller\" role=\"button\">6. Asociaci\u00f3n entre exposici\u00f3n laboral y c\u00e1ncer en el estudio MultiCaso-Control sobre C\u00e1ncer MCC-Spain.<\/h3><div id=\"ac-5365\" class=\"c-accordion__content\">\n<p><strong>C\u00f3digo:<\/strong>&nbsp;PI12\/00265<br><strong>\u00c1mbito del proyecto:<\/strong>&nbsp;Nacional<br><strong>Programa financiador:<\/strong>&nbsp;Proyectos de Investigaci\u00f3n en Salud<br><strong>Entidad financiadora:<\/strong>&nbsp;Ministerio De Econom\u00eda Y Competitividad<br><strong>Responsable:<\/strong>&nbsp;Alguacil-Ojeda, Juan<br><strong>Fecha inicio:<\/strong>&nbsp;01\/01\/2013;&nbsp;<strong>Fecha fin:<\/strong>&nbsp;31\/12\/2015<br><strong>Cuant\u00eda total:<\/strong>&nbsp;32.065,00 \u20ac<\/p>\n<\/div><\/div>\n\n\n\n<div class=\"wp-block-pb-accordion-item c-accordion__item js-accordion-item no-js\" data-initially-open=\"false\" data-click-to-close=\"true\" data-auto-close=\"true\" data-scroll=\"false\" data-scroll-offset=\"0\"><h3 id=\"at-5366\" class=\"c-accordion__title js-accordion-controller\" role=\"button\">7. Asociaci\u00f3n entre exposici\u00f3n laboral y c\u00e1ncer en el estudio MultiCaso-Control sobre C\u00e1ncer MCC-Spain.<\/h3><div id=\"ac-5366\" class=\"c-accordion__content\">\n<p><strong>C\u00f3digo:<\/strong>&nbsp;PI12\/00265<br><strong>\u00c1mbito del proyecto:<\/strong>&nbsp;Nacional<br><strong>Programa financiador:<\/strong>&nbsp;Ministerio De Econom\u00eda Y Competitividad<br><strong>Entidad financiadora:<\/strong>&nbsp;Ministerio De Econom\u00eda Y Competitividad<br><strong>Responsable:<\/strong>&nbsp;Alguacil-Ojeda, Juan<br><strong>Fecha inicio:<\/strong>&nbsp;24\/10\/2012;&nbsp;<strong>Fecha fin:<\/strong>&nbsp;31\/12\/2015<br><strong>Cuant\u00eda total:<\/strong>&nbsp;32.065,00 \u20ac<\/p>\n<\/div><\/div>\n\n\n\n<div class=\"wp-block-pb-accordion-item c-accordion__item js-accordion-item no-js\" data-initially-open=\"false\" data-click-to-close=\"true\" data-auto-close=\"true\" data-scroll=\"false\" data-scroll-offset=\"0\"><h3 id=\"at-5367\" class=\"c-accordion__title js-accordion-controller\" role=\"button\">8. Estudio de los cambios que experimentan con el envejecimiento las rutas que promueven la supervivencia celular y la inflamaci\u00f3n cerebral: modulaci\u00f3n de las mismas para conseguir un envejecimiento saludable y minimizar la neurodegeneracion.<\/h3><div id=\"ac-5367\" class=\"c-accordion__content\">\n<p><strong>C\u00f3digo:<\/strong>&nbsp;P09-CTS-5244; 2010<br><strong>\u00c1mbito del proyecto:<\/strong>&nbsp;\u2013<br><strong>Programa financiador:<\/strong>&nbsp;Junta de Andaluc\u00eda<br><strong>Entidad financiadora:<\/strong>&nbsp;Junta de Andaluc\u00eda<br><strong>Responsable:<\/strong>&nbsp;Machado-De La Quintana, Alberto<br><strong>Fecha inicio:<\/strong>&nbsp;03\/03\/2011;&nbsp;<strong>Fecha fin:<\/strong>&nbsp;03\/03\/2015<br><strong>Cuant\u00eda total:<\/strong>&nbsp;\u2013<\/p>\n<\/div><\/div>\n<\/div>\n<\/div>\n\n\n\n<div style=\"height:100px\" aria-hidden=\"true\" class=\"wp-block-spacer\"><\/div>\n","protected":false},"excerpt":{"rendered":"<p>Proyecto Unidad de Epidemiolog\u00eda Cl\u00ednica, Ambiental y Transformaci\u00f3n Social Proyectos competitivos<\/p>\n","protected":false},"author":2,"featured_media":0,"parent":0,"menu_order":0,"comment_status":"closed","ping_status":"closed","template":"","meta":{"site-sidebar-layout":"default","site-content-layout":"","ast-site-content-layout":"","site-content-style":"default","site-sidebar-style":"default","ast-global-header-display":"","ast-banner-title-visibility":"","ast-main-header-display":"","ast-hfb-above-header-display":"","ast-hfb-below-header-display":"","ast-hfb-mobile-header-display":"","site-post-title":"","ast-breadcrumbs-content":"","ast-featured-img":"","footer-sml-layout":"","theme-transparent-header-meta":"","adv-header-id-meta":"","stick-header-meta":"","header-above-stick-meta":"","header-main-stick-meta":"","header-below-stick-meta":"","astra-migrate-meta-layouts":"","footnotes":""},"_links":{"self":[{"href":"https:\/\/www.uhu.es\/rensma\/wp-json\/wp\/v2\/pages\/536"}],"collection":[{"href":"https:\/\/www.uhu.es\/rensma\/wp-json\/wp\/v2\/pages"}],"about":[{"href":"https:\/\/www.uhu.es\/rensma\/wp-json\/wp\/v2\/types\/page"}],"author":[{"embeddable":true,"href":"https:\/\/www.uhu.es\/rensma\/wp-json\/wp\/v2\/users\/2"}],"replies":[{"embeddable":true,"href":"https:\/\/www.uhu.es\/rensma\/wp-json\/wp\/v2\/comments?post=536"}],"version-history":[{"count":10,"href":"https:\/\/www.uhu.es\/rensma\/wp-json\/wp\/v2\/pages\/536\/revisions"}],"predecessor-version":[{"id":6098,"href":"https:\/\/www.uhu.es\/rensma\/wp-json\/wp\/v2\/pages\/536\/revisions\/6098"}],"wp:attachment":[{"href":"https:\/\/www.uhu.es\/rensma\/wp-json\/wp\/v2\/media?parent=536"}],"curies":[{"name":"wp","href":"https:\/\/api.w.org\/{rel}","templated":true}]}}